{"version":"1.0","provider_name":"Tofana Cortina","provider_url":"https:\/\/www.freccianelcielo.com\/de\/","title":"Skiraum &amp; Verleih - Tofana Cortina | Freccia nel Cielo","type":"rich","width":600,"height":338,"html":"<blockquote class=\"wp-embedded-content\" data-secret=\"GTU7GfpoU1\"><a href=\"https:\/\/www.freccianelcielo.com\/de\/wintererlebnisse\/ausruestungsverleih-tofana\/\">Skiraum &amp; Verleih<\/a><\/blockquote><iframe sandbox=\"allow-scripts\" security=\"restricted\" src=\"https:\/\/www.freccianelcielo.com\/de\/wintererlebnisse\/ausruestungsverleih-tofana\/embed\/#?secret=GTU7GfpoU1\" width=\"600\" height=\"338\" title=\"&#8222;Skiraum &amp; Verleih&#8220; &#8211; Tofana Cortina\" data-secret=\"GTU7GfpoU1\" frameborder=\"0\" marginwidth=\"0\" marginheight=\"0\" scrolling=\"no\" class=\"wp-embedded-content\"><\/iframe><script>\n\/*! This file is auto-generated *\/\n!function(d,l){\"use strict\";l.querySelector&&d.addEventListener&&\"undefined\"!=typeof URL&&(d.wp=d.wp||{},d.wp.receiveEmbedMessage||(d.wp.receiveEmbedMessage=function(e){var t=e.data;if((t||t.secret||t.message||t.value)&&!\/[^a-zA-Z0-9]\/.test(t.secret)){for(var s,r,n,a=l.querySelectorAll('iframe[data-secret=\"'+t.secret+'\"]'),o=l.querySelectorAll('blockquote[data-secret=\"'+t.secret+'\"]'),c=new RegExp(\"^https?:$\",\"i\"),i=0;i<o.length;i++)o[i].style.display=\"none\";for(i=0;i<a.length;i++)s=a[i],e.source===s.contentWindow&&(s.removeAttribute(\"style\"),\"height\"===t.message?(1e3<(r=parseInt(t.value,10))?r=1e3:~~r<200&&(r=200),s.height=r):\"link\"===t.message&&(r=new URL(s.getAttribute(\"src\")),n=new URL(t.value),c.test(n.protocol))&&n.host===r.host&&l.activeElement===s&&(d.top.location.href=t.value))}},d.addEventListener(\"message\",d.wp.receiveEmbedMessage,!1),l.addEventListener(\"DOMContentLoaded\",function(){for(var e,t,s=l.querySelectorAll(\"iframe.wp-embedded-content\"),r=0;r<s.length;r++)(t=(e=s[r]).getAttribute(\"data-secret\"))||(t=Math.random().toString(36).substring(2,12),e.src+=\"#?secret=\"+t,e.setAttribute(\"data-secret\",t)),e.contentWindow.postMessage({message:\"ready\",secret:t},\"*\")},!1)))}(window,document);\n\/\/# sourceURL=https:\/\/www.freccianelcielo.com\/wp-includes\/js\/wp-embed.min.js\n<\/script>\n","thumbnail_url":"https:\/\/www.freccianelcielo.com\/wp-content\/uploads\/2024\/12\/18-Tofana-Freccia-nel-Cielo-Skiroom-LOW-\u00a9manazproductions-scaled.jpg","thumbnail_width":2560,"thumbnail_height":1708,"description":"Skiraum &amp; Verleih WINTERSAISON 2026\/27 Ge\u00f6ffnet vom 5. Dezember 2025 bis 12. April 2026. An der Talstation der Seilbahn Freccia nel Cielo im Zentrum von Cortina d\u2019Ampezzo (Via dello Stadio, 12) und neben dem gro\u00dfen Tofana-Parkplatz, finden Sie alles, was Sie f\u00fcr Ihren Skitag brauchen: Skip\u00e4sse, die Sie an den Kassen kaufen k\u00f6nnen, Ausr\u00fcstungsverleih und [&hellip;]"}