{"id":3800,"date":"2023-01-26T17:49:32","date_gmt":"2023-01-26T16:49:32","guid":{"rendered":"https:\/\/www.freccianelcielo.com\/?page_id=3800"},"modified":"2026-04-13T10:30:52","modified_gmt":"2026-04-13T08:30:52","slug":"bike","status":"publish","type":"page","link":"https:\/\/www.freccianelcielo.com\/de\/sommererlebnisse\/bike\/","title":{"rendered":"Cortina Bike Park Dolomiti"},"content":{"rendered":"\t\t<div data-elementor-type=\"wp-page\" data-elementor-id=\"3800\" class=\"elementor elementor-3800 elementor-1224\" data-elementor-post-type=\"page\">\n\t\t\t\t\t\t<section class=\"elementor-section elementor-top-section elementor-element elementor-element-efd5266 elementor-section-height-min-height elementor-section-items-bottom elementor-section-boxed elementor-section-height-default\" data-id=\"efd5266\" data-element_type=\"section\" data-e-type=\"section\" data-settings=\"{&quot;jet_parallax_layout_list&quot;:[],&quot;background_background&quot;:&quot;classic&quot;}\">\n\t\t\t\t\t\t\t<div class=\"elementor-background-overlay\"><\/div>\n\t\t\t\t\t\t\t<div class=\"elementor-container elementor-column-gap-default\">\n\t\t\t\t\t<div class=\"elementor-column elementor-col-100 elementor-top-column elementor-element elementor-element-4e74b93 animated-slow elementor-invisible\" data-id=\"4e74b93\" data-element_type=\"column\" data-e-type=\"column\" data-settings=\"{&quot;animation&quot;:&quot;fadeIn&quot;,&quot;animation_delay&quot;:1000}\">\n\t\t\t<div class=\"elementor-widget-wrap elementor-element-populated\">\n\t\t\t\t\t\t<div class=\"elementor-element elementor-element-1601734 elementor-hidden-mobile elementor-widget elementor-widget-breadcrumbs\" data-id=\"1601734\" data-element_type=\"widget\" data-e-type=\"widget\" data-widget_type=\"breadcrumbs.default\">\n\t\t\t\t<div class=\"elementor-widget-container\">\n\t\t\t\t\t<p id=\"breadcrumbs\"><span><span><a href=\"https:\/\/www.freccianelcielo.com\/de\/home\/\">Home<\/a><\/span><\/span><\/p>\t\t\t\t<\/div>\n\t\t\t\t<\/div>\n\t\t\t\t\t<\/div>\n\t\t<\/div>\n\t\t\t\t\t<\/div>\n\t\t<\/section>\n\t\t\t\t<section class=\"elementor-section elementor-top-section elementor-element elementor-element-cf8a581 elementor-section-boxed elementor-section-height-default elementor-section-height-default\" data-id=\"cf8a581\" data-element_type=\"section\" data-e-type=\"section\" data-settings=\"{&quot;jet_parallax_layout_list&quot;:[]}\">\n\t\t\t\t\t\t<div class=\"elementor-container elementor-column-gap-default\">\n\t\t\t\t\t<div class=\"elementor-column elementor-col-100 elementor-top-column elementor-element elementor-element-8b1d9d9 animated-slow elementor-invisible\" data-id=\"8b1d9d9\" data-element_type=\"column\" data-e-type=\"column\" data-settings=\"{&quot;animation&quot;:&quot;fadeInUp&quot;,&quot;animation_delay&quot;:300}\">\n\t\t\t<div class=\"elementor-widget-wrap elementor-element-populated\">\n\t\t\t\t\t\t<div class=\"elementor-element elementor-element-fc6eff7 elementor-widget elementor-widget-heading\" data-id=\"fc6eff7\" data-element_type=\"widget\" data-e-type=\"widget\" data-widget_type=\"heading.default\">\n\t\t\t\t<div class=\"elementor-widget-container\">\n\t\t\t\t\t<h2 class=\"elementor-heading-title elementor-size-default\">SOMMERSAISON 2026<\/h2>\t\t\t\t<\/div>\n\t\t\t\t<\/div>\n\t\t\t\t<div class=\"elementor-element elementor-element-ccb9d77 elementor-widget elementor-widget-heading\" data-id=\"ccb9d77\" data-element_type=\"widget\" data-e-type=\"widget\" data-widget_type=\"heading.default\">\n\t\t\t\t<div class=\"elementor-widget-container\">\n\t\t\t\t\t<h2 class=\"elementor-heading-title elementor-size-default\">13. Juni 2026 | 27. September 2026<\/h2>\t\t\t\t<\/div>\n\t\t\t\t<\/div>\n\t\t\t\t\t<\/div>\n\t\t<\/div>\n\t\t\t\t\t<\/div>\n\t\t<\/section>\n\t\t\t\t<section class=\"elementor-section elementor-top-section elementor-element elementor-element-b980930 elementor-section-boxed elementor-section-height-default elementor-section-height-default\" data-id=\"b980930\" data-element_type=\"section\" data-e-type=\"section\" data-settings=\"{&quot;jet_parallax_layout_list&quot;:[]}\">\n\t\t\t\t\t\t<div class=\"elementor-container elementor-column-gap-default\">\n\t\t\t\t\t<div class=\"elementor-column elementor-col-100 elementor-top-column elementor-element elementor-element-cefa19a\" data-id=\"cefa19a\" data-element_type=\"column\" data-e-type=\"column\">\n\t\t\t<div class=\"elementor-widget-wrap elementor-element-populated\">\n\t\t\t\t\t\t<div class=\"elementor-element elementor-element-86f017e elementor-widget elementor-widget-heading\" data-id=\"86f017e\" data-element_type=\"widget\" data-e-type=\"widget\" data-widget_type=\"heading.default\">\n\t\t\t\t<div class=\"elementor-widget-container\">\n\t\t\t\t\t<h3 class=\"elementor-heading-title elementor-size-default\">CORTINA BIKE PARK DOLOMITI<\/h3>\t\t\t\t<\/div>\n\t\t\t\t<\/div>\n\t\t\t\t<div class=\"elementor-element elementor-element-4ae7c80 elementor-widget elementor-widget-text-editor\" data-id=\"4ae7c80\" data-element_type=\"widget\" data-e-type=\"widget\" data-widget_type=\"text-editor.default\">\n\t\t\t\t<div class=\"elementor-widget-container\">\n\t\t\t\t\t\t\t\t\t<p>In Cortina d\u2019Ampezzo ist der <strong>Cortina Bike Park Dolomiti<\/strong> Teil des Veneto Bike Park-Kreislaufs und befindet sich in der Gegend von Socrepes und in Tofana; Es ist mit unseren Liften und mit der Seilbahn Freccia nel Cielo mit sehr bequemer Abfahrt vom Zentrum von Cortina erreichbar. Flow, klassische und technische Routen mit unterschiedlichen Schwierigkeitsgraden, konzipiert f\u00fcr Anf\u00e4nger und Experten, Adrenalinliebhaber.<\/p>\t\t\t\t\t\t\t\t<\/div>\n\t\t\t\t<\/div>\n\t\t\t\t<div class=\"elementor-element elementor-element-e43acd0 elementor-widget elementor-widget-text-editor\" data-id=\"e43acd0\" data-element_type=\"widget\" data-e-type=\"widget\" data-widget_type=\"text-editor.default\">\n\t\t\t\t<div class=\"elementor-widget-container\">\n\t\t\t\t\t\t\t\t\t<p><span style=\"font-style: inherit; font-weight: inherit; color: var( --e-global-color-text ); font-family: var( --e-global-typography-text-font-family ), Sans-serif; background-color: var(--ast-global-color-5);\">Ista Spa und Tofana Freccia Nel Cielo tun sich zusammen! Das Ziel? Alle Strecken auf beiden Seiten zu einem einzigen Bike Park zu vereinen, dem Cortina Bike Park Dolomiti, einem starken und wettbewerbsf\u00e4higen Tourismusprodukt. Mit dem Ziel, die Welt des Gravity-, Downhill- und Mountainbikes gemeinsam zu f\u00f6rdern, werden die beiden Unternehmen einen einzigen Pass schaffen und so das touristische Angebot im Sommer erweitern und das Gebiet von Ampezzo noch mehr aufwerten. Die beiden Pisten werden n\u00e4mlich durch die Verbindungsstrecken zwischen Pi\u00e8 Tofana und Col Drusci\u00e8 miteinander verbunden sein.    <\/span><\/p>\t\t\t\t\t\t\t\t<\/div>\n\t\t\t\t<\/div>\n\t\t\t\t<div class=\"elementor-element elementor-element-1ebf7c0 animated-slow elementor-hidden-desktop elementor-hidden-tablet elementor-hidden-mobile elementor-invisible elementor-widget elementor-widget-heading\" data-id=\"1ebf7c0\" data-element_type=\"widget\" data-e-type=\"widget\" data-settings=\"{&quot;_animation&quot;:&quot;fadeInUp&quot;}\" data-widget_type=\"heading.default\">\n\t\t\t\t<div class=\"elementor-widget-container\">\n\t\t\t\t\t<h3 class=\"elementor-heading-title elementor-size-default\">Sommer 2025<\/h3>\t\t\t\t<\/div>\n\t\t\t\t<\/div>\n\t\t\t\t<div class=\"elementor-element elementor-element-cbac1e6 animated-slow elementor-hidden-desktop elementor-hidden-tablet elementor-hidden-mobile elementor-invisible elementor-widget elementor-widget-text-editor\" data-id=\"cbac1e6\" data-element_type=\"widget\" data-e-type=\"widget\" data-settings=\"{&quot;_animation&quot;:&quot;fadeInUp&quot;}\" data-widget_type=\"text-editor.default\">\n\t\t\t\t<div class=\"elementor-widget-container\">\n\t\t\t\t\t\t\t\t\t<p>Trotz des Beginns wichtiger Arbeiten auf Seiten der ISTA S.p.A. werden alle Hauptaktivit\u00e4ten des Cortina Bike Park Dolomiti durch alternative und konkrete L\u00f6sungen gew\u00e4hrleistet. In den letzten Jahren haben beide Unternehmen erheblich in die Entwicklung, Instandhaltung und Erweiterung der Infrastruktur des Cortina Bike Park Dolomiti investiert, um Erlebnisse zu bieten, die der au\u00dfergew\u00f6hnlichen Landschaft der Dolomiten gerecht werden. <\/p><p>Auch f\u00fcr die Saison 2025 bleibt es trotz einer wichtigen \u00dcbergangsphase das vorrangige Ziel, die Welt des Radsports in Cortina d&#8217;Ampezzo fortzuf\u00fchren, in dem Bewusstsein, dass jede aktuelle Entscheidung eine konkrete Investition in die Zukunft darstellt.<\/p><p><b>Vor\u00fcbergehend gesperrte Strecken: Over The Top | Fire Fox | G-Force<\/b><\/p>\t\t\t\t\t\t\t\t<\/div>\n\t\t\t\t<\/div>\n\t\t\t\t<div class=\"elementor-element elementor-element-9e2461f animated-slow elementor-invisible elementor-widget elementor-widget-gallery\" data-id=\"9e2461f\" data-element_type=\"widget\" data-e-type=\"widget\" data-settings=\"{&quot;aspect_ratio&quot;:&quot;1:1&quot;,&quot;image_hover_animation&quot;:&quot;grow&quot;,&quot;_animation&quot;:&quot;fadeInUp&quot;,&quot;lazyload&quot;:&quot;yes&quot;,&quot;gallery_layout&quot;:&quot;grid&quot;,&quot;columns&quot;:4,&quot;columns_tablet&quot;:2,&quot;columns_mobile&quot;:1,&quot;gap&quot;:{&quot;unit&quot;:&quot;px&quot;,&quot;size&quot;:10,&quot;sizes&quot;:[]},&quot;gap_tablet&quot;:{&quot;unit&quot;:&quot;px&quot;,&quot;size&quot;:10,&quot;sizes&quot;:[]},&quot;gap_mobile&quot;:{&quot;unit&quot;:&quot;px&quot;,&quot;size&quot;:10,&quot;sizes&quot;:[]},&quot;link_to&quot;:&quot;file&quot;,&quot;overlay_background&quot;:&quot;yes&quot;,&quot;content_hover_animation&quot;:&quot;fade-in&quot;}\" data-widget_type=\"gallery.default\">\n\t\t\t\t<div class=\"elementor-widget-container\">\n\t\t\t\t\t\t\t<div class=\"elementor-gallery__container\">\n\t\t\t\t\t\t\t<a class=\"e-gallery-item elementor-gallery-item elementor-animated-content\" href=\"https:\/\/www.freccianelcielo.com\/wp-content\/uploads\/2023\/02\/percorso-410-1.webp\" data-elementor-open-lightbox=\"yes\" data-elementor-lightbox-slideshow=\"9e2461f\" data-elementor-lightbox-title=\"percorso-410-1\" data-e-action-hash=\"#elementor-action%3Aaction%3Dlightbox%26settings%3DeyJpZCI6MjkwOCwidXJsIjoiaHR0cHM6XC9cL3d3dy5mcmVjY2lhbmVsY2llbG8uY29tXC93cC1jb250ZW50XC91cGxvYWRzXC8yMDIzXC8wMlwvcGVyY29yc28tNDEwLTEud2VicCIsInNsaWRlc2hvdyI6IjllMjQ2MWYifQ%3D%3D\">\n\t\t\t\t\t<div class=\"e-gallery-image elementor-gallery-item__image\" data-thumbnail=\"https:\/\/www.freccianelcielo.com\/wp-content\/uploads\/2023\/02\/percorso-410-1.webp\" data-width=\"933\" data-height=\"1400\" aria-label=\"\" role=\"img\" ><\/div>\n\t\t\t\t\t\t\t\t\t\t\t<div class=\"elementor-gallery-item__overlay\"><\/div>\n\t\t\t\t\t\t\t\t\t\t\t\t\t\t<\/a>\n\t\t\t\t\t\t\t<a class=\"e-gallery-item elementor-gallery-item elementor-animated-content\" href=\"https:\/\/www.freccianelcielo.com\/wp-content\/uploads\/2023\/07\/IMG_20230708_114425-scaled-e1690358843411.jpg\" data-elementor-open-lightbox=\"yes\" data-elementor-lightbox-slideshow=\"9e2461f\" data-elementor-lightbox-title=\"IMG_20230708_114425\" data-e-action-hash=\"#elementor-action%3Aaction%3Dlightbox%26settings%3DeyJpZCI6NzM3OSwidXJsIjoiaHR0cHM6XC9cL3d3dy5mcmVjY2lhbmVsY2llbG8uY29tXC93cC1jb250ZW50XC91cGxvYWRzXC8yMDIzXC8wN1wvSU1HXzIwMjMwNzA4XzExNDQyNS1zY2FsZWQtZTE2OTAzNTg4NDM0MTEuanBnIiwic2xpZGVzaG93IjoiOWUyNDYxZiJ9\">\n\t\t\t\t\t<div class=\"e-gallery-image elementor-gallery-item__image\" data-thumbnail=\"https:\/\/www.freccianelcielo.com\/wp-content\/uploads\/2023\/07\/IMG_20230708_114425-scaled-e1690358843411.jpg\" data-width=\"2560\" data-height=\"1920\" aria-label=\"\" role=\"img\" ><\/div>\n\t\t\t\t\t\t\t\t\t\t\t<div class=\"elementor-gallery-item__overlay\"><\/div>\n\t\t\t\t\t\t\t\t\t\t\t\t\t\t<\/a>\n\t\t\t\t\t\t\t<a class=\"e-gallery-item elementor-gallery-item elementor-animated-content\" href=\"https:\/\/www.freccianelcielo.com\/wp-content\/uploads\/2023\/07\/Cianderou_E-Bike-Cortina_Credits-Ute-Dandrea-7-scaled.jpg\" data-elementor-open-lightbox=\"yes\" data-elementor-lightbox-slideshow=\"9e2461f\" data-elementor-lightbox-title=\"Cianderou_E-Bike Cortina_Credits Ute Dandrea (7)\" data-e-action-hash=\"#elementor-action%3Aaction%3Dlightbox%26settings%3DeyJpZCI6NzM3MCwidXJsIjoiaHR0cHM6XC9cL3d3dy5mcmVjY2lhbmVsY2llbG8uY29tXC93cC1jb250ZW50XC91cGxvYWRzXC8yMDIzXC8wN1wvQ2lhbmRlcm91X0UtQmlrZS1Db3J0aW5hX0NyZWRpdHMtVXRlLURhbmRyZWEtNy1zY2FsZWQuanBnIiwic2xpZGVzaG93IjoiOWUyNDYxZiJ9\">\n\t\t\t\t\t<div class=\"e-gallery-image elementor-gallery-item__image\" data-thumbnail=\"https:\/\/www.freccianelcielo.com\/wp-content\/uploads\/2023\/07\/Cianderou_E-Bike-Cortina_Credits-Ute-Dandrea-7-scaled.jpg\" data-width=\"2560\" data-height=\"1700\" aria-label=\"\" role=\"img\" ><\/div>\n\t\t\t\t\t\t\t\t\t\t\t<div class=\"elementor-gallery-item__overlay\"><\/div>\n\t\t\t\t\t\t\t\t\t\t\t\t\t\t<\/a>\n\t\t\t\t\t\t\t<a class=\"e-gallery-item elementor-gallery-item elementor-animated-content\" href=\"https:\/\/www.freccianelcielo.com\/wp-content\/uploads\/2023\/07\/image00012-e1690358867188.jpeg\" data-elementor-open-lightbox=\"yes\" data-elementor-lightbox-slideshow=\"9e2461f\" data-elementor-lightbox-title=\"image00012\" data-e-action-hash=\"#elementor-action%3Aaction%3Dlightbox%26settings%3DeyJpZCI6NzM4MiwidXJsIjoiaHR0cHM6XC9cL3d3dy5mcmVjY2lhbmVsY2llbG8uY29tXC93cC1jb250ZW50XC91cGxvYWRzXC8yMDIzXC8wN1wvaW1hZ2UwMDAxMi1lMTY5MDM1ODg2NzE4OC5qcGVnIiwic2xpZGVzaG93IjoiOWUyNDYxZiJ9\">\n\t\t\t\t\t<div class=\"e-gallery-image elementor-gallery-item__image\" data-thumbnail=\"https:\/\/www.freccianelcielo.com\/wp-content\/uploads\/2023\/07\/image00012-e1690358867188.jpeg\" data-width=\"1086\" data-height=\"1448\" aria-label=\"\" role=\"img\" ><\/div>\n\t\t\t\t\t\t\t\t\t\t\t<div class=\"elementor-gallery-item__overlay\"><\/div>\n\t\t\t\t\t\t\t\t\t\t\t\t\t\t<\/a>\n\t\t\t\t\t<\/div>\n\t\t\t\t\t<\/div>\n\t\t\t\t<\/div>\n\t\t\t\t<section class=\"elementor-section elementor-inner-section elementor-element elementor-element-dbe3553 elementor-section-boxed elementor-section-height-default elementor-section-height-default\" data-id=\"dbe3553\" data-element_type=\"section\" data-e-type=\"section\" data-settings=\"{&quot;jet_parallax_layout_list&quot;:[]}\">\n\t\t\t\t\t\t<div class=\"elementor-container elementor-column-gap-no\">\n\t\t\t\t\t<div class=\"elementor-column elementor-col-50 elementor-inner-column elementor-element elementor-element-7ac303f\" data-id=\"7ac303f\" data-element_type=\"column\" data-e-type=\"column\">\n\t\t\t<div class=\"elementor-widget-wrap elementor-element-populated\">\n\t\t\t\t\t\t<div class=\"elementor-element elementor-element-544b06c elementor-widget elementor-widget-jet-button\" data-id=\"544b06c\" data-element_type=\"widget\" data-e-type=\"widget\" data-widget_type=\"jet-button.default\">\n\t\t\t\t<div class=\"elementor-widget-container\">\n\t\t\t\t\t<div class=\"elementor-jet-button jet-elements\"><div class=\"jet-button__container\">\n\t<a class=\"jet-button__instance jet-button__instance--icon-left hover-effect-11\" href=\"https:\/\/www.freccianelcielo.com\/de\/sommererlebnisse\/zeiten-und-preise\/\" target=\"_blank\" rel=\"nofollow\">\n\t\t<div class=\"jet-button__plane jet-button__plane-normal\"><\/div>\n\t\t<div class=\"jet-button__plane jet-button__plane-hover\"><\/div>\n\t\t<div class=\"jet-button__state jet-button__state-normal\">\n\t\t\t<span class=\"jet-button__label\">Zeiten und preise<\/span>\t\t<\/div>\n\t\t<div class=\"jet-button__state jet-button__state-hover\">\n\t\t\t<span class=\"jet-button__label\">entdecken<\/span>\t\t<\/div>\n\t<\/a>\n<\/div>\n<\/div>\t\t\t\t<\/div>\n\t\t\t\t<\/div>\n\t\t\t\t\t<\/div>\n\t\t<\/div>\n\t\t\t\t<div class=\"elementor-column elementor-col-50 elementor-inner-column elementor-element elementor-element-3565ba7\" data-id=\"3565ba7\" data-element_type=\"column\" data-e-type=\"column\">\n\t\t\t<div class=\"elementor-widget-wrap elementor-element-populated\">\n\t\t\t\t\t\t<div class=\"elementor-element elementor-element-1f62d93 elementor-widget elementor-widget-jet-button\" data-id=\"1f62d93\" data-element_type=\"widget\" data-e-type=\"widget\" data-widget_type=\"jet-button.default\">\n\t\t\t\t<div class=\"elementor-widget-container\">\n\t\t\t\t\t<div class=\"elementor-jet-button jet-elements\"><div class=\"jet-button__container\">\n\t<a class=\"jet-button__instance jet-button__instance--icon-left hover-effect-11\" href=\"https:\/\/www.freccianelcielo.com\/wp-content\/uploads\/2025\/06\/Tabellone-con-percorsi-Bike-Park_2025_page-0001-scaled.jpg\" target=\"_blank\" rel=\"nofollow\">\n\t\t<div class=\"jet-button__plane jet-button__plane-normal\"><\/div>\n\t\t<div class=\"jet-button__plane jet-button__plane-hover\"><\/div>\n\t\t<div class=\"jet-button__state jet-button__state-normal\">\n\t\t\t<span class=\"jet-button__label\">Siehe karte<\/span>\t\t<\/div>\n\t\t<div class=\"jet-button__state jet-button__state-hover\">\n\t\t\t<span class=\"jet-button__label\">entdecken<\/span>\t\t<\/div>\n\t<\/a>\n<\/div>\n<\/div>\t\t\t\t<\/div>\n\t\t\t\t<\/div>\n\t\t\t\t\t<\/div>\n\t\t<\/div>\n\t\t\t\t\t<\/div>\n\t\t<\/section>\n\t\t\t\t<section class=\"elementor-section elementor-inner-section elementor-element elementor-element-be24230 elementor-section-boxed elementor-section-height-default elementor-section-height-default\" data-id=\"be24230\" data-element_type=\"section\" data-e-type=\"section\" data-settings=\"{&quot;jet_parallax_layout_list&quot;:[]}\">\n\t\t\t\t\t\t<div class=\"elementor-container elementor-column-gap-no\">\n\t\t\t\t\t<div class=\"elementor-column elementor-col-50 elementor-inner-column elementor-element elementor-element-62a212c\" data-id=\"62a212c\" data-element_type=\"column\" data-e-type=\"column\">\n\t\t\t<div class=\"elementor-widget-wrap elementor-element-populated\">\n\t\t\t\t\t\t<div class=\"elementor-element elementor-element-9357a2f elementor-widget elementor-widget-jet-button\" data-id=\"9357a2f\" data-element_type=\"widget\" data-e-type=\"widget\" data-widget_type=\"jet-button.default\">\n\t\t\t\t<div class=\"elementor-widget-container\">\n\t\t\t\t\t<div class=\"elementor-jet-button jet-elements\"><div class=\"jet-button__container\">\n\t<a class=\"jet-button__instance jet-button__instance--icon-left hover-effect-11\" href=\"https:\/\/www.freccianelcielo.com\/wp-content\/uploads\/2023\/06\/tofana-regolamento-bike.pdf\" target=\"_blank\" rel=\"nofollow\">\n\t\t<div class=\"jet-button__plane jet-button__plane-normal\"><\/div>\n\t\t<div class=\"jet-button__plane jet-button__plane-hover\"><\/div>\n\t\t<div class=\"jet-button__state jet-button__state-normal\">\n\t\t\t<span class=\"jet-button__label\">Lies die Regeln<\/span>\t\t<\/div>\n\t\t<div class=\"jet-button__state jet-button__state-hover\">\n\t\t\t<span class=\"jet-button__label\">entdecken<\/span>\t\t<\/div>\n\t<\/a>\n<\/div>\n<\/div>\t\t\t\t<\/div>\n\t\t\t\t<\/div>\n\t\t\t\t\t<\/div>\n\t\t<\/div>\n\t\t\t\t<div class=\"elementor-column elementor-col-50 elementor-inner-column elementor-element elementor-element-944bf63\" data-id=\"944bf63\" data-element_type=\"column\" data-e-type=\"column\">\n\t\t\t<div class=\"elementor-widget-wrap elementor-element-populated\">\n\t\t\t\t\t\t<div class=\"elementor-element elementor-element-ac66d50 elementor-widget elementor-widget-jet-button\" data-id=\"ac66d50\" data-element_type=\"widget\" data-e-type=\"widget\" data-widget_type=\"jet-button.default\">\n\t\t\t\t<div class=\"elementor-widget-container\">\n\t\t\t\t\t<div class=\"elementor-jet-button jet-elements\"><div class=\"jet-button__container\">\n\t<a class=\"jet-button__instance jet-button__instance--icon-left hover-effect-11\" href=\"https:\/\/www.cortinabikeland.com\/esplora-il-bike-park\" target=\"_blank\" rel=\"nofollow\">\n\t\t<div class=\"jet-button__plane jet-button__plane-normal\"><\/div>\n\t\t<div class=\"jet-button__plane jet-button__plane-hover\"><\/div>\n\t\t<div class=\"jet-button__state jet-button__state-normal\">\n\t\t\t<span class=\"jet-button__label\">Cortina Bike land<\/span>\t\t<\/div>\n\t\t<div class=\"jet-button__state jet-button__state-hover\">\n\t\t\t<span class=\"jet-button__label\">Website<\/span>\t\t<\/div>\n\t<\/a>\n<\/div>\n<\/div>\t\t\t\t<\/div>\n\t\t\t\t<\/div>\n\t\t\t\t\t<\/div>\n\t\t<\/div>\n\t\t\t\t\t<\/div>\n\t\t<\/section>\n\t\t\t\t\t<\/div>\n\t\t<\/div>\n\t\t\t\t\t<\/div>\n\t\t<\/section>\n\t\t\t\t<section class=\"elementor-section elementor-top-section elementor-element elementor-element-97af2c8 elementor-section-boxed elementor-section-height-default elementor-section-height-default\" data-id=\"97af2c8\" data-element_type=\"section\" data-e-type=\"section\" data-settings=\"{&quot;jet_parallax_layout_list&quot;:[]}\">\n\t\t\t\t\t\t<div class=\"elementor-container elementor-column-gap-default\">\n\t\t\t\t\t<div class=\"elementor-column elementor-col-100 elementor-top-column elementor-element elementor-element-5515e25\" data-id=\"5515e25\" data-element_type=\"column\" data-e-type=\"column\">\n\t\t\t<div class=\"elementor-widget-wrap elementor-element-populated\">\n\t\t\t\t\t\t<div class=\"elementor-element elementor-element-6e84475 elementor-widget elementor-widget-heading\" data-id=\"6e84475\" data-element_type=\"widget\" data-e-type=\"widget\" data-widget_type=\"heading.default\">\n\t\t\t\t<div class=\"elementor-widget-container\">\n\t\t\t\t\t<h3 class=\"elementor-heading-title elementor-size-default\">Ticket Cortina Bike Park Dolomiti<\/h3>\t\t\t\t<\/div>\n\t\t\t\t<\/div>\n\t\t\t\t<section class=\"elementor-section elementor-inner-section elementor-element elementor-element-3f90060 elementor-section-height-min-height animated-slow elementor-section-boxed elementor-section-height-default elementor-invisible\" data-id=\"3f90060\" data-element_type=\"section\" data-e-type=\"section\" data-settings=\"{&quot;jet_parallax_layout_list&quot;:[],&quot;background_background&quot;:&quot;classic&quot;,&quot;animation&quot;:&quot;fadeInUp&quot;}\">\n\t\t\t\t\t\t<div class=\"elementor-container elementor-column-gap-no\">\n\t\t\t\t\t<div class=\"elementor-column elementor-col-50 elementor-inner-column elementor-element elementor-element-61a80a6\" data-id=\"61a80a6\" data-element_type=\"column\" data-e-type=\"column\">\n\t\t\t<div class=\"elementor-widget-wrap elementor-element-populated\">\n\t\t\t\t\t\t<div class=\"elementor-element elementor-element-5b2fe40 elementor-widget elementor-widget-text-editor\" data-id=\"5b2fe40\" data-element_type=\"widget\" data-e-type=\"widget\" data-widget_type=\"text-editor.default\">\n\t\t\t\t<div class=\"elementor-widget-container\">\n\t\t\t\t\t\t\t\t\t<p>Nachfolgend finden Sie die im gesamten Cortina Bike Park Dolomiti g\u00fcltigen Ticketpreise und die Karte.  <\/p>\t\t\t\t\t\t\t\t<\/div>\n\t\t\t\t<\/div>\n\t\t\t\t<div class=\"elementor-element elementor-element-404ee4f elementor-widget elementor-widget-jet-table\" data-id=\"404ee4f\" data-element_type=\"widget\" data-e-type=\"widget\" data-widget_type=\"jet-table.default\">\n\t\t\t\t<div class=\"elementor-widget-container\">\n\t\t\t\t\t<div class=\"elementor-jet-table jet-elements\">\n\t\t<div class=\"jet-table-wrapper\">\n\t\t\t<table class=\"jet-table jet-table--fa5-compat\">\n\t\t\t\t<thead class=\"jet-table__head\"><tr class=\"jet-table__head-row\"><th class=\"jet-table__cell elementor-repeater-item-f12f039 jet-table__head-cell\" scope=\"col\"><div class=\"jet-table__cell-inner\"><div class=\"jet-table__cell-content\"><div class=\"jet-table__cell-text\">G\u00fcltigkeit <\/div><\/div><\/div><\/th><th class=\"jet-table__cell elementor-repeater-item-0b74929 jet-table__head-cell\" scope=\"col\"><div class=\"jet-table__cell-inner\"><div class=\"jet-table__cell-content\"><div class=\"jet-table__cell-text\">Erwachsene <\/div><\/div><\/div><\/th><th class=\"jet-table__cell elementor-repeater-item-296937a jet-table__head-cell\" scope=\"col\"><div class=\"jet-table__cell-inner\"><div class=\"jet-table__cell-content\"><div class=\"jet-table__cell-text\">Junior<\/div><\/div><\/div><\/th><\/tr><\/thead>\n\t\t\t\t\t\t\t\t<tbody class=\"jet-table__body\"><tr class=\"jet-table__body-row elementor-repeater-item-8b69cd5\"><td class=\"jet-table__cell elementor-repeater-item-2afc451 jet-table__body-cell\"><div class=\"jet-table__cell-inner\"><div class=\"jet-table__cell-content\"><div class=\"jet-table__cell-text\">1 tag<\/div><\/div><\/div><\/td><td class=\"jet-table__cell elementor-repeater-item-0bdee75 jet-table__body-cell\"><div class=\"jet-table__cell-inner\"><div class=\"jet-table__cell-content\"><div class=\"jet-table__cell-text\">35,00 \u20ac<\/div><\/div><\/div><\/td><td class=\"jet-table__cell elementor-repeater-item-6f32ca9 jet-table__body-cell\"><div class=\"jet-table__cell-inner\"><div class=\"jet-table__cell-content\"><div class=\"jet-table__cell-text\">25,00 \u20ac<\/div><\/div><\/div><\/td><\/tr><tr class=\"jet-table__body-row elementor-repeater-item-370b904\"><td class=\"jet-table__cell elementor-repeater-item-4ba7dd4 jet-table__body-cell\"><div class=\"jet-table__cell-inner\"><div class=\"jet-table__cell-content\"><div class=\"jet-table__cell-text\">3 Stunden<\/div><\/div><\/div><\/td><td class=\"jet-table__cell elementor-repeater-item-cc82b3e jet-table__body-cell\"><div class=\"jet-table__cell-inner\"><div class=\"jet-table__cell-content\"><div class=\"jet-table__cell-text\">28,00 \u20ac<\/div><\/div><\/div><\/td><td class=\"jet-table__cell elementor-repeater-item-9d81e06 jet-table__body-cell\"><div class=\"jet-table__cell-inner\"><div class=\"jet-table__cell-content\"><div class=\"jet-table__cell-text\">20,00 \u20ac<\/div><\/div><\/div><\/td><\/tr><\/tbody>\n\t\t\t<\/table>\n\t\t<\/div>\n\n\t\t<\/div>\t\t\t\t<\/div>\n\t\t\t\t<\/div>\n\t\t\t\t<div class=\"elementor-element elementor-element-48d6d6a elementor-widget elementor-widget-image\" data-id=\"48d6d6a\" data-element_type=\"widget\" data-e-type=\"widget\" data-widget_type=\"image.default\">\n\t\t\t\t<div class=\"elementor-widget-container\">\n\t\t\t\t\t\t\t\t\t\t\t\t\t\t\t<img fetchpriority=\"high\" decoding=\"async\" width=\"2371\" height=\"2560\" src=\"https:\/\/www.freccianelcielo.com\/wp-content\/uploads\/2025\/06\/Tabellone-con-percorsi-Bike-Park_2025_page-0001-scaled.jpg\" class=\"attachment-full size-full wp-image-13693\" alt=\"\" srcset=\"https:\/\/www.freccianelcielo.com\/wp-content\/uploads\/2025\/06\/Tabellone-con-percorsi-Bike-Park_2025_page-0001-scaled.jpg 2371w, https:\/\/www.freccianelcielo.com\/wp-content\/uploads\/2025\/06\/Tabellone-con-percorsi-Bike-Park_2025_page-0001-278x300.jpg 278w, https:\/\/www.freccianelcielo.com\/wp-content\/uploads\/2025\/06\/Tabellone-con-percorsi-Bike-Park_2025_page-0001-948x1024.jpg 948w, https:\/\/www.freccianelcielo.com\/wp-content\/uploads\/2025\/06\/Tabellone-con-percorsi-Bike-Park_2025_page-0001-768x829.jpg 768w, https:\/\/www.freccianelcielo.com\/wp-content\/uploads\/2025\/06\/Tabellone-con-percorsi-Bike-Park_2025_page-0001-1423x1536.jpg 1423w, https:\/\/www.freccianelcielo.com\/wp-content\/uploads\/2025\/06\/Tabellone-con-percorsi-Bike-Park_2025_page-0001-1897x2048.jpg 1897w\" sizes=\"(max-width: 2371px) 100vw, 2371px\" \/>\t\t\t\t\t\t\t\t\t\t\t\t\t\t\t<\/div>\n\t\t\t\t<\/div>\n\t\t\t\t\t<\/div>\n\t\t<\/div>\n\t\t\t\t<div class=\"elementor-column elementor-col-50 elementor-inner-column elementor-element elementor-element-e73a23d elementor-hidden-mobile\" data-id=\"e73a23d\" data-element_type=\"column\" data-e-type=\"column\">\n\t\t\t<div class=\"elementor-widget-wrap\">\n\t\t\t\t\t\t\t<\/div>\n\t\t<\/div>\n\t\t\t\t\t<\/div>\n\t\t<\/section>\n\t\t\t\t<section class=\"elementor-section elementor-inner-section elementor-element elementor-element-2aa3050 animated-slow elementor-reverse-mobile elementor-section-boxed elementor-section-height-default elementor-section-height-default elementor-invisible\" data-id=\"2aa3050\" data-element_type=\"section\" data-e-type=\"section\" data-settings=\"{&quot;jet_parallax_layout_list&quot;:[],&quot;background_background&quot;:&quot;classic&quot;,&quot;animation&quot;:&quot;fadeInUp&quot;}\">\n\t\t\t\t\t\t<div class=\"elementor-container elementor-column-gap-no\">\n\t\t\t\t\t<div class=\"elementor-column elementor-col-33 elementor-inner-column elementor-element elementor-element-d9f2d62 elementor-hidden-mobile\" data-id=\"d9f2d62\" data-element_type=\"column\" data-e-type=\"column\">\n\t\t\t<div class=\"elementor-widget-wrap\">\n\t\t\t\t\t\t\t<\/div>\n\t\t<\/div>\n\t\t\t\t<div class=\"elementor-column elementor-col-33 elementor-inner-column elementor-element elementor-element-908aeec\" data-id=\"908aeec\" data-element_type=\"column\" data-e-type=\"column\" data-settings=\"{&quot;background_background&quot;:&quot;classic&quot;}\">\n\t\t\t<div class=\"elementor-widget-wrap elementor-element-populated\">\n\t\t\t\t\t\t<div class=\"elementor-element elementor-element-57288e3 elementor-widget elementor-widget-heading\" data-id=\"57288e3\" data-element_type=\"widget\" data-e-type=\"widget\" data-widget_type=\"heading.default\">\n\t\t\t\t<div class=\"elementor-widget-container\">\n\t\t\t\t\t<p class=\"elementor-heading-title elementor-size-default\">Das Ticket gilt nur f\u00fcr die Gondelbahn Col Drusci\u00e8<\/p>\t\t\t\t<\/div>\n\t\t\t\t<\/div>\n\t\t\t\t<div class=\"elementor-element elementor-element-58598b3 elementor-widget elementor-widget-text-editor\" data-id=\"58598b3\" data-element_type=\"widget\" data-e-type=\"widget\" data-widget_type=\"text-editor.default\">\n\t\t\t\t<div class=\"elementor-widget-container\">\n\t\t\t\t\t\t\t\t\t<p><strong>T\u00e4glich<br><\/strong>\u20ac 30,00 <\/p><p><b>3 Stunden<br><\/b>\u20ac 22,00<\/p><p><strong>JUNIOR (8&lt;16)<\/strong><br><b>T\u00e4glich<\/b>: \u20ac 20,00<br><b>3 Stunden<\/b>: \u20ac 15,00 <\/p>\t\t\t\t\t\t\t\t<\/div>\n\t\t\t\t<\/div>\n\t\t\t\t\t<\/div>\n\t\t<\/div>\n\t\t\t\t<div class=\"elementor-column elementor-col-33 elementor-inner-column elementor-element elementor-element-77ad42f\" data-id=\"77ad42f\" data-element_type=\"column\" data-e-type=\"column\">\n\t\t\t<div class=\"elementor-widget-wrap\">\n\t\t\t\t\t\t\t<\/div>\n\t\t<\/div>\n\t\t\t\t\t<\/div>\n\t\t<\/section>\n\t\t\t\t\t<\/div>\n\t\t<\/div>\n\t\t\t\t\t<\/div>\n\t\t<\/section>\n\t\t\t\t<section class=\"elementor-section elementor-top-section elementor-element elementor-element-3135bdc elementor-section-boxed elementor-section-height-default elementor-section-height-default\" data-id=\"3135bdc\" data-element_type=\"section\" data-e-type=\"section\" data-settings=\"{&quot;jet_parallax_layout_list&quot;:[]}\">\n\t\t\t\t\t\t<div class=\"elementor-container elementor-column-gap-default\">\n\t\t\t\t\t<div class=\"elementor-column elementor-col-100 elementor-top-column elementor-element elementor-element-1fe42dd\" data-id=\"1fe42dd\" data-element_type=\"column\" data-e-type=\"column\">\n\t\t\t<div class=\"elementor-widget-wrap elementor-element-populated\">\n\t\t\t\t\t\t<div class=\"elementor-element elementor-element-e8e57f8 elementor-widget elementor-widget-heading\" data-id=\"e8e57f8\" data-element_type=\"widget\" data-e-type=\"widget\" data-widget_type=\"heading.default\">\n\t\t\t\t<div class=\"elementor-widget-container\">\n\t\t\t\t\t<h3 class=\"elementor-heading-title elementor-size-default\">neue Wege<\/h3>\t\t\t\t<\/div>\n\t\t\t\t<\/div>\n\t\t\t\t<div class=\"elementor-element elementor-element-02902db elementor-widget elementor-widget-text-editor\" data-id=\"02902db\" data-element_type=\"widget\" data-e-type=\"widget\" data-widget_type=\"text-editor.default\">\n\t\t\t\t<div class=\"elementor-widget-container\">\n\t\t\t\t\t\t\t\t\t<p>Am Col Drusci\u00e8 freuen wir uns, Ihnen zwei neue Abfahrtsrouten zu pr\u00e4sentieren, die im Sommer 2024 eingef\u00fchrt werden: <b>Lucifer <\/b>und <b>Cortina Line<\/b>. Diese Routen wurden entwickelt, um ein aufregendes Fahrerlebnis zu bieten und den Cortina Bike Park Dolomiti noch adrenalingeladener zu machen.  <\/p><p>Bei der Entwicklung der beiden Wanderwege wurde gro\u00dfer Wert auf Sicherheit und Umweltfreundlichkeit gelegt. Die Loipen wurden so angelegt, dass die Auswirkungen auf die \u00f6rtliche Flora und Fauna so gering wie m\u00f6glich gehalten werden, und sind mit allen erforderlichen Hinweisschildern und Sicherheitsma\u00dfnahmen ausgestattet, um ein angenehmes und sicheres Erlebnis f\u00fcr alle zu gew\u00e4hrleisten. Die Pisten werden direkt von unserem Skilift aus zug\u00e4nglich sein.  <\/p>\t\t\t\t\t\t\t\t<\/div>\n\t\t\t\t<\/div>\n\t\t\t\t<div class=\"elementor-element elementor-element-4d0ee03 elementor-widget elementor-widget-text-editor\" data-id=\"4d0ee03\" data-element_type=\"widget\" data-e-type=\"widget\" data-widget_type=\"text-editor.default\">\n\t\t\t\t<div class=\"elementor-widget-container\">\n\t\t\t\t\t\t\t\t\t<p><b>Lucifer: Adrenalin und Herausforderungen f\u00fcr die Erfahrensten <\/b><\/p><p>Lucifer, die erste der neuen Strecken, wurde entwickelt, um die F\u00e4higkeiten zu testen und eine aufregende Herausforderung f\u00fcr Liebhaber von Nervenkitzel und technischen F\u00e4higkeiten zu bieten. Gekennzeichnet durch steile Abfahrten, enge Kurven und nat\u00fcrliche Hindernisse, die Geschicklichkeit und Mut erfordern, soll Lucifer der neue Ma\u00dfstab f\u00fcr erfahrene Biker werden, die in einer spektakul\u00e4ren alpinen Umgebung an ihre Grenzen gehen wollen. Mit einer L\u00e4nge von ca. 1,6 km verspricht diese Strecke ein echter Test f\u00fcr Geschicklichkeit und Ausdauer zu werden. Am <b>20. und 21. Juli 2024 fanden hier auch die italienischen Abfahrtsmeisterschaften statt<\/b>.   <\/p><p>Einige Charakteristika von Luzifer:<br>\u2013 Downhillstrecke par excellence<br>\u2013 L\u00e4nge ca. 1,6 km<br>\u2013 Naturbelassen mit Spr\u00fcngen und einem Felsengarten, der einer Doppelplatte w\u00fcrdig ist<br>\u2013 Schwierigkeitsgrad schwarz.<\/p><p><b>Cortina Line: R\u00fcckweg<\/b><\/p><p>Auf der Cortina Line k\u00f6nnen die Fahrer die Sch\u00f6nheit der Umgebung genie\u00dfen, ohne sich durch gro\u00dfe technische Schwierigkeiten unter Druck setzen zu lassen. Die Cortina Line erm\u00f6glicht die Fahrer die Sch\u00f6nheit der Umgebung genie\u00dfen, ohne sich durch gro\u00dfe technische Schwierigkeiten unter Druck setzen zu lassen. Diese etwa 3 km lange Strecke bietet eine sanfte Abfahrt mit moderaten Steigungen und weiten Kurven.   Auf der Cortina Line k\u00f6nnen die Fahrer die Sch\u00f6nheit der Umgebung genie\u00dfen, ohne sich durch gro\u00dfe technische Schwierigkeiten unter Druck setzen zu lassen. <\/p><p>Einige Eigenschaften der Cortina Line:<br>\u2013 Flow Trail<br>\u2013 Ca. 3km<br>\u2013 Schnelle Abschnitte und malerische Switchbacks<br>\u2013 Kein Mangel an Spr\u00fcngen und Parabolkurven<br><span style=\"font-style: inherit; font-weight: inherit; color: var( --e-global-color-text ); font-family: var( --e-global-typography-text-font-family ), Sans-serif; background-color: var(--ast-global-color-5);\">\u2013 Schwierigkeitsgrad blau<\/span><\/p>\t\t\t\t\t\t\t\t<\/div>\n\t\t\t\t<\/div>\n\t\t\t\t<div class=\"elementor-element elementor-element-ba49c5b elementor-widget elementor-widget-heading\" data-id=\"ba49c5b\" data-element_type=\"widget\" data-e-type=\"widget\" data-widget_type=\"heading.default\">\n\t\t\t\t<div class=\"elementor-widget-container\">\n\t\t\t\t\t<p class=\"elementor-heading-title elementor-size-default\">WARNUNG<\/p>\t\t\t\t<\/div>\n\t\t\t\t<\/div>\n\t\t\t\t<div class=\"elementor-element elementor-element-ae0361e elementor-widget elementor-widget-text-editor\" data-id=\"ae0361e\" data-element_type=\"widget\" data-e-type=\"widget\" data-widget_type=\"text-editor.default\">\n\t\t\t\t<div class=\"elementor-widget-container\">\n\t\t\t\t\t\t\t\t\t<p><span style=\"font-style: inherit; font-weight: inherit; color: var( --e-global-color-secondary ); background-color: var(--ast-global-color-5);\">Umleitung der Cortina-Linie wegen der Bauarbeiten am Gleitzentrum.&nbsp;<\/span><span style=\"font-style: inherit; font-weight: inherit; color: var( --e-global-color-secondary ); background-color: var(--ast-global-color-5);\">Die Umleitung verl\u00e4ngert die Strecke um ca. 200 m und umfasst einen Abschnitt der asphaltierten Stra\u00dfe. Die gesamte Umleitung ist deutlich ausgeschildert. &nbsp;<\/span><span style=\"font-style: inherit; font-weight: inherit; color: var( --e-global-color-secondary ); background-color: var(--ast-global-color-5);\">&nbsp;<\/span><br><\/p>\n<p><u>BITTE BEFOLGEN SIE DIE RICHTLINIEN<\/u> \u2013 Respektieren Sie die Warnschilder und das Privateigentum anderer Personen.&nbsp;<\/p>\t\t\t\t\t\t\t\t<\/div>\n\t\t\t\t<\/div>\n\t\t\t\t\t<\/div>\n\t\t<\/div>\n\t\t\t\t\t<\/div>\n\t\t<\/section>\n\t\t\t\t<section class=\"elementor-section elementor-top-section elementor-element elementor-element-ae3359b elementor-section-boxed elementor-section-height-default elementor-section-height-default\" data-id=\"ae3359b\" data-element_type=\"section\" data-e-type=\"section\" data-settings=\"{&quot;jet_parallax_layout_list&quot;:[]}\">\n\t\t\t\t\t\t<div class=\"elementor-container elementor-column-gap-default\">\n\t\t\t\t\t<div class=\"elementor-column elementor-col-100 elementor-top-column elementor-element elementor-element-75445f7\" data-id=\"75445f7\" data-element_type=\"column\" data-e-type=\"column\">\n\t\t\t<div class=\"elementor-widget-wrap elementor-element-populated\">\n\t\t\t\t\t\t<div class=\"elementor-element elementor-element-640efd7 elementor-widget elementor-widget-heading\" data-id=\"640efd7\" data-element_type=\"widget\" data-e-type=\"widget\" data-widget_type=\"heading.default\">\n\t\t\t\t<div class=\"elementor-widget-container\">\n\t\t\t\t\t<h3 class=\"elementor-heading-title elementor-size-default\">Trails<\/h3>\t\t\t\t<\/div>\n\t\t\t\t<\/div>\n\t\t\t\t<div class=\"elementor-element elementor-element-b0feb94 elementor-widget elementor-widget-text-editor\" data-id=\"b0feb94\" data-element_type=\"widget\" data-e-type=\"widget\" data-widget_type=\"text-editor.default\">\n\t\t\t\t<div class=\"elementor-widget-container\">\n\t\t\t\t\t\t\t\t\t<p>Die Trails des <strong>Cortina Bike Park Dolomiti<\/strong> schl\u00e4ngeln sich durch die W\u00e4lder und Wiesen im Gebiet um Socrepes und das Tofana-Massiv. Alle k\u00f6nnen mit unseren Sesselliften oder mit der Seilbahn Freccia nel Cielo, bequem vom Stadtzentrum aus, erreichbar. <\/p>\n<p>An der Talstation der Gondelbahn Freccia nel Cielo sind <strong>Leihfahrr\u00e4der&nbsp; und Zubeh\u00f6r von Tofana<\/strong> erh\u00e4ltlich, w\u00e4hrend in Socrepes die <strong>Mountainbike-Guides \u201eRide in Cortina\u201c<\/strong> sowohl f\u00fcr Anf\u00e4nger als auch f\u00fcr erfahrene Fahrer, die ihre Technik verbessern m\u00f6chten, zur Verf\u00fcgung stehen.<\/p>\t\t\t\t\t\t\t\t<\/div>\n\t\t\t\t<\/div>\n\t\t\t\t\t<\/div>\n\t\t<\/div>\n\t\t\t\t\t<\/div>\n\t\t<\/section>\n\t\t\t\t<section class=\"elementor-section elementor-top-section elementor-element elementor-element-6d8f9ef elementor-section-boxed elementor-section-height-default elementor-section-height-default\" data-id=\"6d8f9ef\" data-element_type=\"section\" data-e-type=\"section\" data-settings=\"{&quot;jet_parallax_layout_list&quot;:[]}\">\n\t\t\t\t\t\t<div class=\"elementor-container elementor-column-gap-default\">\n\t\t\t\t\t<div class=\"elementor-column elementor-col-33 elementor-top-column elementor-element elementor-element-bac6816\" data-id=\"bac6816\" data-element_type=\"column\" data-e-type=\"column\">\n\t\t\t<div class=\"elementor-widget-wrap elementor-element-populated\">\n\t\t\t\t\t\t<div class=\"elementor-element elementor-element-c09d50a animated-slow elementor-invisible elementor-widget elementor-widget-icon-box\" data-id=\"c09d50a\" data-element_type=\"widget\" data-e-type=\"widget\" data-settings=\"{&quot;_animation&quot;:&quot;fadeInUp&quot;}\" data-widget_type=\"icon-box.default\">\n\t\t\t\t<div class=\"elementor-widget-container\">\n\t\t\t\t\t\t\t<div class=\"elementor-icon-box-wrapper\">\n\n\t\t\t\n\t\t\t\t\t\t<div class=\"elementor-icon-box-content\">\n\n\t\t\t\t\t\t\t\t\t<h3 class=\"elementor-icon-box-title\">\n\t\t\t\t\t\t<span  >\n\t\t\t\t\t\t\tKiller Rabbit\t\t\t\t\t\t<\/span>\n\t\t\t\t\t<\/h3>\n\t\t\t\t\n\t\t\t\t\t\t\t\t\t<p class=\"elementor-icon-box-description\">\n\t\t\t\t\t\t1,5 km\n\n<br>Flow-Trail f\u00fcr dynamische Biker, die mit Vollgas auf den Trails unterwegs sind; er ist f\u00fcr hohe Geschwindigkeiten ausgelegt, aber sicher, Breite \u00fcber 2 m; er soll 50 km\/h erreichen!<br><br><br><br><a href=\"https:\/\/www.youtube.com\/watch?v=OxJ1zlOEdOM\" target=\"_blank\" rel=\"\u201dnofolllow\" style=\"color:#fff\">Video anschauen<\/a>\t\t\t\t\t<\/p>\n\t\t\t\t\n\t\t\t<\/div>\n\t\t\t\n\t\t<\/div>\n\t\t\t\t\t\t<\/div>\n\t\t\t\t<\/div>\n\t\t\t\t\t<\/div>\n\t\t<\/div>\n\t\t\t\t<div class=\"elementor-column elementor-col-33 elementor-top-column elementor-element elementor-element-a9f6b77\" data-id=\"a9f6b77\" data-element_type=\"column\" data-e-type=\"column\">\n\t\t\t<div class=\"elementor-widget-wrap elementor-element-populated\">\n\t\t\t\t\t\t<div class=\"elementor-element elementor-element-a01218b animated-slow elementor-invisible elementor-widget elementor-widget-icon-box\" data-id=\"a01218b\" data-element_type=\"widget\" data-e-type=\"widget\" data-settings=\"{&quot;_animation&quot;:&quot;fadeInUp&quot;}\" data-widget_type=\"icon-box.default\">\n\t\t\t\t<div class=\"elementor-widget-container\">\n\t\t\t\t\t\t\t<div class=\"elementor-icon-box-wrapper\">\n\n\t\t\t\n\t\t\t\t\t\t<div class=\"elementor-icon-box-content\">\n\n\t\t\t\t\t\t\t\t\t<h3 class=\"elementor-icon-box-title\">\n\t\t\t\t\t\t<span  >\n\t\t\t\t\t\t\tEagle Eyes\t\t\t\t\t\t<\/span>\n\t\t\t\t\t<\/h3>\n\t\t\t\t\n\t\t\t\t\t\t\t\t\t<p class=\"elementor-icon-box-description\">\n\t\t\t\t\t\t600 m\n<br><br>Nat\u00fcrliche Variante des Trails Killer Rabbit, die durch einen L\u00e4rchenwald f\u00fchrt. Aufgrund des Streckenverlaufs wird dieser Trail als eine Art \u201eMini-Krampus\u201c f\u00fcr weniger erfahrene oder sehr junge Biker bezeichnet. \n\n\n<br><br>\t\t\t\t\t<\/p>\n\t\t\t\t\n\t\t\t<\/div>\n\t\t\t\n\t\t<\/div>\n\t\t\t\t\t\t<\/div>\n\t\t\t\t<\/div>\n\t\t\t\t\t<\/div>\n\t\t<\/div>\n\t\t\t\t<div class=\"elementor-column elementor-col-33 elementor-top-column elementor-element elementor-element-5243d9d\" data-id=\"5243d9d\" data-element_type=\"column\" data-e-type=\"column\">\n\t\t\t<div class=\"elementor-widget-wrap elementor-element-populated\">\n\t\t\t\t\t\t<div class=\"elementor-element elementor-element-181f988 animated-slow elementor-invisible elementor-widget elementor-widget-icon-box\" data-id=\"181f988\" data-element_type=\"widget\" data-e-type=\"widget\" data-settings=\"{&quot;_animation&quot;:&quot;fadeInUp&quot;}\" data-widget_type=\"icon-box.default\">\n\t\t\t\t<div class=\"elementor-widget-container\">\n\t\t\t\t\t\t\t<div class=\"elementor-icon-box-wrapper\">\n\n\t\t\t\n\t\t\t\t\t\t<div class=\"elementor-icon-box-content\">\n\n\t\t\t\t\t\t\t\t\t<h3 class=\"elementor-icon-box-title\">\n\t\t\t\t\t\t<span  >\n\t\t\t\t\t\t\tG Force\t\t\t\t\t\t<\/span>\n\t\t\t\t\t<\/h3>\n\t\t\t\t\n\t\t\t\t\t\t\t\t\t<p class=\"elementor-icon-box-description\">\n\t\t\t\t\t\t1,8 km\n<br><br>Der Name sagt alles! Ein Flow Trail mit Abst\u00fctzm\u00f6glichkeiten, dank der du deine Bremsen vergessen kannst. Du glaubst uns nicht? Probiere es aus! Dieser Trail hat 9 Spr\u00fcnge aller Art und 27 parabolische Kurven, die einer Bobbahn \u00e4hneln.  \n<br><br><a href=\"https:\/\/www.youtube.com\/watch?v=Cjeh0uWnaSM\" target=\"_blank\" rel=\"\u201dnofolllow\" style=\"color:#fff\">Sehen Sie sich das Video an<\/a>\t\t\t\t\t<\/p>\n\t\t\t\t\n\t\t\t<\/div>\n\t\t\t\n\t\t<\/div>\n\t\t\t\t\t\t<\/div>\n\t\t\t\t<\/div>\n\t\t\t\t\t<\/div>\n\t\t<\/div>\n\t\t\t\t\t<\/div>\n\t\t<\/section>\n\t\t\t\t<section class=\"elementor-section elementor-top-section elementor-element elementor-element-bc83108 elementor-section-boxed elementor-section-height-default elementor-section-height-default\" data-id=\"bc83108\" data-element_type=\"section\" data-e-type=\"section\" data-settings=\"{&quot;jet_parallax_layout_list&quot;:[]}\">\n\t\t\t\t\t\t<div class=\"elementor-container elementor-column-gap-default\">\n\t\t\t\t\t<div class=\"elementor-column elementor-col-33 elementor-top-column elementor-element elementor-element-979ad63\" data-id=\"979ad63\" data-element_type=\"column\" data-e-type=\"column\">\n\t\t\t<div class=\"elementor-widget-wrap elementor-element-populated\">\n\t\t\t\t\t\t<div class=\"elementor-element elementor-element-7233fcb animated-slow elementor-invisible elementor-widget elementor-widget-icon-box\" data-id=\"7233fcb\" data-element_type=\"widget\" data-e-type=\"widget\" data-settings=\"{&quot;_animation&quot;:&quot;fadeInUp&quot;}\" data-widget_type=\"icon-box.default\">\n\t\t\t\t<div class=\"elementor-widget-container\">\n\t\t\t\t\t\t\t<div class=\"elementor-icon-box-wrapper\">\n\n\t\t\t\n\t\t\t\t\t\t<div class=\"elementor-icon-box-content\">\n\n\t\t\t\t\t\t\t\t\t<h3 class=\"elementor-icon-box-title\">\n\t\t\t\t\t\t<span  >\n\t\t\t\t\t\t\tFire Fox\t\t\t\t\t\t<\/span>\n\t\t\t\t\t<\/h3>\n\t\t\t\t\n\t\t\t\t\t\t\t\t\t<p class=\"elementor-icon-box-description\">\n\t\t\t\t\t\t700 m\n<br><br>Jump Line mitten im Wald, mit Bump Jumps, Step Ups und Transfers von \u00fcber 10 m. Genau sind es 7 Spr\u00fcnge, davon 3 Bump Jumps und 4 Double Jumps. Emotion pur!  \n<br><br><a href=\"https:\/\/www.youtube.com\/watch?v=pLaNtRXG4SQ\" target=\"_blank\" rel=\"\u201dnofolllow\" style=\"color:#fff\">Sehen Sie sich das Video an<\/a>\t\t\t\t\t<\/p>\n\t\t\t\t\n\t\t\t<\/div>\n\t\t\t\n\t\t<\/div>\n\t\t\t\t\t\t<\/div>\n\t\t\t\t<\/div>\n\t\t\t\t\t<\/div>\n\t\t<\/div>\n\t\t\t\t<div class=\"elementor-column elementor-col-33 elementor-top-column elementor-element elementor-element-0d268bd\" data-id=\"0d268bd\" data-element_type=\"column\" data-e-type=\"column\">\n\t\t\t<div class=\"elementor-widget-wrap elementor-element-populated\">\n\t\t\t\t\t\t<div class=\"elementor-element elementor-element-a2eb4e1 animated-slow elementor-invisible elementor-widget elementor-widget-icon-box\" data-id=\"a2eb4e1\" data-element_type=\"widget\" data-e-type=\"widget\" data-settings=\"{&quot;_animation&quot;:&quot;fadeInUp&quot;}\" data-widget_type=\"icon-box.default\">\n\t\t\t\t<div class=\"elementor-widget-container\">\n\t\t\t\t\t\t\t<div class=\"elementor-icon-box-wrapper\">\n\n\t\t\t\n\t\t\t\t\t\t<div class=\"elementor-icon-box-content\">\n\n\t\t\t\t\t\t\t\t\t<h3 class=\"elementor-icon-box-title\">\n\t\t\t\t\t\t<span  >\n\t\t\t\t\t\t\tBarbarian\t\t\t\t\t\t<\/span>\n\t\t\t\t\t<\/h3>\n\t\t\t\t\n\t\t\t\t\t\t\t\t\t<p class=\"elementor-icon-box-description\">\n\t\t\t\t\t\t3 km\n<br><br>Sehr schneller Flow Trail im Rumerlo-Areal mit parabolischen Kurven, Step Ups und Transfers. Da er gr\u00f6\u00dftenteils \u00fcber Wiesen f\u00fchrt bietet dieser Trail den besten Blick auf Cortina und die umliegenden Berge. \n<br><br><a href=\"https:\/\/www.youtube.com\/watch?v=XsSyK0Uvya0\" target=\"_blank\" rel=\"\u201dnofollow\" style=\"color:#fff\">Sehen Sie sich das Video an<\/a>\t\t\t\t\t<\/p>\n\t\t\t\t\n\t\t\t<\/div>\n\t\t\t\n\t\t<\/div>\n\t\t\t\t\t\t<\/div>\n\t\t\t\t<\/div>\n\t\t\t\t\t<\/div>\n\t\t<\/div>\n\t\t\t\t<div class=\"elementor-column elementor-col-33 elementor-top-column elementor-element elementor-element-513e4b4\" data-id=\"513e4b4\" data-element_type=\"column\" data-e-type=\"column\">\n\t\t\t<div class=\"elementor-widget-wrap elementor-element-populated\">\n\t\t\t\t\t\t<div class=\"elementor-element elementor-element-5a8a166 animated-slow elementor-invisible elementor-widget elementor-widget-icon-box\" data-id=\"5a8a166\" data-element_type=\"widget\" data-e-type=\"widget\" data-settings=\"{&quot;_animation&quot;:&quot;fadeInUp&quot;}\" data-widget_type=\"icon-box.default\">\n\t\t\t\t<div class=\"elementor-widget-container\">\n\t\t\t\t\t\t\t<div class=\"elementor-icon-box-wrapper\">\n\n\t\t\t\n\t\t\t\t\t\t<div class=\"elementor-icon-box-content\">\n\n\t\t\t\t\t\t\t\t\t<h3 class=\"elementor-icon-box-title\">\n\t\t\t\t\t\t<span  >\n\t\t\t\t\t\t\tViking\t\t\t\t\t\t<\/span>\n\t\t\t\t\t<\/h3>\n\t\t\t\t\n\t\t\t\t\t\t\t\t\t<p class=\"elementor-icon-box-description\">\n\t\t\t\t\t\t400 m\n<br><br>Nat\u00fcrliche, von Hand angelegte Variante des Trails Barbarian. Eine sehr technische und unvorhersehbare Strecke f\u00fcr dynamische Biker. Downhill mit steilen Abschnitten, die das Adrenalin in die H\u00f6he treiben. \n<br><br>\n\t\t\t\t\t<\/p>\n\t\t\t\t\n\t\t\t<\/div>\n\t\t\t\n\t\t<\/div>\n\t\t\t\t\t\t<\/div>\n\t\t\t\t<\/div>\n\t\t\t\t\t<\/div>\n\t\t<\/div>\n\t\t\t\t\t<\/div>\n\t\t<\/section>\n\t\t\t\t<section class=\"elementor-section elementor-top-section elementor-element elementor-element-87e8cb1 elementor-section-boxed elementor-section-height-default elementor-section-height-default\" data-id=\"87e8cb1\" data-element_type=\"section\" data-e-type=\"section\" data-settings=\"{&quot;jet_parallax_layout_list&quot;:[]}\">\n\t\t\t\t\t\t<div class=\"elementor-container elementor-column-gap-default\">\n\t\t\t\t\t<div class=\"elementor-column elementor-col-33 elementor-top-column elementor-element elementor-element-57e3b16\" data-id=\"57e3b16\" data-element_type=\"column\" data-e-type=\"column\">\n\t\t\t<div class=\"elementor-widget-wrap elementor-element-populated\">\n\t\t\t\t\t\t<div class=\"elementor-element elementor-element-7e593f5 animated-slow elementor-invisible elementor-widget elementor-widget-icon-box\" data-id=\"7e593f5\" data-element_type=\"widget\" data-e-type=\"widget\" data-settings=\"{&quot;_animation&quot;:&quot;fadeInUp&quot;}\" data-widget_type=\"icon-box.default\">\n\t\t\t\t<div class=\"elementor-widget-container\">\n\t\t\t\t\t\t\t<div class=\"elementor-icon-box-wrapper\">\n\n\t\t\t\n\t\t\t\t\t\t<div class=\"elementor-icon-box-content\">\n\n\t\t\t\t\t\t\t\t\t<h3 class=\"elementor-icon-box-title\">\n\t\t\t\t\t\t<span  >\n\t\t\t\t\t\t\tT-Rex\t\t\t\t\t\t<\/span>\n\t\t\t\t\t<\/h3>\n\t\t\t\t\n\t\t\t\t\t\t\t\t\t<p class=\"elementor-icon-box-description\">\n\t\t\t\t\t\t1,3 km\n<br><br>Der Jump Line Trail schlechthin! Schnell, mit parabolischen Kurven, herausfordernden Spr\u00fcngen und einer Breite von etwa 2 Metern, ist es um mit halsbrecherischem Tempo zu fahren. Dieser Trail ruft nach hohen Geschwindigkeiten. Er erfordert Erfahrung und viel Konzentration.  \n<br><br>\t\t\t\t\t<\/p>\n\t\t\t\t\n\t\t\t<\/div>\n\t\t\t\n\t\t<\/div>\n\t\t\t\t\t\t<\/div>\n\t\t\t\t<\/div>\n\t\t\t\t\t<\/div>\n\t\t<\/div>\n\t\t\t\t<div class=\"elementor-column elementor-col-33 elementor-top-column elementor-element elementor-element-fa29c7a\" data-id=\"fa29c7a\" data-element_type=\"column\" data-e-type=\"column\">\n\t\t\t<div class=\"elementor-widget-wrap elementor-element-populated\">\n\t\t\t\t\t\t<div class=\"elementor-element elementor-element-1c184d3 animated-slow elementor-invisible elementor-widget elementor-widget-icon-box\" data-id=\"1c184d3\" data-element_type=\"widget\" data-e-type=\"widget\" data-settings=\"{&quot;_animation&quot;:&quot;fadeInUp&quot;}\" data-widget_type=\"icon-box.default\">\n\t\t\t\t<div class=\"elementor-widget-container\">\n\t\t\t\t\t\t\t<div class=\"elementor-icon-box-wrapper\">\n\n\t\t\t\n\t\t\t\t\t\t<div class=\"elementor-icon-box-content\">\n\n\t\t\t\t\t\t\t\t\t<h3 class=\"elementor-icon-box-title\">\n\t\t\t\t\t\t<span  >\n\t\t\t\t\t\t\tHero\t\t\t\t\t\t<\/span>\n\t\t\t\t\t<\/h3>\n\t\t\t\t\n\t\t\t\t\t\t\t\t\t<p class=\"elementor-icon-box-description\">\n\t\t\t\t\t\t600 m\n<br><br>Flow Trail, der Tofana Express und Pi\u00e8 Tofana verbindet; er verl\u00e4uft in einer bewaldeten Umgebung und ist f\u00fcr alle geeignet.\n<br><br>\t\t\t\t\t<\/p>\n\t\t\t\t\n\t\t\t<\/div>\n\t\t\t\n\t\t<\/div>\n\t\t\t\t\t\t<\/div>\n\t\t\t\t<\/div>\n\t\t\t\t\t<\/div>\n\t\t<\/div>\n\t\t\t\t<div class=\"elementor-column elementor-col-33 elementor-top-column elementor-element elementor-element-bc5ef8b\" data-id=\"bc5ef8b\" data-element_type=\"column\" data-e-type=\"column\">\n\t\t\t<div class=\"elementor-widget-wrap elementor-element-populated\">\n\t\t\t\t\t\t<div class=\"elementor-element elementor-element-9ac76e7 animated-slow elementor-invisible elementor-widget elementor-widget-icon-box\" data-id=\"9ac76e7\" data-element_type=\"widget\" data-e-type=\"widget\" data-settings=\"{&quot;_animation&quot;:&quot;fadeInUp&quot;}\" data-widget_type=\"icon-box.default\">\n\t\t\t\t<div class=\"elementor-widget-container\">\n\t\t\t\t\t\t\t<div class=\"elementor-icon-box-wrapper\">\n\n\t\t\t\n\t\t\t\t\t\t<div class=\"elementor-icon-box-content\">\n\n\t\t\t\t\t\t\t\t\t<h3 class=\"elementor-icon-box-title\">\n\t\t\t\t\t\t<span  >\n\t\t\t\t\t\t\tKrampus\t\t\t\t\t\t<\/span>\n\t\t\t\t\t<\/h3>\n\t\t\t\t\n\t\t\t\t\t\t\t\t\t<p class=\"elementor-icon-box-description\">\n\t\t\t\t\t\t2,5 km\n<br><br>Extrem technischer, von Hand angelegter, nat\u00fcrlicher Trail mit steilen und unebenen Abschnitten. Er eignet sich f\u00fcr internationale Enduro-Wettrennen und das Training von Leistungssportlern. Diese t\u00fcckische Strecke erfordert ein einfallsreiches und vorausschauendes Fahren. \n<br><br><a href=\"https:\/\/www.youtube.com\/watch?v=Xeo2xcnfQTo\" target=\"_blank\" rel=\"\u201dnofollow\" style=\"color:#fff\">Sehen Sie sich das Video an<\/a>\n\t\t\t\t\t<\/p>\n\t\t\t\t\n\t\t\t<\/div>\n\t\t\t\n\t\t<\/div>\n\t\t\t\t\t\t<\/div>\n\t\t\t\t<\/div>\n\t\t\t\t\t<\/div>\n\t\t<\/div>\n\t\t\t\t\t<\/div>\n\t\t<\/section>\n\t\t\t\t<section class=\"elementor-section elementor-top-section elementor-element elementor-element-7c422b1 elementor-section-boxed elementor-section-height-default elementor-section-height-default\" data-id=\"7c422b1\" data-element_type=\"section\" data-e-type=\"section\" data-settings=\"{&quot;jet_parallax_layout_list&quot;:[]}\">\n\t\t\t\t\t\t<div class=\"elementor-container elementor-column-gap-default\">\n\t\t\t\t\t<div class=\"elementor-column elementor-col-33 elementor-top-column elementor-element elementor-element-b8a1a28\" data-id=\"b8a1a28\" data-element_type=\"column\" data-e-type=\"column\">\n\t\t\t<div class=\"elementor-widget-wrap elementor-element-populated\">\n\t\t\t\t\t\t<div class=\"elementor-element elementor-element-7122116 animated-slow elementor-invisible elementor-widget elementor-widget-icon-box\" data-id=\"7122116\" data-element_type=\"widget\" data-e-type=\"widget\" data-settings=\"{&quot;_animation&quot;:&quot;fadeInUp&quot;}\" data-widget_type=\"icon-box.default\">\n\t\t\t\t<div class=\"elementor-widget-container\">\n\t\t\t\t\t\t\t<div class=\"elementor-icon-box-wrapper\">\n\n\t\t\t\n\t\t\t\t\t\t<div class=\"elementor-icon-box-content\">\n\n\t\t\t\t\t\t\t\t\t<h3 class=\"elementor-icon-box-title\">\n\t\t\t\t\t\t<span  >\n\t\t\t\t\t\t\tTeufel\t\t\t\t\t\t<\/span>\n\t\t\t\t\t<\/h3>\n\t\t\t\t\n\t\t\t\t\t\t\t\t\t<p class=\"elementor-icon-box-description\">\n\t\t\t\t\t\t900 m\n<br><br>Der schwierigste Trail im Bike Park, der am besten mit h\u00f6llischem Tempo bew\u00e4ltigt wird und sich daher nur f\u00fcr ge\u00fcbte und erfahrene Biker eignet. Dieser von Hand und speziell f\u00fcr das Downhill angelegte Trail ist breit, technisch anspruchsvoll und schnell. Sein durchschnittliches Gef\u00e4lle betr\u00e4gt 31 %. \n<br><br>\t\t\t\t\t<\/p>\n\t\t\t\t\n\t\t\t<\/div>\n\t\t\t\n\t\t<\/div>\n\t\t\t\t\t\t<\/div>\n\t\t\t\t<\/div>\n\t\t\t\t\t<\/div>\n\t\t<\/div>\n\t\t\t\t<div class=\"elementor-column elementor-col-33 elementor-top-column elementor-element elementor-element-c2f2aa1\" data-id=\"c2f2aa1\" data-element_type=\"column\" data-e-type=\"column\">\n\t\t\t<div class=\"elementor-widget-wrap elementor-element-populated\">\n\t\t\t\t\t\t<div class=\"elementor-element elementor-element-36abd90 animated-slow elementor-invisible elementor-widget elementor-widget-icon-box\" data-id=\"36abd90\" data-element_type=\"widget\" data-e-type=\"widget\" data-settings=\"{&quot;_animation&quot;:&quot;fadeInUp&quot;}\" data-widget_type=\"icon-box.default\">\n\t\t\t\t<div class=\"elementor-widget-container\">\n\t\t\t\t\t\t\t<div class=\"elementor-icon-box-wrapper\">\n\n\t\t\t\n\t\t\t\t\t\t<div class=\"elementor-icon-box-content\">\n\n\t\t\t\t\t\t\t\t\t<h3 class=\"elementor-icon-box-title\">\n\t\t\t\t\t\t<span  >\n\t\t\t\t\t\t\tTofanina\t\t\t\t\t\t<\/span>\n\t\t\t\t\t<\/h3>\n\t\t\t\t\n\t\t\t\t\t\t\t\t\t<p class=\"elementor-icon-box-description\">\n\t\t\t\t\t\t6 km\n<br><br>Flow Trail mit mehreren Double Lines, der auf \u00fcber 2000 m beginnt und am besten rasant befahren wird. Er eignet sich sowohl f\u00fcr Anf\u00e4nger als auch f\u00fcr Amateur- und Profibiker. Wenn man bis nach Socrepes f\u00e4hrt, betr\u00e4gt der H\u00f6henunterschied 800 m. Ein Meisterwerk inmitten der Natur, vorbei an L\u00e4rchen, Zirbelkiefern und Latschenkiefern. Dieser Trail erfordert kein technisches K\u00f6nnen, wird aber aufgrund seiner L\u00e4nge als \u201eschwierig\u201c eingestuft.  \n<br><br><a href=\"https:\/\/www.youtube.com\/watch?v=AB6M5K6CUtE\" target=\"_blank\" rel=\"\u201dnofollow\" style=\"color:#fff\">Sehen Sie sich das Video an<\/a>\t\t\t\t\t<\/p>\n\t\t\t\t\n\t\t\t<\/div>\n\t\t\t\n\t\t<\/div>\n\t\t\t\t\t\t<\/div>\n\t\t\t\t<\/div>\n\t\t\t\t\t<\/div>\n\t\t<\/div>\n\t\t\t\t<div class=\"elementor-column elementor-col-33 elementor-top-column elementor-element elementor-element-1812fbd\" data-id=\"1812fbd\" data-element_type=\"column\" data-e-type=\"column\">\n\t\t\t<div class=\"elementor-widget-wrap elementor-element-populated\">\n\t\t\t\t\t\t<div class=\"elementor-element elementor-element-edc9418 animated-slow elementor-invisible elementor-widget elementor-widget-icon-box\" data-id=\"edc9418\" data-element_type=\"widget\" data-e-type=\"widget\" data-settings=\"{&quot;_animation&quot;:&quot;fadeInUp&quot;}\" data-widget_type=\"icon-box.default\">\n\t\t\t\t<div class=\"elementor-widget-container\">\n\t\t\t\t\t\t\t<div class=\"elementor-icon-box-wrapper\">\n\n\t\t\t\n\t\t\t\t\t\t<div class=\"elementor-icon-box-content\">\n\n\t\t\t\t\t\t\t\t\t<h3 class=\"elementor-icon-box-title\">\n\t\t\t\t\t\t<span  >\n\t\t\t\t\t\t\tOver The Top\t\t\t\t\t\t<\/span>\n\t\t\t\t\t<\/h3>\n\t\t\t\t\n\t\t\t\t\t\t\t\t\t<p class=\"elementor-icon-box-description\">\n\t\t\t\t\t\t2 km\n<br><br><br>Die Strecke beginnt auf 2300 m H\u00f6he in Pomedes und ist ein Naturweg mit steinigem Untergrund. Das Dolomitenpanorama ist die Grundlage f\u00fcr diesen Mixed-Flow-Weg.\n<br><br>\n\t\t\t\t\t<\/p>\n\t\t\t\t\n\t\t\t<\/div>\n\t\t\t\n\t\t<\/div>\n\t\t\t\t\t\t<\/div>\n\t\t\t\t<\/div>\n\t\t\t\t\t<\/div>\n\t\t<\/div>\n\t\t\t\t\t<\/div>\n\t\t<\/section>\n\t\t\t\t<section class=\"elementor-section elementor-top-section elementor-element elementor-element-875d5db elementor-section-boxed elementor-section-height-default elementor-section-height-default\" data-id=\"875d5db\" data-element_type=\"section\" data-e-type=\"section\" data-settings=\"{&quot;jet_parallax_layout_list&quot;:[]}\">\n\t\t\t\t\t\t<div class=\"elementor-container elementor-column-gap-default\">\n\t\t\t\t\t<div class=\"elementor-column elementor-col-33 elementor-top-column elementor-element elementor-element-84cc77c\" data-id=\"84cc77c\" data-element_type=\"column\" data-e-type=\"column\">\n\t\t\t<div class=\"elementor-widget-wrap elementor-element-populated\">\n\t\t\t\t\t\t<div class=\"elementor-element elementor-element-54f3b0a animated-slow elementor-invisible elementor-widget elementor-widget-icon-box\" data-id=\"54f3b0a\" data-element_type=\"widget\" data-e-type=\"widget\" data-settings=\"{&quot;_animation&quot;:&quot;fadeInUp&quot;}\" data-widget_type=\"icon-box.default\">\n\t\t\t\t<div class=\"elementor-widget-container\">\n\t\t\t\t\t\t\t<div class=\"elementor-icon-box-wrapper\">\n\n\t\t\t\n\t\t\t\t\t\t<div class=\"elementor-icon-box-content\">\n\n\t\t\t\t\t\t\t\t\t<h3 class=\"elementor-icon-box-title\">\n\t\t\t\t\t\t<span  >\n\t\t\t\t\t\t\tDrusci\u00e9\t\t\t\t\t\t<\/span>\n\t\t\t\t\t<\/h3>\n\t\t\t\t\n\t\t\t\t\t\t\t\t\t<p class=\"elementor-icon-box-description\">\n\t\t\t\t\t\t2 km\n<br><br>Technischer, nat\u00fcrlicher Trail, der sich auch zum Downhill eignet. Er war der erste im Bike Park von Cortina. W\u00e4lder, Wurzeln und Steine besiegeln diesen Trail der alten Schule. Einfach lohnenswert!  \n<br><br>\t\t\t\t\t<\/p>\n\t\t\t\t\n\t\t\t<\/div>\n\t\t\t\n\t\t<\/div>\n\t\t\t\t\t\t<\/div>\n\t\t\t\t<\/div>\n\t\t\t\t\t<\/div>\n\t\t<\/div>\n\t\t\t\t<div class=\"elementor-column elementor-col-33 elementor-top-column elementor-element elementor-element-a774e4e\" data-id=\"a774e4e\" data-element_type=\"column\" data-e-type=\"column\">\n\t\t\t<div class=\"elementor-widget-wrap elementor-element-populated\">\n\t\t\t\t\t\t<div class=\"elementor-element elementor-element-76ec0b0 animated-slow elementor-invisible elementor-widget elementor-widget-icon-box\" data-id=\"76ec0b0\" data-element_type=\"widget\" data-e-type=\"widget\" data-settings=\"{&quot;_animation&quot;:&quot;fadeInUp&quot;}\" data-widget_type=\"icon-box.default\">\n\t\t\t\t<div class=\"elementor-widget-container\">\n\t\t\t\t\t\t\t<div class=\"elementor-icon-box-wrapper\">\n\n\t\t\t\n\t\t\t\t\t\t<div class=\"elementor-icon-box-content\">\n\n\t\t\t\t\t\t\t\t\t<h3 class=\"elementor-icon-box-title\">\n\t\t\t\t\t\t<span  >\n\t\t\t\t\t\t\tTofana Super Trail\t\t\t\t\t\t<\/span>\n\t\t\t\t\t<\/h3>\n\t\t\t\t\n\t\t\t\t\t\t\t\t\t<p class=\"elementor-icon-box-description\">\n\t\t\t\t\t\t3,5 km\n<br><br>Nat\u00fcrlicher Flow Trail f\u00fcr waghalsige Biker mit schnellen Abschnitten und mehr als 20 Spr\u00fcngen aller Art. Adrenalin pur vom ersten bis zum letzten Meter! \n<br><br>\t\t\t\t\t<\/p>\n\t\t\t\t\n\t\t\t<\/div>\n\t\t\t\n\t\t<\/div>\n\t\t\t\t\t\t<\/div>\n\t\t\t\t<\/div>\n\t\t\t\t\t<\/div>\n\t\t<\/div>\n\t\t\t\t<div class=\"elementor-column elementor-col-33 elementor-top-column elementor-element elementor-element-5d90c1f\" data-id=\"5d90c1f\" data-element_type=\"column\" data-e-type=\"column\">\n\t\t\t<div class=\"elementor-widget-wrap elementor-element-populated\">\n\t\t\t\t\t\t<div class=\"elementor-element elementor-element-7afb298 animated-slow elementor-invisible elementor-widget elementor-widget-icon-box\" data-id=\"7afb298\" data-element_type=\"widget\" data-e-type=\"widget\" data-settings=\"{&quot;_animation&quot;:&quot;fadeInUp&quot;}\" data-widget_type=\"icon-box.default\">\n\t\t\t\t<div class=\"elementor-widget-container\">\n\t\t\t\t\t\t\t<div class=\"elementor-icon-box-wrapper\">\n\n\t\t\t\n\t\t\t\t\t\t<div class=\"elementor-icon-box-content\">\n\n\t\t\t\t\t\t\t\t\t<h3 class=\"elementor-icon-box-title\">\n\t\t\t\t\t\t<span  >\n\t\t\t\t\t\t\tRa Stries\t\t\t\t\t\t<\/span>\n\t\t\t\t\t<\/h3>\n\t\t\t\t\n\t\t\t\t\t\t\t\t\t<p class=\"elementor-icon-box-description\">\n\t\t\t\t\t\t2 km\n<br><br>Trail mit mittlerem Schwierigkeitsgrad, kompakter und ebener Oberfl\u00e4che f\u00fcr brillante Biker; es ist ein sehr spa\u00dfiger Trail mit Parabolkurven, einigen Spr\u00fcngen und einigen technischen Passagen.<br><br>\n<br><br>\n\t\t\t\t\t<\/p>\n\t\t\t\t\n\t\t\t<\/div>\n\t\t\t\n\t\t<\/div>\n\t\t\t\t\t\t<\/div>\n\t\t\t\t<\/div>\n\t\t\t\t\t<\/div>\n\t\t<\/div>\n\t\t\t\t\t<\/div>\n\t\t<\/section>\n\t\t\t\t<section class=\"elementor-section elementor-top-section elementor-element elementor-element-4777ded elementor-section-boxed elementor-section-height-default elementor-section-height-default\" data-id=\"4777ded\" data-element_type=\"section\" data-e-type=\"section\" data-settings=\"{&quot;jet_parallax_layout_list&quot;:[]}\">\n\t\t\t\t\t\t<div class=\"elementor-container elementor-column-gap-default\">\n\t\t\t\t\t<div class=\"elementor-column elementor-col-33 elementor-top-column elementor-element elementor-element-4456cc0\" data-id=\"4456cc0\" data-element_type=\"column\" data-e-type=\"column\">\n\t\t\t<div class=\"elementor-widget-wrap elementor-element-populated\">\n\t\t\t\t\t\t<div class=\"elementor-element elementor-element-e58a33c animated-slow elementor-invisible elementor-widget elementor-widget-icon-box\" data-id=\"e58a33c\" data-element_type=\"widget\" data-e-type=\"widget\" data-settings=\"{&quot;_animation&quot;:&quot;fadeInUp&quot;}\" data-widget_type=\"icon-box.default\">\n\t\t\t\t<div class=\"elementor-widget-container\">\n\t\t\t\t\t\t\t<div class=\"elementor-icon-box-wrapper\">\n\n\t\t\t\n\t\t\t\t\t\t<div class=\"elementor-icon-box-content\">\n\n\t\t\t\t\t\t\t\t\t<h3 class=\"elementor-icon-box-title\">\n\t\t\t\t\t\t<span  >\n\t\t\t\t\t\t\tLucifer\t\t\t\t\t\t<\/span>\n\t\t\t\t\t<\/h3>\n\t\t\t\t\n\t\t\t\t\t\t\t\t\t<p class=\"elementor-icon-box-description\">\n\t\t\t\t\t\t1,6 km\n<br><br>Sie wurde entwickelt, um die F\u00e4higkeiten zu testen und eine fesselnde Herausforderung f\u00fcr Nervenkitzel- und Technikbegeisterte zu bieten. Mit steilen Abfahrten, engen Kurven und nat\u00fcrlichen Hindernissen, die Geschicklichkeit und Mut erfordern, ist sie der Ma\u00dfstab f\u00fcr erfahrene Biker. \n<br><br>\t\t\t\t\t<\/p>\n\t\t\t\t\n\t\t\t<\/div>\n\t\t\t\n\t\t<\/div>\n\t\t\t\t\t\t<\/div>\n\t\t\t\t<\/div>\n\t\t\t\t\t<\/div>\n\t\t<\/div>\n\t\t\t\t<div class=\"elementor-column elementor-col-33 elementor-top-column elementor-element elementor-element-e95c169\" data-id=\"e95c169\" data-element_type=\"column\" data-e-type=\"column\">\n\t\t\t<div class=\"elementor-widget-wrap elementor-element-populated\">\n\t\t\t\t\t\t<div class=\"elementor-element elementor-element-cec97b8 animated-slow elementor-invisible elementor-widget elementor-widget-icon-box\" data-id=\"cec97b8\" data-element_type=\"widget\" data-e-type=\"widget\" data-settings=\"{&quot;_animation&quot;:&quot;fadeInUp&quot;}\" data-widget_type=\"icon-box.default\">\n\t\t\t\t<div class=\"elementor-widget-container\">\n\t\t\t\t\t\t\t<div class=\"elementor-icon-box-wrapper\">\n\n\t\t\t\n\t\t\t\t\t\t<div class=\"elementor-icon-box-content\">\n\n\t\t\t\t\t\t\t\t\t<h3 class=\"elementor-icon-box-title\">\n\t\t\t\t\t\t<span  >\n\t\t\t\t\t\t\tCortina Line\t\t\t\t\t\t<\/span>\n\t\t\t\t\t<\/h3>\n\t\t\t\t\n\t\t\t\t\t\t\t\t\t<p class=\"elementor-icon-box-description\">\n\t\t\t\t\t\t3 km\n<br><br>Sie wurde entwickelt, um die M\u00f6glichkeit zu bieten, das Tal zu erreichen, ohne vom Rad abzusteigen. Sie startet an der Zwischenstation in Colfiere und erreicht den Startbahnhof in Cortina. Geeignet f\u00fcr diejenigen, die eine weniger extreme Erfahrung bevorzugen und die Grundlagen des Downhills kennenlernen m\u00f6chten. \n<br><br>\t\t\t\t\t<\/p>\n\t\t\t\t\n\t\t\t<\/div>\n\t\t\t\n\t\t<\/div>\n\t\t\t\t\t\t<\/div>\n\t\t\t\t<\/div>\n\t\t\t\t\t<\/div>\n\t\t<\/div>\n\t\t\t\t<div class=\"elementor-column elementor-col-33 elementor-top-column elementor-element elementor-element-eac64b9\" data-id=\"eac64b9\" data-element_type=\"column\" data-e-type=\"column\">\n\t\t\t<div class=\"elementor-widget-wrap\">\n\t\t\t\t\t\t\t<\/div>\n\t\t<\/div>\n\t\t\t\t\t<\/div>\n\t\t<\/section>\n\t\t\t\t<\/div>\n\t\t","protected":false},"excerpt":{"rendered":"<p>SOMMERSAISON 2026 13. Juni 2026 | 27. September 2026 CORTINA BIKE PARK DOLOMITI In Cortina d\u2019Ampezzo ist der Cortina Bike Park Dolomiti Teil des Veneto Bike Park-Kreislaufs und befindet sich in der Gegend von Socrepes und in Tofana; Es ist mit unseren Liften und mit der Seilbahn Freccia nel Cielo mit sehr bequemer Abfahrt vom [&hellip;]<\/p>\n","protected":false},"author":2,"featured_media":0,"parent":3795,"menu_order":0,"comment_status":"closed","ping_status":"closed","template":"","meta":{"inline_featured_image":false,"_monsterinsights_skip_tracking":false,"_monsterinsights_sitenote_active":false,"_monsterinsights_sitenote_note":"","_monsterinsights_sitenote_category":0,"site-sidebar-layout":"no-sidebar","site-content-layout":"page-builder","ast-site-content-layout":"full-width-container","site-content-style":"unboxed","site-sidebar-style":"unboxed","ast-global-header-display":"","ast-banner-title-visibility":"","ast-main-header-display":"","ast-hfb-above-header-display":"","ast-hfb-below-header-display":"","ast-hfb-mobile-header-display":"","site-post-title":"disabled","ast-breadcrumbs-content":"","ast-featured-img":"disabled","footer-sml-layout":"","ast-disable-related-posts":"","theme-transparent-header-meta":"","adv-header-id-meta":"","stick-header-meta":"","header-above-stick-meta":"","header-main-stick-meta":"","header-below-stick-meta":"","astra-migrate-meta-layouts":"set","ast-page-background-enabled":"default","ast-page-background-meta":{"desktop":{"background-color":"var(--ast-global-color-4)","background-image":"","background-repeat":"repeat","background-position":"center center","background-size":"auto","background-attachment":"scroll","background-type":"","background-media":"","overlay-type":"","overlay-color":"","overlay-opacity":"","overlay-gradient":""},"tablet":{"background-color":"","background-image":"","background-repeat":"repeat","background-position":"center center","background-size":"auto","background-attachment":"scroll","background-type":"","background-media":"","overlay-type":"","overlay-color":"","overlay-opacity":"","overlay-gradient":""},"mobile":{"background-color":"","background-image":"","background-repeat":"repeat","background-position":"center center","background-size":"auto","background-attachment":"scroll","background-type":"","background-media":"","overlay-type":"","overlay-color":"","overlay-opacity":"","overlay-gradient":""}},"ast-content-background-meta":{"desktop":{"background-color":"var(--ast-global-color-5)","background-image":"","background-repeat":"repeat","background-position":"center center","background-size":"auto","background-attachment":"scroll","background-type":"","background-media":"","overlay-type":"","overlay-color":"","overlay-opacity":"","overlay-gradient":""},"tablet":{"background-color":"var(--ast-global-color-5)","background-image":"","background-repeat":"repeat","background-position":"center center","background-size":"auto","background-attachment":"scroll","background-type":"","background-media":"","overlay-type":"","overlay-color":"","overlay-opacity":"","overlay-gradient":""},"mobile":{"background-color":"var(--ast-global-color-5)","background-image":"","background-repeat":"repeat","background-position":"center center","background-size":"auto","background-attachment":"scroll","background-type":"","background-media":"","overlay-type":"","overlay-color":"","overlay-opacity":"","overlay-gradient":""}},"footnotes":""},"class_list":["post-3800","page","type-page","status-publish","hentry"],"yoast_head":"<!-- This site is optimized with the Yoast SEO plugin v27.4 - https:\/\/yoast.com\/product\/yoast-seo-wordpress\/ -->\n<title>Cortina Bike Park Dolomiti - Tofana Cortina | Freccia nel Cielo<\/title>\n<meta name=\"robots\" content=\"index, follow, max-snippet:-1, max-image-preview:large, max-video-preview:-1\" \/>\n<link rel=\"canonical\" href=\"https:\/\/www.freccianelcielo.com\/de\/sommererlebnisse\/bike\/\" \/>\n<meta property=\"og:locale\" content=\"de_DE\" \/>\n<meta property=\"og:type\" content=\"article\" \/>\n<meta property=\"og:title\" content=\"Cortina Bike Park Dolomiti - Tofana Cortina | Freccia nel Cielo\" \/>\n<meta property=\"og:description\" content=\"SOMMERSAISON 2026 13. Juni 2026 | 27. September 2026 CORTINA BIKE PARK DOLOMITI In Cortina d\u2019Ampezzo ist der Cortina Bike Park Dolomiti Teil des Veneto Bike Park-Kreislaufs und befindet sich in der Gegend von Socrepes und in Tofana; Es ist mit unseren Liften und mit der Seilbahn Freccia nel Cielo mit sehr bequemer Abfahrt vom [&hellip;]\" \/>\n<meta property=\"og:url\" content=\"https:\/\/www.freccianelcielo.com\/de\/sommererlebnisse\/bike\/\" \/>\n<meta property=\"og:site_name\" content=\"Tofana Cortina\" \/>\n<meta property=\"article:publisher\" content=\"https:\/\/www.facebook.com\/funiviafreccia.cielo\" \/>\n<meta property=\"article:modified_time\" content=\"2026-04-13T08:30:52+00:00\" \/>\n<meta property=\"og:image\" content=\"https:\/\/www.freccianelcielo.com\/wp-content\/uploads\/2025\/06\/Tabellone-con-percorsi-Bike-Park_2025_page-0001-scaled.jpg\" \/>\n\t<meta property=\"og:image:width\" content=\"2371\" \/>\n\t<meta property=\"og:image:height\" content=\"2560\" \/>\n\t<meta property=\"og:image:type\" content=\"image\/jpeg\" \/>\n<meta name=\"twitter:card\" content=\"summary_large_image\" \/>\n<meta name=\"twitter:label1\" content=\"Gesch\u00e4tzte Lesezeit\" \/>\n\t<meta name=\"twitter:data1\" content=\"5\u00a0Minuten\" \/>\n<script type=\"application\/ld+json\" class=\"yoast-schema-graph\">{\"@context\":\"https:\\\/\\\/schema.org\",\"@graph\":[{\"@type\":\"WebPage\",\"@id\":\"https:\\\/\\\/www.freccianelcielo.com\\\/de\\\/sommererlebnisse\\\/bike\\\/\",\"url\":\"https:\\\/\\\/www.freccianelcielo.com\\\/de\\\/sommererlebnisse\\\/bike\\\/\",\"name\":\"Cortina Bike Park Dolomiti - Tofana Cortina | Freccia nel Cielo\",\"isPartOf\":{\"@id\":\"https:\\\/\\\/www.freccianelcielo.com\\\/#website\"},\"primaryImageOfPage\":{\"@id\":\"https:\\\/\\\/www.freccianelcielo.com\\\/de\\\/sommererlebnisse\\\/bike\\\/#primaryimage\"},\"image\":{\"@id\":\"https:\\\/\\\/www.freccianelcielo.com\\\/de\\\/sommererlebnisse\\\/bike\\\/#primaryimage\"},\"thumbnailUrl\":\"https:\\\/\\\/www.freccianelcielo.com\\\/wp-content\\\/uploads\\\/2025\\\/06\\\/Tabellone-con-percorsi-Bike-Park_2025_page-0001-scaled.jpg\",\"datePublished\":\"2023-01-26T16:49:32+00:00\",\"dateModified\":\"2026-04-13T08:30:52+00:00\",\"breadcrumb\":{\"@id\":\"https:\\\/\\\/www.freccianelcielo.com\\\/de\\\/sommererlebnisse\\\/bike\\\/#breadcrumb\"},\"inLanguage\":\"de\",\"potentialAction\":[{\"@type\":\"ReadAction\",\"target\":[\"https:\\\/\\\/www.freccianelcielo.com\\\/de\\\/sommererlebnisse\\\/bike\\\/\"]}]},{\"@type\":\"ImageObject\",\"inLanguage\":\"de\",\"@id\":\"https:\\\/\\\/www.freccianelcielo.com\\\/de\\\/sommererlebnisse\\\/bike\\\/#primaryimage\",\"url\":\"https:\\\/\\\/www.freccianelcielo.com\\\/wp-content\\\/uploads\\\/2025\\\/06\\\/Tabellone-con-percorsi-Bike-Park_2025_page-0001-scaled.jpg\",\"contentUrl\":\"https:\\\/\\\/www.freccianelcielo.com\\\/wp-content\\\/uploads\\\/2025\\\/06\\\/Tabellone-con-percorsi-Bike-Park_2025_page-0001-scaled.jpg\"},{\"@type\":\"BreadcrumbList\",\"@id\":\"https:\\\/\\\/www.freccianelcielo.com\\\/de\\\/sommererlebnisse\\\/bike\\\/#breadcrumb\",\"itemListElement\":[{\"@type\":\"ListItem\",\"position\":1,\"name\":\"Home\",\"item\":\"https:\\\/\\\/www.freccianelcielo.com\\\/de\\\/home\\\/\"},{\"@type\":\"ListItem\",\"position\":2,\"name\":\"SOMMERERLEBNISSE\",\"item\":\"https:\\\/\\\/www.freccianelcielo.com\\\/de\\\/sommererlebnisse\\\/\"},{\"@type\":\"ListItem\",\"position\":3,\"name\":\"Cortina Bike Park Dolomiti\"}]},{\"@type\":\"WebSite\",\"@id\":\"https:\\\/\\\/www.freccianelcielo.com\\\/#website\",\"url\":\"https:\\\/\\\/www.freccianelcielo.com\\\/\",\"name\":\"Tofana Cortina\",\"description\":\"Freccia nel Cielo\",\"publisher\":{\"@id\":\"https:\\\/\\\/www.freccianelcielo.com\\\/#organization\"},\"potentialAction\":[{\"@type\":\"SearchAction\",\"target\":{\"@type\":\"EntryPoint\",\"urlTemplate\":\"https:\\\/\\\/www.freccianelcielo.com\\\/?s={search_term_string}\"},\"query-input\":{\"@type\":\"PropertyValueSpecification\",\"valueRequired\":true,\"valueName\":\"search_term_string\"}}],\"inLanguage\":\"de\"},{\"@type\":\"Organization\",\"@id\":\"https:\\\/\\\/www.freccianelcielo.com\\\/#organization\",\"name\":\"Tofana Cortina\",\"url\":\"https:\\\/\\\/www.freccianelcielo.com\\\/\",\"logo\":{\"@type\":\"ImageObject\",\"inLanguage\":\"de\",\"@id\":\"https:\\\/\\\/www.freccianelcielo.com\\\/#\\\/schema\\\/logo\\\/image\\\/\",\"url\":\"https:\\\/\\\/www.freccianelcielo.com\\\/wp-content\\\/uploads\\\/2022\\\/10\\\/tofana-logo.svg\",\"contentUrl\":\"https:\\\/\\\/www.freccianelcielo.com\\\/wp-content\\\/uploads\\\/2022\\\/10\\\/tofana-logo.svg\",\"width\":208,\"height\":247,\"caption\":\"Tofana Cortina\"},\"image\":{\"@id\":\"https:\\\/\\\/www.freccianelcielo.com\\\/#\\\/schema\\\/logo\\\/image\\\/\"},\"sameAs\":[\"https:\\\/\\\/www.facebook.com\\\/funiviafreccia.cielo\",\"https:\\\/\\\/www.instagram.com\\\/tofanacortina\\\/\",\"https:\\\/\\\/it.linkedin.com\\\/company\\\/tofana-freccia-nel-cielo\",\"https:\\\/\\\/www.youtube.com\\\/channel\\\/UCL8BgwFTeNhUIWEP-cE81aA\",\"https:\\\/\\\/www.tripadvisor.it\\\/Attraction_Review-g194745-d7677791-Reviews-Tofana-Cortina_d_Ampezzo_Province_of_Belluno_Veneto.html\"]}]}<\/script>\n<!-- \/ Yoast SEO plugin. -->","yoast_head_json":{"title":"Cortina Bike Park Dolomiti - Tofana Cortina | Freccia nel Cielo","robots":{"index":"index","follow":"follow","max-snippet":"max-snippet:-1","max-image-preview":"max-image-preview:large","max-video-preview":"max-video-preview:-1"},"canonical":"https:\/\/www.freccianelcielo.com\/de\/sommererlebnisse\/bike\/","og_locale":"de_DE","og_type":"article","og_title":"Cortina Bike Park Dolomiti - Tofana Cortina | Freccia nel Cielo","og_description":"SOMMERSAISON 2026 13. Juni 2026 | 27. September 2026 CORTINA BIKE PARK DOLOMITI In Cortina d\u2019Ampezzo ist der Cortina Bike Park Dolomiti Teil des Veneto Bike Park-Kreislaufs und befindet sich in der Gegend von Socrepes und in Tofana; Es ist mit unseren Liften und mit der Seilbahn Freccia nel Cielo mit sehr bequemer Abfahrt vom [&hellip;]","og_url":"https:\/\/www.freccianelcielo.com\/de\/sommererlebnisse\/bike\/","og_site_name":"Tofana Cortina","article_publisher":"https:\/\/www.facebook.com\/funiviafreccia.cielo","article_modified_time":"2026-04-13T08:30:52+00:00","og_image":[{"width":2371,"height":2560,"url":"https:\/\/www.freccianelcielo.com\/wp-content\/uploads\/2025\/06\/Tabellone-con-percorsi-Bike-Park_2025_page-0001-scaled.jpg","type":"image\/jpeg"}],"twitter_card":"summary_large_image","twitter_misc":{"Gesch\u00e4tzte Lesezeit":"5\u00a0Minuten"},"schema":{"@context":"https:\/\/schema.org","@graph":[{"@type":"WebPage","@id":"https:\/\/www.freccianelcielo.com\/de\/sommererlebnisse\/bike\/","url":"https:\/\/www.freccianelcielo.com\/de\/sommererlebnisse\/bike\/","name":"Cortina Bike Park Dolomiti - Tofana Cortina | Freccia nel Cielo","isPartOf":{"@id":"https:\/\/www.freccianelcielo.com\/#website"},"primaryImageOfPage":{"@id":"https:\/\/www.freccianelcielo.com\/de\/sommererlebnisse\/bike\/#primaryimage"},"image":{"@id":"https:\/\/www.freccianelcielo.com\/de\/sommererlebnisse\/bike\/#primaryimage"},"thumbnailUrl":"https:\/\/www.freccianelcielo.com\/wp-content\/uploads\/2025\/06\/Tabellone-con-percorsi-Bike-Park_2025_page-0001-scaled.jpg","datePublished":"2023-01-26T16:49:32+00:00","dateModified":"2026-04-13T08:30:52+00:00","breadcrumb":{"@id":"https:\/\/www.freccianelcielo.com\/de\/sommererlebnisse\/bike\/#breadcrumb"},"inLanguage":"de","potentialAction":[{"@type":"ReadAction","target":["https:\/\/www.freccianelcielo.com\/de\/sommererlebnisse\/bike\/"]}]},{"@type":"ImageObject","inLanguage":"de","@id":"https:\/\/www.freccianelcielo.com\/de\/sommererlebnisse\/bike\/#primaryimage","url":"https:\/\/www.freccianelcielo.com\/wp-content\/uploads\/2025\/06\/Tabellone-con-percorsi-Bike-Park_2025_page-0001-scaled.jpg","contentUrl":"https:\/\/www.freccianelcielo.com\/wp-content\/uploads\/2025\/06\/Tabellone-con-percorsi-Bike-Park_2025_page-0001-scaled.jpg"},{"@type":"BreadcrumbList","@id":"https:\/\/www.freccianelcielo.com\/de\/sommererlebnisse\/bike\/#breadcrumb","itemListElement":[{"@type":"ListItem","position":1,"name":"Home","item":"https:\/\/www.freccianelcielo.com\/de\/home\/"},{"@type":"ListItem","position":2,"name":"SOMMERERLEBNISSE","item":"https:\/\/www.freccianelcielo.com\/de\/sommererlebnisse\/"},{"@type":"ListItem","position":3,"name":"Cortina Bike Park Dolomiti"}]},{"@type":"WebSite","@id":"https:\/\/www.freccianelcielo.com\/#website","url":"https:\/\/www.freccianelcielo.com\/","name":"Tofana Cortina","description":"Freccia nel Cielo","publisher":{"@id":"https:\/\/www.freccianelcielo.com\/#organization"},"potentialAction":[{"@type":"SearchAction","target":{"@type":"EntryPoint","urlTemplate":"https:\/\/www.freccianelcielo.com\/?s={search_term_string}"},"query-input":{"@type":"PropertyValueSpecification","valueRequired":true,"valueName":"search_term_string"}}],"inLanguage":"de"},{"@type":"Organization","@id":"https:\/\/www.freccianelcielo.com\/#organization","name":"Tofana Cortina","url":"https:\/\/www.freccianelcielo.com\/","logo":{"@type":"ImageObject","inLanguage":"de","@id":"https:\/\/www.freccianelcielo.com\/#\/schema\/logo\/image\/","url":"https:\/\/www.freccianelcielo.com\/wp-content\/uploads\/2022\/10\/tofana-logo.svg","contentUrl":"https:\/\/www.freccianelcielo.com\/wp-content\/uploads\/2022\/10\/tofana-logo.svg","width":208,"height":247,"caption":"Tofana Cortina"},"image":{"@id":"https:\/\/www.freccianelcielo.com\/#\/schema\/logo\/image\/"},"sameAs":["https:\/\/www.facebook.com\/funiviafreccia.cielo","https:\/\/www.instagram.com\/tofanacortina\/","https:\/\/it.linkedin.com\/company\/tofana-freccia-nel-cielo","https:\/\/www.youtube.com\/channel\/UCL8BgwFTeNhUIWEP-cE81aA","https:\/\/www.tripadvisor.it\/Attraction_Review-g194745-d7677791-Reviews-Tofana-Cortina_d_Ampezzo_Province_of_Belluno_Veneto.html"]}]}},"_links":{"self":[{"href":"https:\/\/www.freccianelcielo.com\/de\/wp-json\/wp\/v2\/pages\/3800","targetHints":{"allow":["GET"]}}],"collection":[{"href":"https:\/\/www.freccianelcielo.com\/de\/wp-json\/wp\/v2\/pages"}],"about":[{"href":"https:\/\/www.freccianelcielo.com\/de\/wp-json\/wp\/v2\/types\/page"}],"author":[{"embeddable":true,"href":"https:\/\/www.freccianelcielo.com\/de\/wp-json\/wp\/v2\/users\/2"}],"replies":[{"embeddable":true,"href":"https:\/\/www.freccianelcielo.com\/de\/wp-json\/wp\/v2\/comments?post=3800"}],"version-history":[{"count":76,"href":"https:\/\/www.freccianelcielo.com\/de\/wp-json\/wp\/v2\/pages\/3800\/revisions"}],"predecessor-version":[{"id":14537,"href":"https:\/\/www.freccianelcielo.com\/de\/wp-json\/wp\/v2\/pages\/3800\/revisions\/14537"}],"up":[{"embeddable":true,"href":"https:\/\/www.freccianelcielo.com\/de\/wp-json\/wp\/v2\/pages\/3795"}],"wp:attachment":[{"href":"https:\/\/www.freccianelcielo.com\/de\/wp-json\/wp\/v2\/media?parent=3800"}],"curies":[{"name":"wp","href":"https:\/\/api.w.org\/{rel}","templated":true}]}}