{"id":3904,"date":"2023-03-01T15:29:09","date_gmt":"2023-03-01T14:29:09","guid":{"rendered":"https:\/\/www.freccianelcielo.com\/?page_id=3904"},"modified":"2023-07-26T10:34:06","modified_gmt":"2023-07-26T08:34:06","slug":"gipfelkreuz-und-aussichtspunkte","status":"publish","type":"page","link":"https:\/\/www.freccianelcielo.com\/de\/interessenpunkte\/gipfelkreuz-und-aussichtspunkte\/","title":{"rendered":"Gipfelkreuz und Aussichtspunkte"},"content":{"rendered":"\t\t<div data-elementor-type=\"wp-page\" data-elementor-id=\"3904\" class=\"elementor elementor-3904 elementor-3181\" data-elementor-post-type=\"page\">\n\t\t\t\t\t\t<section class=\"elementor-section elementor-top-section elementor-element elementor-element-efd5266 elementor-section-height-min-height elementor-section-items-bottom elementor-section-boxed elementor-section-height-default\" data-id=\"efd5266\" data-element_type=\"section\" data-e-type=\"section\" data-settings=\"{&quot;jet_parallax_layout_list&quot;:[],&quot;background_background&quot;:&quot;classic&quot;}\">\n\t\t\t\t\t\t\t<div class=\"elementor-background-overlay\"><\/div>\n\t\t\t\t\t\t\t<div class=\"elementor-container elementor-column-gap-default\">\n\t\t\t\t\t<div class=\"elementor-column elementor-col-100 elementor-top-column elementor-element elementor-element-4e74b93 animated-slow elementor-invisible\" data-id=\"4e74b93\" data-element_type=\"column\" data-e-type=\"column\" data-settings=\"{&quot;animation&quot;:&quot;fadeIn&quot;,&quot;animation_delay&quot;:1000}\">\n\t\t\t<div class=\"elementor-widget-wrap elementor-element-populated\">\n\t\t\t\t\t\t<div class=\"elementor-element elementor-element-1601734 elementor-widget elementor-widget-breadcrumbs\" data-id=\"1601734\" data-element_type=\"widget\" data-e-type=\"widget\" data-widget_type=\"breadcrumbs.default\">\n\t\t\t\t<div class=\"elementor-widget-container\">\n\t\t\t\t\t<p id=\"breadcrumbs\"><span><span><a href=\"https:\/\/www.freccianelcielo.com\/de\/home\/\">Home<\/a><\/span><\/span><\/p>\t\t\t\t<\/div>\n\t\t\t\t<\/div>\n\t\t\t\t\t<\/div>\n\t\t<\/div>\n\t\t\t\t\t<\/div>\n\t\t<\/section>\n\t\t\t\t<section class=\"elementor-section elementor-top-section elementor-element elementor-element-2c95784 elementor-section-boxed elementor-section-height-default elementor-section-height-default\" data-id=\"2c95784\" data-element_type=\"section\" data-e-type=\"section\" data-settings=\"{&quot;jet_parallax_layout_list&quot;:[]}\">\n\t\t\t\t\t\t<div class=\"elementor-container elementor-column-gap-default\">\n\t\t\t\t\t<div class=\"elementor-column elementor-col-100 elementor-top-column elementor-element elementor-element-8904506 animated-slow elementor-invisible\" data-id=\"8904506\" data-element_type=\"column\" data-e-type=\"column\" data-settings=\"{&quot;animation&quot;:&quot;fadeInUp&quot;}\">\n\t\t\t<div class=\"elementor-widget-wrap elementor-element-populated\">\n\t\t\t\t\t\t<div class=\"elementor-element elementor-element-9a1f366 elementor-widget elementor-widget-heading\" data-id=\"9a1f366\" data-element_type=\"widget\" data-e-type=\"widget\" data-widget_type=\"heading.default\">\n\t\t\t\t<div class=\"elementor-widget-container\">\n\t\t\t\t\t<h4 class=\"elementor-heading-title elementor-size-default\">Gipfelkreuz \u2013 Cima Tofana di Mezzo 3244 m<\/h4>\t\t\t\t<\/div>\n\t\t\t\t<\/div>\n\t\t\t\t<div class=\"elementor-element elementor-element-0684eb9 elementor-widget elementor-widget-text-editor\" data-id=\"0684eb9\" data-element_type=\"widget\" data-e-type=\"widget\" data-widget_type=\"text-editor.default\">\n\t\t\t\t<div class=\"elementor-widget-container\">\n\t\t\t\t\t\t\t\t\t<p>Die Cima Tofana ist die letzte und spektakul\u00e4rste Etappe der Fahrt mit der Freccia nel Cielo: Ausgehend von 1216 m Meeresh\u00f6he schwebt man erst \u00fcber die gr\u00fcnen W\u00e4lder von Col Drusci\u00e9, dann \u00fcber die Mondlandschaft von Ra Valles und erreicht schlie\u00dflich die Bergstation in 3244 m H\u00f6he.<\/p><p>Der Gipfel der Tofana di Mezzo \u2013 der dritth\u00f6chste der Dolomiten \u2013 liegt kaum 15 Gehminuten von der Station entfernt. Der bequeme Gehweg beginnt an der Treppe der Panoramaterrasse und ist zwar etwas ausgesetzt, aber gut mit Stahlseilen gesichert.<\/p><p>Am Gipfel scheint der Himmel zum Greifen nah, und der Rundblick auf die gesamten Dolomiten ist schlicht atemberaubend.<\/p><p>Entlang des Wegs zum Gipfel finden sich mehrere Aussichtspunkte mit Tafeln, die Informationen \u00fcber die umliegenden Gipfel bieten. Gro\u00df und Klein k\u00f6nnen hier ihr Bergwissen auf die Probe stellen.<\/p>\t\t\t\t\t\t\t\t<\/div>\n\t\t\t\t<\/div>\n\t\t\t\t\t<\/div>\n\t\t<\/div>\n\t\t\t\t\t<\/div>\n\t\t<\/section>\n\t\t\t\t<section class=\"elementor-section elementor-top-section elementor-element elementor-element-52c6faa elementor-section-boxed elementor-section-height-default elementor-section-height-default\" data-id=\"52c6faa\" data-element_type=\"section\" data-e-type=\"section\" data-settings=\"{&quot;jet_parallax_layout_list&quot;:[]}\">\n\t\t\t\t\t\t<div class=\"elementor-container elementor-column-gap-default\">\n\t\t\t\t\t<div class=\"elementor-column elementor-col-100 elementor-top-column elementor-element elementor-element-a44c140\" data-id=\"a44c140\" data-element_type=\"column\" data-e-type=\"column\">\n\t\t\t<div class=\"elementor-widget-wrap elementor-element-populated\">\n\t\t\t\t\t\t<div class=\"elementor-element elementor-element-f9c2497 elementor-widget elementor-widget-gallery\" data-id=\"f9c2497\" data-element_type=\"widget\" data-e-type=\"widget\" data-settings=\"{&quot;aspect_ratio&quot;:&quot;1:1&quot;,&quot;lazyload&quot;:&quot;yes&quot;,&quot;gallery_layout&quot;:&quot;grid&quot;,&quot;columns&quot;:4,&quot;columns_tablet&quot;:2,&quot;columns_mobile&quot;:1,&quot;gap&quot;:{&quot;unit&quot;:&quot;px&quot;,&quot;size&quot;:10,&quot;sizes&quot;:[]},&quot;gap_tablet&quot;:{&quot;unit&quot;:&quot;px&quot;,&quot;size&quot;:10,&quot;sizes&quot;:[]},&quot;gap_mobile&quot;:{&quot;unit&quot;:&quot;px&quot;,&quot;size&quot;:10,&quot;sizes&quot;:[]},&quot;link_to&quot;:&quot;file&quot;,&quot;overlay_background&quot;:&quot;yes&quot;,&quot;content_hover_animation&quot;:&quot;fade-in&quot;}\" data-widget_type=\"gallery.default\">\n\t\t\t\t<div class=\"elementor-widget-container\">\n\t\t\t\t\t\t\t<div class=\"elementor-gallery__container\">\n\t\t\t\t\t\t\t<a class=\"e-gallery-item elementor-gallery-item elementor-animated-content\" href=\"https:\/\/www.freccianelcielo.com\/wp-content\/uploads\/2023\/07\/croce-gallery-1.webp\" data-elementor-open-lightbox=\"yes\" data-elementor-lightbox-slideshow=\"f9c2497\" data-elementor-lightbox-title=\"croce-gallery-1.webp\" data-e-action-hash=\"#elementor-action%3Aaction%3Dlightbox%26settings%3DeyJpZCI6NzQ3NSwidXJsIjoiaHR0cHM6XC9cL3d3dy5mcmVjY2lhbmVsY2llbG8uY29tXC93cC1jb250ZW50XC91cGxvYWRzXC8yMDIzXC8wN1wvY3JvY2UtZ2FsbGVyeS0xLndlYnAiLCJzbGlkZXNob3ciOiJmOWMyNDk3In0%3D\">\n\t\t\t\t\t<div class=\"e-gallery-image elementor-gallery-item__image\" data-thumbnail=\"https:\/\/www.freccianelcielo.com\/wp-content\/uploads\/2023\/07\/croce-gallery-1.webp\" data-width=\"1920\" data-height=\"1280\" aria-label=\"\" role=\"img\" ><\/div>\n\t\t\t\t\t\t\t\t\t\t\t<div class=\"elementor-gallery-item__overlay\"><\/div>\n\t\t\t\t\t\t\t\t\t\t\t\t\t\t<\/a>\n\t\t\t\t\t\t\t<a class=\"e-gallery-item elementor-gallery-item elementor-animated-content\" href=\"https:\/\/www.freccianelcielo.com\/wp-content\/uploads\/2023\/07\/croce-gallery-2.webp\" data-elementor-open-lightbox=\"yes\" data-elementor-lightbox-slideshow=\"f9c2497\" data-elementor-lightbox-title=\"croce-gallery-2.webp\" data-e-action-hash=\"#elementor-action%3Aaction%3Dlightbox%26settings%3DeyJpZCI6NzQ3OCwidXJsIjoiaHR0cHM6XC9cL3d3dy5mcmVjY2lhbmVsY2llbG8uY29tXC93cC1jb250ZW50XC91cGxvYWRzXC8yMDIzXC8wN1wvY3JvY2UtZ2FsbGVyeS0yLndlYnAiLCJzbGlkZXNob3ciOiJmOWMyNDk3In0%3D\">\n\t\t\t\t\t<div class=\"e-gallery-image elementor-gallery-item__image\" data-thumbnail=\"https:\/\/www.freccianelcielo.com\/wp-content\/uploads\/2023\/07\/croce-gallery-2.webp\" data-width=\"1920\" data-height=\"1280\" aria-label=\"\" role=\"img\" ><\/div>\n\t\t\t\t\t\t\t\t\t\t\t<div class=\"elementor-gallery-item__overlay\"><\/div>\n\t\t\t\t\t\t\t\t\t\t\t\t\t\t<\/a>\n\t\t\t\t\t\t\t<a class=\"e-gallery-item elementor-gallery-item elementor-animated-content\" href=\"https:\/\/www.freccianelcielo.com\/wp-content\/uploads\/2023\/07\/DSC5432-panoramica-b20160824__\u00a9-Nicola-Sauro-1-1.jpg\" data-elementor-open-lightbox=\"yes\" data-elementor-lightbox-slideshow=\"f9c2497\" data-elementor-lightbox-title=\"DSC5432-panoramica-b20160824__\u00a9-Nicola-Sauro-1.jpg\" data-e-action-hash=\"#elementor-action%3Aaction%3Dlightbox%26settings%3DeyJpZCI6NzQ4MSwidXJsIjoiaHR0cHM6XC9cL3d3dy5mcmVjY2lhbmVsY2llbG8uY29tXC93cC1jb250ZW50XC91cGxvYWRzXC8yMDIzXC8wN1wvRFNDNTQzMi1wYW5vcmFtaWNhLWIyMDE2MDgyNF9fXHUwMGE5LU5pY29sYS1TYXVyby0xLTEuanBnIiwic2xpZGVzaG93IjoiZjljMjQ5NyJ9\">\n\t\t\t\t\t<div class=\"e-gallery-image elementor-gallery-item__image\" data-thumbnail=\"https:\/\/www.freccianelcielo.com\/wp-content\/uploads\/2023\/07\/DSC5432-panoramica-b20160824__\u00a9-Nicola-Sauro-1-1.jpg\" data-width=\"1200\" data-height=\"471\" aria-label=\"\" role=\"img\" ><\/div>\n\t\t\t\t\t\t\t\t\t\t\t<div class=\"elementor-gallery-item__overlay\"><\/div>\n\t\t\t\t\t\t\t\t\t\t\t\t\t\t<\/a>\n\t\t\t\t\t\t\t<a class=\"e-gallery-item elementor-gallery-item elementor-animated-content\" href=\"https:\/\/www.freccianelcielo.com\/wp-content\/uploads\/2023\/07\/croce-gallery-5.webp\" data-elementor-open-lightbox=\"yes\" data-elementor-lightbox-slideshow=\"f9c2497\" data-elementor-lightbox-title=\"croce-gallery-5.webp\" data-e-action-hash=\"#elementor-action%3Aaction%3Dlightbox%26settings%3DeyJpZCI6NzQ4NCwidXJsIjoiaHR0cHM6XC9cL3d3dy5mcmVjY2lhbmVsY2llbG8uY29tXC93cC1jb250ZW50XC91cGxvYWRzXC8yMDIzXC8wN1wvY3JvY2UtZ2FsbGVyeS01LndlYnAiLCJzbGlkZXNob3ciOiJmOWMyNDk3In0%3D\">\n\t\t\t\t\t<div class=\"e-gallery-image elementor-gallery-item__image\" data-thumbnail=\"https:\/\/www.freccianelcielo.com\/wp-content\/uploads\/2023\/07\/croce-gallery-5.webp\" data-width=\"1920\" data-height=\"1280\" aria-label=\"\" role=\"img\" ><\/div>\n\t\t\t\t\t\t\t\t\t\t\t<div class=\"elementor-gallery-item__overlay\"><\/div>\n\t\t\t\t\t\t\t\t\t\t\t\t\t\t<\/a>\n\t\t\t\t\t\t\t<a class=\"e-gallery-item elementor-gallery-item elementor-animated-content\" href=\"https:\/\/www.freccianelcielo.com\/wp-content\/uploads\/2023\/07\/DSC527920160824__\u00a9-Nicola-Sauro-1.jpg\" data-elementor-open-lightbox=\"yes\" data-elementor-lightbox-slideshow=\"f9c2497\" data-elementor-lightbox-title=\"DSC527920160824__\u00a9-Nicola-Sauro.jpg\" data-e-action-hash=\"#elementor-action%3Aaction%3Dlightbox%26settings%3DeyJpZCI6NzQ4NywidXJsIjoiaHR0cHM6XC9cL3d3dy5mcmVjY2lhbmVsY2llbG8uY29tXC93cC1jb250ZW50XC91cGxvYWRzXC8yMDIzXC8wN1wvRFNDNTI3OTIwMTYwODI0X19cdTAwYTktTmljb2xhLVNhdXJvLTEuanBnIiwic2xpZGVzaG93IjoiZjljMjQ5NyJ9\">\n\t\t\t\t\t<div class=\"e-gallery-image elementor-gallery-item__image\" data-thumbnail=\"https:\/\/www.freccianelcielo.com\/wp-content\/uploads\/2023\/07\/DSC527920160824__\u00a9-Nicola-Sauro-1.jpg\" data-width=\"1200\" data-height=\"800\" aria-label=\"\" role=\"img\" ><\/div>\n\t\t\t\t\t\t\t\t\t\t\t<div class=\"elementor-gallery-item__overlay\"><\/div>\n\t\t\t\t\t\t\t\t\t\t\t\t\t\t<\/a>\n\t\t\t\t\t\t\t<a class=\"e-gallery-item elementor-gallery-item elementor-animated-content\" href=\"https:\/\/www.freccianelcielo.com\/wp-content\/uploads\/2023\/07\/croce-gallery-6.webp\" data-elementor-open-lightbox=\"yes\" data-elementor-lightbox-slideshow=\"f9c2497\" data-elementor-lightbox-title=\"croce-gallery-6.webp\" data-e-action-hash=\"#elementor-action%3Aaction%3Dlightbox%26settings%3DeyJpZCI6NzQ5MCwidXJsIjoiaHR0cHM6XC9cL3d3dy5mcmVjY2lhbmVsY2llbG8uY29tXC93cC1jb250ZW50XC91cGxvYWRzXC8yMDIzXC8wN1wvY3JvY2UtZ2FsbGVyeS02LndlYnAiLCJzbGlkZXNob3ciOiJmOWMyNDk3In0%3D\">\n\t\t\t\t\t<div class=\"e-gallery-image elementor-gallery-item__image\" data-thumbnail=\"https:\/\/www.freccianelcielo.com\/wp-content\/uploads\/2023\/07\/croce-gallery-6.webp\" data-width=\"1920\" data-height=\"1280\" aria-label=\"\" role=\"img\" ><\/div>\n\t\t\t\t\t\t\t\t\t\t\t<div class=\"elementor-gallery-item__overlay\"><\/div>\n\t\t\t\t\t\t\t\t\t\t\t\t\t\t<\/a>\n\t\t\t\t\t\t\t<a class=\"e-gallery-item elementor-gallery-item elementor-animated-content\" href=\"https:\/\/www.freccianelcielo.com\/wp-content\/uploads\/2023\/07\/croce-gallery-7.webp\" data-elementor-open-lightbox=\"yes\" data-elementor-lightbox-slideshow=\"f9c2497\" data-elementor-lightbox-title=\"croce-gallery-7.webp\" data-e-action-hash=\"#elementor-action%3Aaction%3Dlightbox%26settings%3DeyJpZCI6NzQ5MywidXJsIjoiaHR0cHM6XC9cL3d3dy5mcmVjY2lhbmVsY2llbG8uY29tXC93cC1jb250ZW50XC91cGxvYWRzXC8yMDIzXC8wN1wvY3JvY2UtZ2FsbGVyeS03LndlYnAiLCJzbGlkZXNob3ciOiJmOWMyNDk3In0%3D\">\n\t\t\t\t\t<div class=\"e-gallery-image elementor-gallery-item__image\" data-thumbnail=\"https:\/\/www.freccianelcielo.com\/wp-content\/uploads\/2023\/07\/croce-gallery-7.webp\" data-width=\"1920\" data-height=\"1280\" aria-label=\"\" role=\"img\" ><\/div>\n\t\t\t\t\t\t\t\t\t\t\t<div class=\"elementor-gallery-item__overlay\"><\/div>\n\t\t\t\t\t\t\t\t\t\t\t\t\t\t<\/a>\n\t\t\t\t\t\t\t<a class=\"e-gallery-item elementor-gallery-item elementor-animated-content\" href=\"https:\/\/www.freccianelcielo.com\/wp-content\/uploads\/2023\/07\/croce-gallery-8.webp\" data-elementor-open-lightbox=\"yes\" data-elementor-lightbox-slideshow=\"f9c2497\" data-elementor-lightbox-title=\"croce-gallery-8.webp\" data-e-action-hash=\"#elementor-action%3Aaction%3Dlightbox%26settings%3DeyJpZCI6NzQ5NiwidXJsIjoiaHR0cHM6XC9cL3d3dy5mcmVjY2lhbmVsY2llbG8uY29tXC93cC1jb250ZW50XC91cGxvYWRzXC8yMDIzXC8wN1wvY3JvY2UtZ2FsbGVyeS04LndlYnAiLCJzbGlkZXNob3ciOiJmOWMyNDk3In0%3D\">\n\t\t\t\t\t<div class=\"e-gallery-image elementor-gallery-item__image\" data-thumbnail=\"https:\/\/www.freccianelcielo.com\/wp-content\/uploads\/2023\/07\/croce-gallery-8.webp\" data-width=\"1920\" data-height=\"1280\" aria-label=\"\" role=\"img\" ><\/div>\n\t\t\t\t\t\t\t\t\t\t\t<div class=\"elementor-gallery-item__overlay\"><\/div>\n\t\t\t\t\t\t\t\t\t\t\t\t\t\t<\/a>\n\t\t\t\t\t<\/div>\n\t\t\t\t\t<\/div>\n\t\t\t\t<\/div>\n\t\t\t\t\t<\/div>\n\t\t<\/div>\n\t\t\t\t\t<\/div>\n\t\t<\/section>\n\t\t\t\t<section class=\"elementor-section elementor-top-section elementor-element elementor-element-7cd6924 elementor-section-boxed elementor-section-height-default elementor-section-height-default\" data-id=\"7cd6924\" data-element_type=\"section\" data-e-type=\"section\" data-settings=\"{&quot;jet_parallax_layout_list&quot;:[]}\">\n\t\t\t\t\t\t<div class=\"elementor-container elementor-column-gap-default\">\n\t\t\t\t\t<div class=\"elementor-column elementor-col-100 elementor-top-column elementor-element elementor-element-c68b992 animated-slow elementor-invisible\" data-id=\"c68b992\" data-element_type=\"column\" data-e-type=\"column\" data-settings=\"{&quot;animation&quot;:&quot;fadeInUp&quot;}\">\n\t\t\t<div class=\"elementor-widget-wrap elementor-element-populated\">\n\t\t\t\t\t\t<div class=\"elementor-element elementor-element-84fba47 elementor-widget elementor-widget-heading\" data-id=\"84fba47\" data-element_type=\"widget\" data-e-type=\"widget\" data-widget_type=\"heading.default\">\n\t\t\t\t<div class=\"elementor-widget-container\">\n\t\t\t\t\t<h4 class=\"elementor-heading-title elementor-size-default\">Der Abgrund an der Tofana \u2013 Abisso di Tofana<\/h4>\t\t\t\t<\/div>\n\t\t\t\t<\/div>\n\t\t\t\t<div class=\"elementor-element elementor-element-bc062ff elementor-widget elementor-widget-text-editor\" data-id=\"bc062ff\" data-element_type=\"widget\" data-e-type=\"widget\" data-widget_type=\"text-editor.default\">\n\t\t\t\t<div class=\"elementor-widget-container\">\n\t\t\t\t\t\t\t\t\t<p>Im Fr\u00fchjahr bildet sich zur Schneeschmelze unterhalb von Tofana di Mezzo und Tofana di Dentro ein eindrucksvoller Hochgebirgssee, der allerdings mysteri\u00f6serweise mit Sommerbeginn fast zur G\u00e4nze wieder verschwindet.<\/p><p>\u00a0<\/p><p>Nach dem R\u00fcckzug einer gro\u00dfen Zunge des Gletschers an der Tofana di Mezzo in 2950 m H\u00f6he blieb eine ausgedehnte, von Mor\u00e4nenschutt bedeckte Senke zur\u00fcck. An ihrem Grund befindet sich ein kleiner See, aus dem das Schmelzwasser des Gletschers in einen gro\u00dfen Riss flie\u00dft.<\/p><p>Auf Betreiben der Leitung des Naturparks der Ampezzaner Dolomiten wurde im Sp\u00e4tsommer 2003 nach langwierigen S\u00e4uberungsarbeiten an den Schachtr\u00e4ndern der erste Abstieg in eine Tiefe von 70 m unternommen. Weitere 30 m konnten lediglich auf Sicht erkundet werden, da der dichte Wassernebel ein weiteres Vordringen verhinderte.<\/p><p>Ein dritter, n\u00e4chtlicher Versuch bei niedrigeren Temperaturen und geringerem Wasserzufluss folgte im Herbst 2004, musste aber erneut oberhalb eines vereisten, stark \u00fcbersp\u00fclten Felsvorsprungs in etwa 100 m Tiefe abgebrochen werden.<\/p><p>In Zusammenarbeit mit dem Naturpark Ampezzaner Dolomiten und dem Institut f\u00fcr Geologie, Pal\u00e4ontologie und Geophysik der Universit\u00e4t Padua wurde am 21. und 22. November 2004 ein vierter Versuch unternommen: Diesmal erleichterten die sp\u00e4rliche Schneedecke, kalte Nachttemperaturen von -20 Grad, das Ausbleiben des Wasserzuflusses und die gute Stabilit\u00e4t der W\u00e4nde das Unterfangen.<\/p><p>Der Hohlraum besteht aus einem einzigen gro\u00dfen, langgestreckten elliptischen Abschnitt entlang der Nord-S\u00fcd-Achse des Hauptbruchs und weist einen weiteren Engpass in einer Tiefe von 30 m auf.<\/p><p>Bei einem n\u00e4chtlichen Abstieg wurde ein Felsvorsprung in einer Tiefe von 151 m erreicht, wo ein schmaler Keil aus Eis und Fels vorerst jedes weitere Vordringen verhindert.<\/p>\t\t\t\t\t\t\t\t<\/div>\n\t\t\t\t<\/div>\n\t\t\t\t\t<\/div>\n\t\t<\/div>\n\t\t\t\t\t<\/div>\n\t\t<\/section>\n\t\t\t\t<section class=\"elementor-section elementor-top-section elementor-element elementor-element-f725dc0 elementor-section-boxed elementor-section-height-default elementor-section-height-default\" data-id=\"f725dc0\" data-element_type=\"section\" data-e-type=\"section\" data-settings=\"{&quot;jet_parallax_layout_list&quot;:[]}\">\n\t\t\t\t\t\t<div class=\"elementor-container elementor-column-gap-default\">\n\t\t\t\t\t<div class=\"elementor-column elementor-col-100 elementor-top-column elementor-element elementor-element-710bec5\" data-id=\"710bec5\" data-element_type=\"column\" data-e-type=\"column\">\n\t\t\t<div class=\"elementor-widget-wrap elementor-element-populated\">\n\t\t\t\t\t\t<div class=\"elementor-element elementor-element-dcc758b elementor-widget elementor-widget-gallery\" data-id=\"dcc758b\" data-element_type=\"widget\" data-e-type=\"widget\" data-settings=\"{&quot;aspect_ratio&quot;:&quot;1:1&quot;,&quot;lazyload&quot;:&quot;yes&quot;,&quot;gallery_layout&quot;:&quot;grid&quot;,&quot;columns&quot;:4,&quot;columns_tablet&quot;:2,&quot;columns_mobile&quot;:1,&quot;gap&quot;:{&quot;unit&quot;:&quot;px&quot;,&quot;size&quot;:10,&quot;sizes&quot;:[]},&quot;gap_tablet&quot;:{&quot;unit&quot;:&quot;px&quot;,&quot;size&quot;:10,&quot;sizes&quot;:[]},&quot;gap_mobile&quot;:{&quot;unit&quot;:&quot;px&quot;,&quot;size&quot;:10,&quot;sizes&quot;:[]},&quot;link_to&quot;:&quot;file&quot;,&quot;overlay_background&quot;:&quot;yes&quot;,&quot;content_hover_animation&quot;:&quot;fade-in&quot;}\" data-widget_type=\"gallery.default\">\n\t\t\t\t<div class=\"elementor-widget-container\">\n\t\t\t\t\t\t\t<div class=\"elementor-gallery__container\">\n\t\t\t\t\t\t\t<a class=\"e-gallery-item elementor-gallery-item elementor-animated-content\" href=\"https:\/\/www.freccianelcielo.com\/wp-content\/uploads\/2023\/03\/abisso-1.webp\" data-elementor-open-lightbox=\"yes\" data-elementor-lightbox-slideshow=\"dcc758b\" data-elementor-lightbox-title=\"Abisso di Tofana\" data-e-action-hash=\"#elementor-action%3Aaction%3Dlightbox%26settings%3DeyJpZCI6MzU0NywidXJsIjoiaHR0cHM6XC9cL3d3dy5mcmVjY2lhbmVsY2llbG8uY29tXC93cC1jb250ZW50XC91cGxvYWRzXC8yMDIzXC8wM1wvYWJpc3NvLTEud2VicCIsInNsaWRlc2hvdyI6ImRjYzc1OGIifQ%3D%3D\">\n\t\t\t\t\t<div class=\"e-gallery-image elementor-gallery-item__image\" data-thumbnail=\"https:\/\/www.freccianelcielo.com\/wp-content\/uploads\/2023\/03\/abisso-1.webp\" data-width=\"1920\" data-height=\"1280\" aria-label=\"\" role=\"img\" ><\/div>\n\t\t\t\t\t\t\t\t\t\t\t<div class=\"elementor-gallery-item__overlay\"><\/div>\n\t\t\t\t\t\t\t\t\t\t\t\t\t\t<\/a>\n\t\t\t\t\t\t\t<a class=\"e-gallery-item elementor-gallery-item elementor-animated-content\" href=\"https:\/\/www.freccianelcielo.com\/wp-content\/uploads\/2023\/03\/abisso-4.webp\" data-elementor-open-lightbox=\"yes\" data-elementor-lightbox-slideshow=\"dcc758b\" data-elementor-lightbox-title=\"Abisso di Tofana\" data-e-action-hash=\"#elementor-action%3Aaction%3Dlightbox%26settings%3DeyJpZCI6MzU1NiwidXJsIjoiaHR0cHM6XC9cL3d3dy5mcmVjY2lhbmVsY2llbG8uY29tXC93cC1jb250ZW50XC91cGxvYWRzXC8yMDIzXC8wM1wvYWJpc3NvLTQud2VicCIsInNsaWRlc2hvdyI6ImRjYzc1OGIifQ%3D%3D\">\n\t\t\t\t\t<div class=\"e-gallery-image elementor-gallery-item__image\" data-thumbnail=\"https:\/\/www.freccianelcielo.com\/wp-content\/uploads\/2023\/03\/abisso-4.webp\" data-width=\"1920\" data-height=\"1280\" aria-label=\"\" role=\"img\" ><\/div>\n\t\t\t\t\t\t\t\t\t\t\t<div class=\"elementor-gallery-item__overlay\"><\/div>\n\t\t\t\t\t\t\t\t\t\t\t\t\t\t<\/a>\n\t\t\t\t\t\t\t<a class=\"e-gallery-item elementor-gallery-item elementor-animated-content\" href=\"https:\/\/www.freccianelcielo.com\/wp-content\/uploads\/2023\/03\/abisso-3.webp\" data-elementor-open-lightbox=\"yes\" data-elementor-lightbox-slideshow=\"dcc758b\" data-elementor-lightbox-title=\"Abisso di Tofana\" data-e-action-hash=\"#elementor-action%3Aaction%3Dlightbox%26settings%3DeyJpZCI6MzU1MywidXJsIjoiaHR0cHM6XC9cL3d3dy5mcmVjY2lhbmVsY2llbG8uY29tXC93cC1jb250ZW50XC91cGxvYWRzXC8yMDIzXC8wM1wvYWJpc3NvLTMud2VicCIsInNsaWRlc2hvdyI6ImRjYzc1OGIifQ%3D%3D\">\n\t\t\t\t\t<div class=\"e-gallery-image elementor-gallery-item__image\" data-thumbnail=\"https:\/\/www.freccianelcielo.com\/wp-content\/uploads\/2023\/03\/abisso-3.webp\" data-width=\"1920\" data-height=\"1280\" aria-label=\"\" role=\"img\" ><\/div>\n\t\t\t\t\t\t\t\t\t\t\t<div class=\"elementor-gallery-item__overlay\"><\/div>\n\t\t\t\t\t\t\t\t\t\t\t\t\t\t<\/a>\n\t\t\t\t\t\t\t<a class=\"e-gallery-item elementor-gallery-item elementor-animated-content\" href=\"https:\/\/www.freccianelcielo.com\/wp-content\/uploads\/2023\/03\/abisso-2.webp\" data-elementor-open-lightbox=\"yes\" data-elementor-lightbox-slideshow=\"dcc758b\" data-elementor-lightbox-title=\"Abisso di Tofana\" data-e-action-hash=\"#elementor-action%3Aaction%3Dlightbox%26settings%3DeyJpZCI6MzU1MCwidXJsIjoiaHR0cHM6XC9cL3d3dy5mcmVjY2lhbmVsY2llbG8uY29tXC93cC1jb250ZW50XC91cGxvYWRzXC8yMDIzXC8wM1wvYWJpc3NvLTIud2VicCIsInNsaWRlc2hvdyI6ImRjYzc1OGIifQ%3D%3D\">\n\t\t\t\t\t<div class=\"e-gallery-image elementor-gallery-item__image\" data-thumbnail=\"https:\/\/www.freccianelcielo.com\/wp-content\/uploads\/2023\/03\/abisso-2.webp\" data-width=\"853\" data-height=\"1280\" aria-label=\"\" role=\"img\" ><\/div>\n\t\t\t\t\t\t\t\t\t\t\t<div class=\"elementor-gallery-item__overlay\"><\/div>\n\t\t\t\t\t\t\t\t\t\t\t\t\t\t<\/a>\n\t\t\t\t\t<\/div>\n\t\t\t\t\t<\/div>\n\t\t\t\t<\/div>\n\t\t\t\t<div class=\"elementor-element elementor-element-45c2dd5 animated-slow elementor-invisible elementor-widget elementor-widget-jet-button\" data-id=\"45c2dd5\" data-element_type=\"widget\" data-e-type=\"widget\" data-settings=\"{&quot;_animation&quot;:&quot;fadeInUp&quot;}\" data-widget_type=\"jet-button.default\">\n\t\t\t\t<div class=\"elementor-widget-container\">\n\t\t\t\t\t<div class=\"elementor-jet-button jet-elements\"><div class=\"jet-button__container\">\n\t<a class=\"jet-button__instance jet-button__instance--icon-left hover-effect-10\" href=\"https:\/\/www.freccianelcielo.com\/de\/was-tun-im-sommer\/klettersteige\/\">\n\t\t<div class=\"jet-button__plane jet-button__plane-normal\"><\/div>\n\t\t<div class=\"jet-button__plane jet-button__plane-hover\"><\/div>\n\t\t<div class=\"jet-button__state jet-button__state-normal\">\n\t\t\t<span class=\"jet-button__label\">\u201eKlettersteige am Gipfel\u201c<\/span>\t\t<\/div>\n\t\t<div class=\"jet-button__state jet-button__state-hover\">\n\t\t\t<span class=\"jet-button__label\">KLETTERSTEIGE<\/span>\t\t<\/div>\n\t<\/a>\n<\/div>\n<\/div>\t\t\t\t<\/div>\n\t\t\t\t<\/div>\n\t\t\t\t\t<\/div>\n\t\t<\/div>\n\t\t\t\t\t<\/div>\n\t\t<\/section>\n\t\t\t\t<\/div>\n\t\t","protected":false},"excerpt":{"rendered":"<p>Gipfelkreuz \u2013 Cima Tofana di Mezzo 3244 m Die Cima Tofana ist die letzte und spektakul\u00e4rste Etappe der Fahrt mit der Freccia nel Cielo: Ausgehend von 1216 m Meeresh\u00f6he schwebt man erst \u00fcber die gr\u00fcnen W\u00e4lder von Col Drusci\u00e9, dann \u00fcber die Mondlandschaft von Ra Valles und erreicht schlie\u00dflich die Bergstation in 3244 m H\u00f6he. [&hellip;]<\/p>\n","protected":false},"author":4,"featured_media":0,"parent":3901,"menu_order":0,"comment_status":"closed","ping_status":"closed","template":"","meta":{"inline_featured_image":false,"_monsterinsights_skip_tracking":false,"_monsterinsights_sitenote_active":false,"_monsterinsights_sitenote_note":"","_monsterinsights_sitenote_category":0,"site-sidebar-layout":"no-sidebar","site-content-layout":"page-builder","ast-site-content-layout":"default","site-content-style":"default","site-sidebar-style":"default","ast-global-header-display":"","ast-banner-title-visibility":"","ast-main-header-display":"","ast-hfb-above-header-display":"","ast-hfb-below-header-display":"","ast-hfb-mobile-header-display":"","site-post-title":"disabled","ast-breadcrumbs-content":"","ast-featured-img":"disabled","footer-sml-layout":"","ast-disable-related-posts":"","theme-transparent-header-meta":"","adv-header-id-meta":"","stick-header-meta":"","header-above-stick-meta":"","header-main-stick-meta":"","header-below-stick-meta":"","astra-migrate-meta-layouts":"default","ast-page-background-enabled":"default","ast-page-background-meta":{"desktop":{"background-color":"var(--ast-global-color-4)","background-image":"","background-repeat":"repeat","background-position":"center center","background-size":"auto","background-attachment":"scroll","background-type":"","background-media":"","overlay-type":"","overlay-color":"","overlay-opacity":"","overlay-gradient":""},"tablet":{"background-color":"","background-image":"","background-repeat":"repeat","background-position":"center center","background-size":"auto","background-attachment":"scroll","background-type":"","background-media":"","overlay-type":"","overlay-color":"","overlay-opacity":"","overlay-gradient":""},"mobile":{"background-color":"","background-image":"","background-repeat":"repeat","background-position":"center center","background-size":"auto","background-attachment":"scroll","background-type":"","background-media":"","overlay-type":"","overlay-color":"","overlay-opacity":"","overlay-gradient":""}},"ast-content-background-meta":{"desktop":{"background-color":"var(--ast-global-color-5)","background-image":"","background-repeat":"repeat","background-position":"center center","background-size":"auto","background-attachment":"scroll","background-type":"","background-media":"","overlay-type":"","overlay-color":"","overlay-opacity":"","overlay-gradient":""},"tablet":{"background-color":"var(--ast-global-color-5)","background-image":"","background-repeat":"repeat","background-position":"center center","background-size":"auto","background-attachment":"scroll","background-type":"","background-media":"","overlay-type":"","overlay-color":"","overlay-opacity":"","overlay-gradient":""},"mobile":{"background-color":"var(--ast-global-color-5)","background-image":"","background-repeat":"repeat","background-position":"center center","background-size":"auto","background-attachment":"scroll","background-type":"","background-media":"","overlay-type":"","overlay-color":"","overlay-opacity":"","overlay-gradient":""}},"footnotes":""},"class_list":["post-3904","page","type-page","status-publish","hentry"],"yoast_head":"<!-- This site is optimized with the Yoast SEO plugin v27.4 - https:\/\/yoast.com\/product\/yoast-seo-wordpress\/ -->\n<title>Gipfelkreuz und Aussichtspunkte - Tofana Cortina | Freccia nel Cielo<\/title>\n<meta name=\"robots\" content=\"index, follow, max-snippet:-1, max-image-preview:large, max-video-preview:-1\" \/>\n<link rel=\"canonical\" href=\"https:\/\/www.freccianelcielo.com\/de\/interessenpunkte\/gipfelkreuz-und-aussichtspunkte\/\" \/>\n<meta property=\"og:locale\" content=\"de_DE\" \/>\n<meta property=\"og:type\" content=\"article\" \/>\n<meta property=\"og:title\" content=\"Gipfelkreuz und Aussichtspunkte - Tofana Cortina | Freccia nel Cielo\" \/>\n<meta property=\"og:description\" content=\"Gipfelkreuz \u2013 Cima Tofana di Mezzo 3244 m Die Cima Tofana ist die letzte und spektakul\u00e4rste Etappe der Fahrt mit der Freccia nel Cielo: Ausgehend von 1216 m Meeresh\u00f6he schwebt man erst \u00fcber die gr\u00fcnen W\u00e4lder von Col Drusci\u00e9, dann \u00fcber die Mondlandschaft von Ra Valles und erreicht schlie\u00dflich die Bergstation in 3244 m H\u00f6he. [&hellip;]\" \/>\n<meta property=\"og:url\" content=\"https:\/\/www.freccianelcielo.com\/de\/interessenpunkte\/gipfelkreuz-und-aussichtspunkte\/\" \/>\n<meta property=\"og:site_name\" content=\"Tofana Cortina\" \/>\n<meta property=\"article:publisher\" content=\"https:\/\/www.facebook.com\/funiviafreccia.cielo\" \/>\n<meta property=\"article:modified_time\" content=\"2023-07-26T08:34:06+00:00\" \/>\n<meta property=\"og:image\" content=\"https:\/\/www.freccianelcielo.com\/wp-content\/uploads\/2023\/03\/nostra-storia-hero.webp\" \/>\n\t<meta property=\"og:image:width\" content=\"1920\" \/>\n\t<meta property=\"og:image:height\" content=\"1280\" \/>\n\t<meta property=\"og:image:type\" content=\"image\/webp\" \/>\n<meta name=\"twitter:card\" content=\"summary_large_image\" \/>\n<meta name=\"twitter:label1\" content=\"Gesch\u00e4tzte Lesezeit\" \/>\n\t<meta name=\"twitter:data1\" content=\"3\u00a0Minuten\" \/>\n<script type=\"application\/ld+json\" class=\"yoast-schema-graph\">{\"@context\":\"https:\\\/\\\/schema.org\",\"@graph\":[{\"@type\":\"WebPage\",\"@id\":\"https:\\\/\\\/www.freccianelcielo.com\\\/de\\\/interessenpunkte\\\/gipfelkreuz-und-aussichtspunkte\\\/\",\"url\":\"https:\\\/\\\/www.freccianelcielo.com\\\/de\\\/interessenpunkte\\\/gipfelkreuz-und-aussichtspunkte\\\/\",\"name\":\"Gipfelkreuz und Aussichtspunkte - Tofana Cortina | Freccia nel Cielo\",\"isPartOf\":{\"@id\":\"https:\\\/\\\/www.freccianelcielo.com\\\/#website\"},\"datePublished\":\"2023-03-01T14:29:09+00:00\",\"dateModified\":\"2023-07-26T08:34:06+00:00\",\"breadcrumb\":{\"@id\":\"https:\\\/\\\/www.freccianelcielo.com\\\/de\\\/interessenpunkte\\\/gipfelkreuz-und-aussichtspunkte\\\/#breadcrumb\"},\"inLanguage\":\"de\",\"potentialAction\":[{\"@type\":\"ReadAction\",\"target\":[\"https:\\\/\\\/www.freccianelcielo.com\\\/de\\\/interessenpunkte\\\/gipfelkreuz-und-aussichtspunkte\\\/\"]}]},{\"@type\":\"BreadcrumbList\",\"@id\":\"https:\\\/\\\/www.freccianelcielo.com\\\/de\\\/interessenpunkte\\\/gipfelkreuz-und-aussichtspunkte\\\/#breadcrumb\",\"itemListElement\":[{\"@type\":\"ListItem\",\"position\":1,\"name\":\"Home\",\"item\":\"https:\\\/\\\/www.freccianelcielo.com\\\/de\\\/home\\\/\"},{\"@type\":\"ListItem\",\"position\":2,\"name\":\"Interessenpunkte\",\"item\":\"https:\\\/\\\/www.freccianelcielo.com\\\/de\\\/interessenpunkte\\\/\"},{\"@type\":\"ListItem\",\"position\":3,\"name\":\"Gipfelkreuz und Aussichtspunkte\"}]},{\"@type\":\"WebSite\",\"@id\":\"https:\\\/\\\/www.freccianelcielo.com\\\/#website\",\"url\":\"https:\\\/\\\/www.freccianelcielo.com\\\/\",\"name\":\"Tofana Cortina\",\"description\":\"Freccia nel Cielo\",\"publisher\":{\"@id\":\"https:\\\/\\\/www.freccianelcielo.com\\\/#organization\"},\"potentialAction\":[{\"@type\":\"SearchAction\",\"target\":{\"@type\":\"EntryPoint\",\"urlTemplate\":\"https:\\\/\\\/www.freccianelcielo.com\\\/?s={search_term_string}\"},\"query-input\":{\"@type\":\"PropertyValueSpecification\",\"valueRequired\":true,\"valueName\":\"search_term_string\"}}],\"inLanguage\":\"de\"},{\"@type\":\"Organization\",\"@id\":\"https:\\\/\\\/www.freccianelcielo.com\\\/#organization\",\"name\":\"Tofana Cortina\",\"url\":\"https:\\\/\\\/www.freccianelcielo.com\\\/\",\"logo\":{\"@type\":\"ImageObject\",\"inLanguage\":\"de\",\"@id\":\"https:\\\/\\\/www.freccianelcielo.com\\\/#\\\/schema\\\/logo\\\/image\\\/\",\"url\":\"https:\\\/\\\/www.freccianelcielo.com\\\/wp-content\\\/uploads\\\/2022\\\/10\\\/tofana-logo.svg\",\"contentUrl\":\"https:\\\/\\\/www.freccianelcielo.com\\\/wp-content\\\/uploads\\\/2022\\\/10\\\/tofana-logo.svg\",\"width\":208,\"height\":247,\"caption\":\"Tofana Cortina\"},\"image\":{\"@id\":\"https:\\\/\\\/www.freccianelcielo.com\\\/#\\\/schema\\\/logo\\\/image\\\/\"},\"sameAs\":[\"https:\\\/\\\/www.facebook.com\\\/funiviafreccia.cielo\",\"https:\\\/\\\/www.instagram.com\\\/tofanacortina\\\/\",\"https:\\\/\\\/it.linkedin.com\\\/company\\\/tofana-freccia-nel-cielo\",\"https:\\\/\\\/www.youtube.com\\\/channel\\\/UCL8BgwFTeNhUIWEP-cE81aA\",\"https:\\\/\\\/www.tripadvisor.it\\\/Attraction_Review-g194745-d7677791-Reviews-Tofana-Cortina_d_Ampezzo_Province_of_Belluno_Veneto.html\"]}]}<\/script>\n<!-- \/ Yoast SEO plugin. -->","yoast_head_json":{"title":"Gipfelkreuz und Aussichtspunkte - Tofana Cortina | Freccia nel Cielo","robots":{"index":"index","follow":"follow","max-snippet":"max-snippet:-1","max-image-preview":"max-image-preview:large","max-video-preview":"max-video-preview:-1"},"canonical":"https:\/\/www.freccianelcielo.com\/de\/interessenpunkte\/gipfelkreuz-und-aussichtspunkte\/","og_locale":"de_DE","og_type":"article","og_title":"Gipfelkreuz und Aussichtspunkte - Tofana Cortina | Freccia nel Cielo","og_description":"Gipfelkreuz \u2013 Cima Tofana di Mezzo 3244 m Die Cima Tofana ist die letzte und spektakul\u00e4rste Etappe der Fahrt mit der Freccia nel Cielo: Ausgehend von 1216 m Meeresh\u00f6he schwebt man erst \u00fcber die gr\u00fcnen W\u00e4lder von Col Drusci\u00e9, dann \u00fcber die Mondlandschaft von Ra Valles und erreicht schlie\u00dflich die Bergstation in 3244 m H\u00f6he. [&hellip;]","og_url":"https:\/\/www.freccianelcielo.com\/de\/interessenpunkte\/gipfelkreuz-und-aussichtspunkte\/","og_site_name":"Tofana Cortina","article_publisher":"https:\/\/www.facebook.com\/funiviafreccia.cielo","article_modified_time":"2023-07-26T08:34:06+00:00","og_image":[{"width":1920,"height":1280,"url":"https:\/\/www.freccianelcielo.com\/wp-content\/uploads\/2023\/03\/nostra-storia-hero.webp","type":"image\/webp"}],"twitter_card":"summary_large_image","twitter_misc":{"Gesch\u00e4tzte Lesezeit":"3\u00a0Minuten"},"schema":{"@context":"https:\/\/schema.org","@graph":[{"@type":"WebPage","@id":"https:\/\/www.freccianelcielo.com\/de\/interessenpunkte\/gipfelkreuz-und-aussichtspunkte\/","url":"https:\/\/www.freccianelcielo.com\/de\/interessenpunkte\/gipfelkreuz-und-aussichtspunkte\/","name":"Gipfelkreuz und Aussichtspunkte - Tofana Cortina | Freccia nel Cielo","isPartOf":{"@id":"https:\/\/www.freccianelcielo.com\/#website"},"datePublished":"2023-03-01T14:29:09+00:00","dateModified":"2023-07-26T08:34:06+00:00","breadcrumb":{"@id":"https:\/\/www.freccianelcielo.com\/de\/interessenpunkte\/gipfelkreuz-und-aussichtspunkte\/#breadcrumb"},"inLanguage":"de","potentialAction":[{"@type":"ReadAction","target":["https:\/\/www.freccianelcielo.com\/de\/interessenpunkte\/gipfelkreuz-und-aussichtspunkte\/"]}]},{"@type":"BreadcrumbList","@id":"https:\/\/www.freccianelcielo.com\/de\/interessenpunkte\/gipfelkreuz-und-aussichtspunkte\/#breadcrumb","itemListElement":[{"@type":"ListItem","position":1,"name":"Home","item":"https:\/\/www.freccianelcielo.com\/de\/home\/"},{"@type":"ListItem","position":2,"name":"Interessenpunkte","item":"https:\/\/www.freccianelcielo.com\/de\/interessenpunkte\/"},{"@type":"ListItem","position":3,"name":"Gipfelkreuz und Aussichtspunkte"}]},{"@type":"WebSite","@id":"https:\/\/www.freccianelcielo.com\/#website","url":"https:\/\/www.freccianelcielo.com\/","name":"Tofana Cortina","description":"Freccia nel Cielo","publisher":{"@id":"https:\/\/www.freccianelcielo.com\/#organization"},"potentialAction":[{"@type":"SearchAction","target":{"@type":"EntryPoint","urlTemplate":"https:\/\/www.freccianelcielo.com\/?s={search_term_string}"},"query-input":{"@type":"PropertyValueSpecification","valueRequired":true,"valueName":"search_term_string"}}],"inLanguage":"de"},{"@type":"Organization","@id":"https:\/\/www.freccianelcielo.com\/#organization","name":"Tofana Cortina","url":"https:\/\/www.freccianelcielo.com\/","logo":{"@type":"ImageObject","inLanguage":"de","@id":"https:\/\/www.freccianelcielo.com\/#\/schema\/logo\/image\/","url":"https:\/\/www.freccianelcielo.com\/wp-content\/uploads\/2022\/10\/tofana-logo.svg","contentUrl":"https:\/\/www.freccianelcielo.com\/wp-content\/uploads\/2022\/10\/tofana-logo.svg","width":208,"height":247,"caption":"Tofana Cortina"},"image":{"@id":"https:\/\/www.freccianelcielo.com\/#\/schema\/logo\/image\/"},"sameAs":["https:\/\/www.facebook.com\/funiviafreccia.cielo","https:\/\/www.instagram.com\/tofanacortina\/","https:\/\/it.linkedin.com\/company\/tofana-freccia-nel-cielo","https:\/\/www.youtube.com\/channel\/UCL8BgwFTeNhUIWEP-cE81aA","https:\/\/www.tripadvisor.it\/Attraction_Review-g194745-d7677791-Reviews-Tofana-Cortina_d_Ampezzo_Province_of_Belluno_Veneto.html"]}]}},"_links":{"self":[{"href":"https:\/\/www.freccianelcielo.com\/de\/wp-json\/wp\/v2\/pages\/3904","targetHints":{"allow":["GET"]}}],"collection":[{"href":"https:\/\/www.freccianelcielo.com\/de\/wp-json\/wp\/v2\/pages"}],"about":[{"href":"https:\/\/www.freccianelcielo.com\/de\/wp-json\/wp\/v2\/types\/page"}],"author":[{"embeddable":true,"href":"https:\/\/www.freccianelcielo.com\/de\/wp-json\/wp\/v2\/users\/4"}],"replies":[{"embeddable":true,"href":"https:\/\/www.freccianelcielo.com\/de\/wp-json\/wp\/v2\/comments?post=3904"}],"version-history":[{"count":13,"href":"https:\/\/www.freccianelcielo.com\/de\/wp-json\/wp\/v2\/pages\/3904\/revisions"}],"predecessor-version":[{"id":7510,"href":"https:\/\/www.freccianelcielo.com\/de\/wp-json\/wp\/v2\/pages\/3904\/revisions\/7510"}],"up":[{"embeddable":true,"href":"https:\/\/www.freccianelcielo.com\/de\/wp-json\/wp\/v2\/pages\/3901"}],"wp:attachment":[{"href":"https:\/\/www.freccianelcielo.com\/de\/wp-json\/wp\/v2\/media?parent=3904"}],"curies":[{"name":"wp","href":"https:\/\/api.w.org\/{rel}","templated":true}]}}