{"id":3923,"date":"2023-02-05T18:38:35","date_gmt":"2023-02-05T17:38:35","guid":{"rendered":"https:\/\/www.freccianelcielo.com\/?page_id=3923"},"modified":"2023-04-30T17:36:10","modified_gmt":"2023-04-30T15:36:10","slug":"ausstellung-per-aspera-ad-astra","status":"publish","type":"page","link":"https:\/\/www.freccianelcielo.com\/de\/interessenpunkte\/ausstellung-per-aspera-ad-astra\/","title":{"rendered":"Ausstellung \u201ePer Aspera ad Astra\u201c"},"content":{"rendered":"\t\t<div data-elementor-type=\"wp-page\" data-elementor-id=\"3923\" class=\"elementor elementor-3923 elementor-1780\" data-elementor-post-type=\"page\">\n\t\t\t\t\t\t<section class=\"elementor-section elementor-top-section elementor-element elementor-element-efd5266 elementor-section-height-min-height elementor-section-items-bottom elementor-section-boxed elementor-section-height-default\" data-id=\"efd5266\" data-element_type=\"section\" data-e-type=\"section\" data-settings=\"{&quot;jet_parallax_layout_list&quot;:[],&quot;background_background&quot;:&quot;classic&quot;}\">\n\t\t\t\t\t\t\t<div class=\"elementor-background-overlay\"><\/div>\n\t\t\t\t\t\t\t<div class=\"elementor-container elementor-column-gap-default\">\n\t\t\t\t\t<div class=\"elementor-column elementor-col-100 elementor-top-column elementor-element elementor-element-4e74b93 animated-slow elementor-invisible\" data-id=\"4e74b93\" data-element_type=\"column\" data-e-type=\"column\" data-settings=\"{&quot;animation&quot;:&quot;fadeIn&quot;,&quot;animation_delay&quot;:1000}\">\n\t\t\t<div class=\"elementor-widget-wrap elementor-element-populated\">\n\t\t\t\t\t\t<div class=\"elementor-element elementor-element-1601734 elementor-widget elementor-widget-breadcrumbs\" data-id=\"1601734\" data-element_type=\"widget\" data-e-type=\"widget\" data-widget_type=\"breadcrumbs.default\">\n\t\t\t\t<div class=\"elementor-widget-container\">\n\t\t\t\t\t<p id=\"breadcrumbs\"><span><span><a href=\"https:\/\/www.freccianelcielo.com\/de\/home\/\">Home<\/a><\/span><\/span><\/p>\t\t\t\t<\/div>\n\t\t\t\t<\/div>\n\t\t\t\t\t<\/div>\n\t\t<\/div>\n\t\t\t\t\t<\/div>\n\t\t<\/section>\n\t\t\t\t<section class=\"elementor-section elementor-top-section elementor-element elementor-element-2c95784 elementor-section-boxed elementor-section-height-default elementor-section-height-default\" data-id=\"2c95784\" data-element_type=\"section\" data-e-type=\"section\" data-settings=\"{&quot;jet_parallax_layout_list&quot;:[]}\">\n\t\t\t\t\t\t<div class=\"elementor-container elementor-column-gap-default\">\n\t\t\t\t\t<div class=\"elementor-column elementor-col-100 elementor-top-column elementor-element elementor-element-8904506 animated-slow elementor-invisible\" data-id=\"8904506\" data-element_type=\"column\" data-e-type=\"column\" data-settings=\"{&quot;animation&quot;:&quot;fadeInUp&quot;}\">\n\t\t\t<div class=\"elementor-widget-wrap elementor-element-populated\">\n\t\t\t\t\t\t<div class=\"elementor-element elementor-element-0684eb9 elementor-widget elementor-widget-text-editor\" data-id=\"0684eb9\" data-element_type=\"widget\" data-e-type=\"widget\" data-widget_type=\"text-editor.default\">\n\t\t\t\t<div class=\"elementor-widget-container\">\n\t\t\t\t\t\t\t\t\t<p>Die Ausstellung zu Ehren der <strong>Bergf\u00fchrerInnen von Cortina<\/strong> und des Bergvereins <strong>Scoiattoli<\/strong> kann im Obergeschoss der Bar auf der Cima Tofana besichtigt werden und wartet mit allerlei Wissenswertem \u00fcber die Gr\u00fcnder der Freccia nel Cielo, die Gipfel des Ampezzo und die Ampezzaner selbst auf.<\/p><p>Der Alpinismus hat sich im Laufe der Zeit weiterentwickelt, aber die Bergf\u00fchrerInnen von Cortina machen ihrem Vorl\u00e4ufer, dem legend\u00e4ren Paul <strong>Grohmann<\/strong>, alle Ehre und geh\u00f6ren nach wie vor zu den Besten der Welt.<\/p><p>Die Dolomiten mit ihren senkrechten W\u00e4nden, Nadeln, Terrassen, Ger\u00f6llhalden und Gipfeln sind seit jeher in der Bergsteigergemeinde besonders beliebt. Wer ihre h\u00f6chsten Punkte erreicht, ist als Lohn f\u00fcr den m\u00fchsamen Aufstieg den Sternen nahe \u2013 daher auch der Name <strong><em>Per aspera ad astra<\/em><\/strong>.<\/p>\t\t\t\t\t\t\t\t<\/div>\n\t\t\t\t<\/div>\n\t\t\t\t\t<\/div>\n\t\t<\/div>\n\t\t\t\t\t<\/div>\n\t\t<\/section>\n\t\t\t\t<section class=\"elementor-section elementor-top-section elementor-element elementor-element-52c6faa elementor-section-boxed elementor-section-height-default elementor-section-height-default\" data-id=\"52c6faa\" data-element_type=\"section\" data-e-type=\"section\" data-settings=\"{&quot;jet_parallax_layout_list&quot;:[]}\">\n\t\t\t\t\t\t<div class=\"elementor-container elementor-column-gap-default\">\n\t\t\t\t\t<div class=\"elementor-column elementor-col-100 elementor-top-column elementor-element elementor-element-a44c140\" data-id=\"a44c140\" data-element_type=\"column\" data-e-type=\"column\">\n\t\t\t<div class=\"elementor-widget-wrap elementor-element-populated\">\n\t\t\t\t\t\t<div class=\"elementor-element elementor-element-de532d4 elementor-widget elementor-widget-gallery\" data-id=\"de532d4\" data-element_type=\"widget\" data-e-type=\"widget\" data-settings=\"{&quot;columns&quot;:3,&quot;aspect_ratio&quot;:&quot;1:1&quot;,&quot;lazyload&quot;:&quot;yes&quot;,&quot;gallery_layout&quot;:&quot;grid&quot;,&quot;columns_tablet&quot;:2,&quot;columns_mobile&quot;:1,&quot;gap&quot;:{&quot;unit&quot;:&quot;px&quot;,&quot;size&quot;:10,&quot;sizes&quot;:[]},&quot;gap_tablet&quot;:{&quot;unit&quot;:&quot;px&quot;,&quot;size&quot;:10,&quot;sizes&quot;:[]},&quot;gap_mobile&quot;:{&quot;unit&quot;:&quot;px&quot;,&quot;size&quot;:10,&quot;sizes&quot;:[]},&quot;link_to&quot;:&quot;file&quot;,&quot;overlay_background&quot;:&quot;yes&quot;,&quot;content_hover_animation&quot;:&quot;fade-in&quot;}\" data-widget_type=\"gallery.default\">\n\t\t\t\t<div class=\"elementor-widget-container\">\n\t\t\t\t\t\t\t<div class=\"elementor-gallery__container\">\n\t\t\t\t\t\t\t<a class=\"e-gallery-item elementor-gallery-item elementor-animated-content\" href=\"https:\/\/www.freccianelcielo.com\/wp-content\/uploads\/2023\/02\/mostra-gallery-1.webp\" data-elementor-open-lightbox=\"yes\" data-elementor-lightbox-slideshow=\"de532d4\" data-elementor-lightbox-title=\"Mostra &quot;Per Aspera ad Astra&quot;\" data-e-action-hash=\"#elementor-action%3Aaction%3Dlightbox%26settings%3DeyJpZCI6Mjk0MywidXJsIjoiaHR0cHM6XC9cL3d3dy5mcmVjY2lhbmVsY2llbG8uY29tXC93cC1jb250ZW50XC91cGxvYWRzXC8yMDIzXC8wMlwvbW9zdHJhLWdhbGxlcnktMS53ZWJwIiwic2xpZGVzaG93IjoiZGU1MzJkNCJ9\">\n\t\t\t\t\t<div class=\"e-gallery-image elementor-gallery-item__image\" data-thumbnail=\"https:\/\/www.freccianelcielo.com\/wp-content\/uploads\/2023\/02\/mostra-gallery-1.webp\" data-width=\"933\" data-height=\"1400\" aria-label=\"\" role=\"img\" ><\/div>\n\t\t\t\t\t\t\t\t\t\t\t<div class=\"elementor-gallery-item__overlay\"><\/div>\n\t\t\t\t\t\t\t\t\t\t\t\t\t\t<\/a>\n\t\t\t\t\t\t\t<a class=\"e-gallery-item elementor-gallery-item elementor-animated-content\" href=\"https:\/\/www.freccianelcielo.com\/wp-content\/uploads\/2023\/02\/mostra-gallery-2.webp\" data-elementor-open-lightbox=\"yes\" data-elementor-lightbox-slideshow=\"de532d4\" data-elementor-lightbox-title=\"Mostra &quot;Per Aspera ad Astra&quot;\" data-e-action-hash=\"#elementor-action%3Aaction%3Dlightbox%26settings%3DeyJpZCI6Mjk0MCwidXJsIjoiaHR0cHM6XC9cL3d3dy5mcmVjY2lhbmVsY2llbG8uY29tXC93cC1jb250ZW50XC91cGxvYWRzXC8yMDIzXC8wMlwvbW9zdHJhLWdhbGxlcnktMi53ZWJwIiwic2xpZGVzaG93IjoiZGU1MzJkNCJ9\">\n\t\t\t\t\t<div class=\"e-gallery-image elementor-gallery-item__image\" data-thumbnail=\"https:\/\/www.freccianelcielo.com\/wp-content\/uploads\/2023\/02\/mostra-gallery-2.webp\" data-width=\"933\" data-height=\"1400\" aria-label=\"\" role=\"img\" ><\/div>\n\t\t\t\t\t\t\t\t\t\t\t<div class=\"elementor-gallery-item__overlay\"><\/div>\n\t\t\t\t\t\t\t\t\t\t\t\t\t\t<\/a>\n\t\t\t\t\t\t\t<a class=\"e-gallery-item elementor-gallery-item elementor-animated-content\" href=\"https:\/\/www.freccianelcielo.com\/wp-content\/uploads\/2023\/02\/mostra-2.jpg\" data-elementor-open-lightbox=\"yes\" data-elementor-lightbox-slideshow=\"de532d4\" data-elementor-lightbox-title=\"Mostra &quot;Per Aspera ad Astra&quot;\" data-e-action-hash=\"#elementor-action%3Aaction%3Dlightbox%26settings%3DeyJpZCI6MTc4NywidXJsIjoiaHR0cHM6XC9cL3d3dy5mcmVjY2lhbmVsY2llbG8uY29tXC93cC1jb250ZW50XC91cGxvYWRzXC8yMDIzXC8wMlwvbW9zdHJhLTIuanBnIiwic2xpZGVzaG93IjoiZGU1MzJkNCJ9\">\n\t\t\t\t\t<div class=\"e-gallery-image elementor-gallery-item__image\" data-thumbnail=\"https:\/\/www.freccianelcielo.com\/wp-content\/uploads\/2023\/02\/mostra-2.jpg\" data-width=\"1024\" data-height=\"768\" aria-label=\"\" role=\"img\" ><\/div>\n\t\t\t\t\t\t\t\t\t\t\t<div class=\"elementor-gallery-item__overlay\"><\/div>\n\t\t\t\t\t\t\t\t\t\t\t\t\t\t<\/a>\n\t\t\t\t\t<\/div>\n\t\t\t\t\t<\/div>\n\t\t\t\t<\/div>\n\t\t\t\t\t<\/div>\n\t\t<\/div>\n\t\t\t\t\t<\/div>\n\t\t<\/section>\n\t\t\t\t<\/div>\n\t\t","protected":false},"excerpt":{"rendered":"<p>Die Ausstellung zu Ehren der Bergf\u00fchrerInnen von Cortina und des Bergvereins Scoiattoli kann im Obergeschoss der Bar auf der Cima Tofana besichtigt werden und wartet mit allerlei Wissenswertem \u00fcber die Gr\u00fcnder der Freccia nel Cielo, die Gipfel des Ampezzo und die Ampezzaner selbst auf. Der Alpinismus hat sich im Laufe der Zeit weiterentwickelt, aber die [&hellip;]<\/p>\n","protected":false},"author":4,"featured_media":0,"parent":3901,"menu_order":0,"comment_status":"closed","ping_status":"closed","template":"","meta":{"inline_featured_image":false,"_monsterinsights_skip_tracking":false,"_monsterinsights_sitenote_active":false,"_monsterinsights_sitenote_note":"","_monsterinsights_sitenote_category":0,"site-sidebar-layout":"no-sidebar","site-content-layout":"page-builder","ast-site-content-layout":"default","site-content-style":"default","site-sidebar-style":"default","ast-global-header-display":"","ast-banner-title-visibility":"","ast-main-header-display":"","ast-hfb-above-header-display":"","ast-hfb-below-header-display":"","ast-hfb-mobile-header-display":"","site-post-title":"disabled","ast-breadcrumbs-content":"","ast-featured-img":"disabled","footer-sml-layout":"","ast-disable-related-posts":"","theme-transparent-header-meta":"","adv-header-id-meta":"","stick-header-meta":"","header-above-stick-meta":"","header-main-stick-meta":"","header-below-stick-meta":"","astra-migrate-meta-layouts":"default","ast-page-background-enabled":"default","ast-page-background-meta":{"desktop":{"background-color":"var(--ast-global-color-4)","background-image":"","background-repeat":"repeat","background-position":"center center","background-size":"auto","background-attachment":"scroll","background-type":"","background-media":"","overlay-type":"","overlay-color":"","overlay-opacity":"","overlay-gradient":""},"tablet":{"background-color":"","background-image":"","background-repeat":"repeat","background-position":"center center","background-size":"auto","background-attachment":"scroll","background-type":"","background-media":"","overlay-type":"","overlay-color":"","overlay-opacity":"","overlay-gradient":""},"mobile":{"background-color":"","background-image":"","background-repeat":"repeat","background-position":"center center","background-size":"auto","background-attachment":"scroll","background-type":"","background-media":"","overlay-type":"","overlay-color":"","overlay-opacity":"","overlay-gradient":""}},"ast-content-background-meta":{"desktop":{"background-color":"var(--ast-global-color-5)","background-image":"","background-repeat":"repeat","background-position":"center center","background-size":"auto","background-attachment":"scroll","background-type":"","background-media":"","overlay-type":"","overlay-color":"","overlay-opacity":"","overlay-gradient":""},"tablet":{"background-color":"var(--ast-global-color-5)","background-image":"","background-repeat":"repeat","background-position":"center center","background-size":"auto","background-attachment":"scroll","background-type":"","background-media":"","overlay-type":"","overlay-color":"","overlay-opacity":"","overlay-gradient":""},"mobile":{"background-color":"var(--ast-global-color-5)","background-image":"","background-repeat":"repeat","background-position":"center center","background-size":"auto","background-attachment":"scroll","background-type":"","background-media":"","overlay-type":"","overlay-color":"","overlay-opacity":"","overlay-gradient":""}},"footnotes":""},"class_list":["post-3923","page","type-page","status-publish","hentry"],"yoast_head":"<!-- This site is optimized with the Yoast SEO plugin v27.4 - https:\/\/yoast.com\/product\/yoast-seo-wordpress\/ -->\n<title>Ausstellung \u201ePer Aspera ad Astra\u201c - Tofana Cortina | Freccia nel Cielo<\/title>\n<meta name=\"robots\" content=\"index, follow, max-snippet:-1, max-image-preview:large, max-video-preview:-1\" \/>\n<link rel=\"canonical\" href=\"https:\/\/www.freccianelcielo.com\/de\/interessenpunkte\/ausstellung-per-aspera-ad-astra\/\" \/>\n<meta property=\"og:locale\" content=\"de_DE\" \/>\n<meta property=\"og:type\" content=\"article\" \/>\n<meta property=\"og:title\" content=\"Ausstellung \u201ePer Aspera ad Astra\u201c - Tofana Cortina | Freccia nel Cielo\" \/>\n<meta property=\"og:description\" content=\"Die Ausstellung zu Ehren der Bergf\u00fchrerInnen von Cortina und des Bergvereins Scoiattoli kann im Obergeschoss der Bar auf der Cima Tofana besichtigt werden und wartet mit allerlei Wissenswertem \u00fcber die Gr\u00fcnder der Freccia nel Cielo, die Gipfel des Ampezzo und die Ampezzaner selbst auf. Der Alpinismus hat sich im Laufe der Zeit weiterentwickelt, aber die [&hellip;]\" \/>\n<meta property=\"og:url\" content=\"https:\/\/www.freccianelcielo.com\/de\/interessenpunkte\/ausstellung-per-aspera-ad-astra\/\" \/>\n<meta property=\"og:site_name\" content=\"Tofana Cortina\" \/>\n<meta property=\"article:publisher\" content=\"https:\/\/www.facebook.com\/funiviafreccia.cielo\" \/>\n<meta property=\"article:modified_time\" content=\"2023-04-30T15:36:10+00:00\" \/>\n<meta property=\"og:image\" content=\"https:\/\/www.freccianelcielo.com\/wp-content\/uploads\/2023\/03\/nostra-storia-hero.webp\" \/>\n\t<meta property=\"og:image:width\" content=\"1920\" \/>\n\t<meta property=\"og:image:height\" content=\"1280\" \/>\n\t<meta property=\"og:image:type\" content=\"image\/webp\" \/>\n<meta name=\"twitter:card\" content=\"summary_large_image\" \/>\n<meta name=\"twitter:label1\" content=\"Gesch\u00e4tzte Lesezeit\" \/>\n\t<meta name=\"twitter:data1\" content=\"1\u00a0Minute\" \/>\n<script type=\"application\/ld+json\" class=\"yoast-schema-graph\">{\"@context\":\"https:\\\/\\\/schema.org\",\"@graph\":[{\"@type\":\"WebPage\",\"@id\":\"https:\\\/\\\/www.freccianelcielo.com\\\/de\\\/interessenpunkte\\\/ausstellung-per-aspera-ad-astra\\\/\",\"url\":\"https:\\\/\\\/www.freccianelcielo.com\\\/de\\\/interessenpunkte\\\/ausstellung-per-aspera-ad-astra\\\/\",\"name\":\"Ausstellung \u201ePer Aspera ad Astra\u201c - Tofana Cortina | Freccia nel Cielo\",\"isPartOf\":{\"@id\":\"https:\\\/\\\/www.freccianelcielo.com\\\/#website\"},\"datePublished\":\"2023-02-05T17:38:35+00:00\",\"dateModified\":\"2023-04-30T15:36:10+00:00\",\"breadcrumb\":{\"@id\":\"https:\\\/\\\/www.freccianelcielo.com\\\/de\\\/interessenpunkte\\\/ausstellung-per-aspera-ad-astra\\\/#breadcrumb\"},\"inLanguage\":\"de\",\"potentialAction\":[{\"@type\":\"ReadAction\",\"target\":[\"https:\\\/\\\/www.freccianelcielo.com\\\/de\\\/interessenpunkte\\\/ausstellung-per-aspera-ad-astra\\\/\"]}]},{\"@type\":\"BreadcrumbList\",\"@id\":\"https:\\\/\\\/www.freccianelcielo.com\\\/de\\\/interessenpunkte\\\/ausstellung-per-aspera-ad-astra\\\/#breadcrumb\",\"itemListElement\":[{\"@type\":\"ListItem\",\"position\":1,\"name\":\"Home\",\"item\":\"https:\\\/\\\/www.freccianelcielo.com\\\/de\\\/home\\\/\"},{\"@type\":\"ListItem\",\"position\":2,\"name\":\"Interessenpunkte\",\"item\":\"https:\\\/\\\/www.freccianelcielo.com\\\/de\\\/interessenpunkte\\\/\"},{\"@type\":\"ListItem\",\"position\":3,\"name\":\"Ausstellung \u201ePer Aspera ad Astra\u201c\"}]},{\"@type\":\"WebSite\",\"@id\":\"https:\\\/\\\/www.freccianelcielo.com\\\/#website\",\"url\":\"https:\\\/\\\/www.freccianelcielo.com\\\/\",\"name\":\"Tofana Cortina\",\"description\":\"Freccia nel Cielo\",\"publisher\":{\"@id\":\"https:\\\/\\\/www.freccianelcielo.com\\\/#organization\"},\"potentialAction\":[{\"@type\":\"SearchAction\",\"target\":{\"@type\":\"EntryPoint\",\"urlTemplate\":\"https:\\\/\\\/www.freccianelcielo.com\\\/?s={search_term_string}\"},\"query-input\":{\"@type\":\"PropertyValueSpecification\",\"valueRequired\":true,\"valueName\":\"search_term_string\"}}],\"inLanguage\":\"de\"},{\"@type\":\"Organization\",\"@id\":\"https:\\\/\\\/www.freccianelcielo.com\\\/#organization\",\"name\":\"Tofana Cortina\",\"url\":\"https:\\\/\\\/www.freccianelcielo.com\\\/\",\"logo\":{\"@type\":\"ImageObject\",\"inLanguage\":\"de\",\"@id\":\"https:\\\/\\\/www.freccianelcielo.com\\\/#\\\/schema\\\/logo\\\/image\\\/\",\"url\":\"https:\\\/\\\/www.freccianelcielo.com\\\/wp-content\\\/uploads\\\/2022\\\/10\\\/tofana-logo.svg\",\"contentUrl\":\"https:\\\/\\\/www.freccianelcielo.com\\\/wp-content\\\/uploads\\\/2022\\\/10\\\/tofana-logo.svg\",\"width\":208,\"height\":247,\"caption\":\"Tofana Cortina\"},\"image\":{\"@id\":\"https:\\\/\\\/www.freccianelcielo.com\\\/#\\\/schema\\\/logo\\\/image\\\/\"},\"sameAs\":[\"https:\\\/\\\/www.facebook.com\\\/funiviafreccia.cielo\",\"https:\\\/\\\/www.instagram.com\\\/tofanacortina\\\/\",\"https:\\\/\\\/it.linkedin.com\\\/company\\\/tofana-freccia-nel-cielo\",\"https:\\\/\\\/www.youtube.com\\\/channel\\\/UCL8BgwFTeNhUIWEP-cE81aA\",\"https:\\\/\\\/www.tripadvisor.it\\\/Attraction_Review-g194745-d7677791-Reviews-Tofana-Cortina_d_Ampezzo_Province_of_Belluno_Veneto.html\"]}]}<\/script>\n<!-- \/ Yoast SEO plugin. -->","yoast_head_json":{"title":"Ausstellung \u201ePer Aspera ad Astra\u201c - Tofana Cortina | Freccia nel Cielo","robots":{"index":"index","follow":"follow","max-snippet":"max-snippet:-1","max-image-preview":"max-image-preview:large","max-video-preview":"max-video-preview:-1"},"canonical":"https:\/\/www.freccianelcielo.com\/de\/interessenpunkte\/ausstellung-per-aspera-ad-astra\/","og_locale":"de_DE","og_type":"article","og_title":"Ausstellung \u201ePer Aspera ad Astra\u201c - Tofana Cortina | Freccia nel Cielo","og_description":"Die Ausstellung zu Ehren der Bergf\u00fchrerInnen von Cortina und des Bergvereins Scoiattoli kann im Obergeschoss der Bar auf der Cima Tofana besichtigt werden und wartet mit allerlei Wissenswertem \u00fcber die Gr\u00fcnder der Freccia nel Cielo, die Gipfel des Ampezzo und die Ampezzaner selbst auf. Der Alpinismus hat sich im Laufe der Zeit weiterentwickelt, aber die [&hellip;]","og_url":"https:\/\/www.freccianelcielo.com\/de\/interessenpunkte\/ausstellung-per-aspera-ad-astra\/","og_site_name":"Tofana Cortina","article_publisher":"https:\/\/www.facebook.com\/funiviafreccia.cielo","article_modified_time":"2023-04-30T15:36:10+00:00","og_image":[{"width":1920,"height":1280,"url":"https:\/\/www.freccianelcielo.com\/wp-content\/uploads\/2023\/03\/nostra-storia-hero.webp","type":"image\/webp"}],"twitter_card":"summary_large_image","twitter_misc":{"Gesch\u00e4tzte Lesezeit":"1\u00a0Minute"},"schema":{"@context":"https:\/\/schema.org","@graph":[{"@type":"WebPage","@id":"https:\/\/www.freccianelcielo.com\/de\/interessenpunkte\/ausstellung-per-aspera-ad-astra\/","url":"https:\/\/www.freccianelcielo.com\/de\/interessenpunkte\/ausstellung-per-aspera-ad-astra\/","name":"Ausstellung \u201ePer Aspera ad Astra\u201c - Tofana Cortina | Freccia nel Cielo","isPartOf":{"@id":"https:\/\/www.freccianelcielo.com\/#website"},"datePublished":"2023-02-05T17:38:35+00:00","dateModified":"2023-04-30T15:36:10+00:00","breadcrumb":{"@id":"https:\/\/www.freccianelcielo.com\/de\/interessenpunkte\/ausstellung-per-aspera-ad-astra\/#breadcrumb"},"inLanguage":"de","potentialAction":[{"@type":"ReadAction","target":["https:\/\/www.freccianelcielo.com\/de\/interessenpunkte\/ausstellung-per-aspera-ad-astra\/"]}]},{"@type":"BreadcrumbList","@id":"https:\/\/www.freccianelcielo.com\/de\/interessenpunkte\/ausstellung-per-aspera-ad-astra\/#breadcrumb","itemListElement":[{"@type":"ListItem","position":1,"name":"Home","item":"https:\/\/www.freccianelcielo.com\/de\/home\/"},{"@type":"ListItem","position":2,"name":"Interessenpunkte","item":"https:\/\/www.freccianelcielo.com\/de\/interessenpunkte\/"},{"@type":"ListItem","position":3,"name":"Ausstellung \u201ePer Aspera ad Astra\u201c"}]},{"@type":"WebSite","@id":"https:\/\/www.freccianelcielo.com\/#website","url":"https:\/\/www.freccianelcielo.com\/","name":"Tofana Cortina","description":"Freccia nel Cielo","publisher":{"@id":"https:\/\/www.freccianelcielo.com\/#organization"},"potentialAction":[{"@type":"SearchAction","target":{"@type":"EntryPoint","urlTemplate":"https:\/\/www.freccianelcielo.com\/?s={search_term_string}"},"query-input":{"@type":"PropertyValueSpecification","valueRequired":true,"valueName":"search_term_string"}}],"inLanguage":"de"},{"@type":"Organization","@id":"https:\/\/www.freccianelcielo.com\/#organization","name":"Tofana Cortina","url":"https:\/\/www.freccianelcielo.com\/","logo":{"@type":"ImageObject","inLanguage":"de","@id":"https:\/\/www.freccianelcielo.com\/#\/schema\/logo\/image\/","url":"https:\/\/www.freccianelcielo.com\/wp-content\/uploads\/2022\/10\/tofana-logo.svg","contentUrl":"https:\/\/www.freccianelcielo.com\/wp-content\/uploads\/2022\/10\/tofana-logo.svg","width":208,"height":247,"caption":"Tofana Cortina"},"image":{"@id":"https:\/\/www.freccianelcielo.com\/#\/schema\/logo\/image\/"},"sameAs":["https:\/\/www.facebook.com\/funiviafreccia.cielo","https:\/\/www.instagram.com\/tofanacortina\/","https:\/\/it.linkedin.com\/company\/tofana-freccia-nel-cielo","https:\/\/www.youtube.com\/channel\/UCL8BgwFTeNhUIWEP-cE81aA","https:\/\/www.tripadvisor.it\/Attraction_Review-g194745-d7677791-Reviews-Tofana-Cortina_d_Ampezzo_Province_of_Belluno_Veneto.html"]}]}},"_links":{"self":[{"href":"https:\/\/www.freccianelcielo.com\/de\/wp-json\/wp\/v2\/pages\/3923","targetHints":{"allow":["GET"]}}],"collection":[{"href":"https:\/\/www.freccianelcielo.com\/de\/wp-json\/wp\/v2\/pages"}],"about":[{"href":"https:\/\/www.freccianelcielo.com\/de\/wp-json\/wp\/v2\/types\/page"}],"author":[{"embeddable":true,"href":"https:\/\/www.freccianelcielo.com\/de\/wp-json\/wp\/v2\/users\/4"}],"replies":[{"embeddable":true,"href":"https:\/\/www.freccianelcielo.com\/de\/wp-json\/wp\/v2\/comments?post=3923"}],"version-history":[{"count":4,"href":"https:\/\/www.freccianelcielo.com\/de\/wp-json\/wp\/v2\/pages\/3923\/revisions"}],"predecessor-version":[{"id":3927,"href":"https:\/\/www.freccianelcielo.com\/de\/wp-json\/wp\/v2\/pages\/3923\/revisions\/3927"}],"up":[{"embeddable":true,"href":"https:\/\/www.freccianelcielo.com\/de\/wp-json\/wp\/v2\/pages\/3901"}],"wp:attachment":[{"href":"https:\/\/www.freccianelcielo.com\/de\/wp-json\/wp\/v2\/media?parent=3923"}],"curies":[{"name":"wp","href":"https:\/\/api.w.org\/{rel}","templated":true}]}}