{"id":3938,"date":"2023-02-05T18:53:41","date_gmt":"2023-02-05T17:53:41","guid":{"rendered":"https:\/\/www.freccianelcielo.com\/?page_id=3938"},"modified":"2023-07-25T11:46:31","modified_gmt":"2023-07-25T09:46:31","slug":"panoramaterrassen","status":"publish","type":"page","link":"https:\/\/www.freccianelcielo.com\/de\/interessenpunkte\/panoramaterrassen\/","title":{"rendered":"Panoramaterrassen"},"content":{"rendered":"\t\t<div data-elementor-type=\"wp-page\" data-elementor-id=\"3938\" class=\"elementor elementor-3938 elementor-1795\" data-elementor-post-type=\"page\">\n\t\t\t\t\t\t<section class=\"elementor-section elementor-top-section elementor-element elementor-element-efd5266 elementor-section-height-min-height elementor-section-items-bottom elementor-section-boxed elementor-section-height-default\" data-id=\"efd5266\" data-element_type=\"section\" data-e-type=\"section\" data-settings=\"{&quot;jet_parallax_layout_list&quot;:[],&quot;background_background&quot;:&quot;classic&quot;}\">\n\t\t\t\t\t\t\t<div class=\"elementor-background-overlay\"><\/div>\n\t\t\t\t\t\t\t<div class=\"elementor-container elementor-column-gap-default\">\n\t\t\t\t\t<div class=\"elementor-column elementor-col-100 elementor-top-column elementor-element elementor-element-4e74b93 animated-slow elementor-invisible\" data-id=\"4e74b93\" data-element_type=\"column\" data-e-type=\"column\" data-settings=\"{&quot;animation&quot;:&quot;fadeIn&quot;,&quot;animation_delay&quot;:1000}\">\n\t\t\t<div class=\"elementor-widget-wrap elementor-element-populated\">\n\t\t\t\t\t\t<div class=\"elementor-element elementor-element-d7c651b elementor-widget elementor-widget-heading\" data-id=\"d7c651b\" data-element_type=\"widget\" data-e-type=\"widget\" data-widget_type=\"heading.default\">\n\t\t\t\t<div class=\"elementor-widget-container\">\n\t\t\t\t\t<h1 class=\"elementor-heading-title elementor-size-default\">Panoramaterrassen<\/h1>\t\t\t\t<\/div>\n\t\t\t\t<\/div>\n\t\t\t\t<div class=\"elementor-element elementor-element-1601734 elementor-widget elementor-widget-breadcrumbs\" data-id=\"1601734\" data-element_type=\"widget\" data-e-type=\"widget\" data-widget_type=\"breadcrumbs.default\">\n\t\t\t\t<div class=\"elementor-widget-container\">\n\t\t\t\t\t<p id=\"breadcrumbs\"><span><span><a href=\"https:\/\/www.freccianelcielo.com\/de\/home\/\">Home<\/a><\/span><\/span><\/p>\t\t\t\t<\/div>\n\t\t\t\t<\/div>\n\t\t\t\t\t<\/div>\n\t\t<\/div>\n\t\t\t\t\t<\/div>\n\t\t<\/section>\n\t\t\t\t<section class=\"elementor-section elementor-top-section elementor-element elementor-element-c6476de elementor-section-boxed elementor-section-height-default elementor-section-height-default\" data-id=\"c6476de\" data-element_type=\"section\" data-e-type=\"section\" data-settings=\"{&quot;jet_parallax_layout_list&quot;:[]}\">\n\t\t\t\t\t\t<div class=\"elementor-container elementor-column-gap-default\">\n\t\t\t\t\t<div class=\"elementor-column elementor-col-100 elementor-top-column elementor-element elementor-element-5d07f4d\" data-id=\"5d07f4d\" data-element_type=\"column\" data-e-type=\"column\">\n\t\t\t<div class=\"elementor-widget-wrap elementor-element-populated\">\n\t\t\t\t\t\t<div class=\"elementor-element elementor-element-11b9576 animated-slow elementor-invisible elementor-widget elementor-widget-heading\" data-id=\"11b9576\" data-element_type=\"widget\" data-e-type=\"widget\" data-settings=\"{&quot;_animation&quot;:&quot;fadeInUp&quot;}\" data-widget_type=\"heading.default\">\n\t\t\t\t<div class=\"elementor-widget-container\">\n\t\t\t\t\t<h3 class=\"elementor-heading-title elementor-size-default\">3 Terrassen, 3 Panoramen, 1000 Emotionen<\/h3>\t\t\t\t<\/div>\n\t\t\t\t<\/div>\n\t\t\t\t<div class=\"elementor-element elementor-element-c0a4b18 animated-slow elementor-invisible elementor-widget elementor-widget-text-editor\" data-id=\"c0a4b18\" data-element_type=\"widget\" data-e-type=\"widget\" data-settings=\"{&quot;_animation&quot;:&quot;fadeInUp&quot;}\" data-widget_type=\"text-editor.default\">\n\t\t\t\t<div class=\"elementor-widget-container\">\n\t\t\t\t\t\t\t\t\t<p>Auf unseren Terrassen k\u00f6nnen Sie atemberaubende Bilder schie\u00dfen, gut essen, sich entspannen, im Liegestuhl die Sonne genie\u00dfen, im Sommer wie im Winter ein warmes Getr\u00e4nk zu sich nehmen, das Geschehen auf der Tofana beobachten und selbst an den sch\u00f6nsten Sommertagen den k\u00fchlen Schnee mit der Hand ber\u00fchren.<\/p>\t\t\t\t\t\t\t\t<\/div>\n\t\t\t\t<\/div>\n\t\t\t\t\t<\/div>\n\t\t<\/div>\n\t\t\t\t\t<\/div>\n\t\t<\/section>\n\t\t\t\t<section class=\"elementor-section elementor-top-section elementor-element elementor-element-da2bf21 elementor-section-boxed elementor-section-height-default elementor-section-height-default\" data-id=\"da2bf21\" data-element_type=\"section\" data-e-type=\"section\" data-settings=\"{&quot;jet_parallax_layout_list&quot;:[]}\">\n\t\t\t\t\t\t<div class=\"elementor-container elementor-column-gap-default\">\n\t\t\t\t\t<div class=\"elementor-column elementor-col-100 elementor-top-column elementor-element elementor-element-2200847\" data-id=\"2200847\" data-element_type=\"column\" data-e-type=\"column\">\n\t\t\t<div class=\"elementor-widget-wrap elementor-element-populated\">\n\t\t\t\t\t\t<div class=\"elementor-element elementor-element-a71cc4b animated-slow elementor-invisible elementor-widget elementor-widget-heading\" data-id=\"a71cc4b\" data-element_type=\"widget\" data-e-type=\"widget\" data-settings=\"{&quot;_animation&quot;:&quot;fadeInUp&quot;}\" data-widget_type=\"heading.default\">\n\t\t\t\t<div class=\"elementor-widget-container\">\n\t\t\t\t\t<h2 class=\"elementor-heading-title elementor-size-default\">Col Drusci\u00e9 und Masi Wine Bar <\/h2>\t\t\t\t<\/div>\n\t\t\t\t<\/div>\n\t\t\t\t<section class=\"elementor-section elementor-inner-section elementor-element elementor-element-9647d82 elementor-section-height-min-height animated-slow elementor-section-boxed elementor-section-height-default elementor-invisible\" data-id=\"9647d82\" data-element_type=\"section\" data-e-type=\"section\" data-settings=\"{&quot;jet_parallax_layout_list&quot;:[],&quot;background_background&quot;:&quot;classic&quot;,&quot;animation&quot;:&quot;fadeInUp&quot;}\">\n\t\t\t\t\t\t<div class=\"elementor-container elementor-column-gap-no\">\n\t\t\t\t\t<div class=\"elementor-column elementor-col-50 elementor-inner-column elementor-element elementor-element-e45dafa\" data-id=\"e45dafa\" data-element_type=\"column\" data-e-type=\"column\">\n\t\t\t<div class=\"elementor-widget-wrap elementor-element-populated\">\n\t\t\t\t\t\t<div class=\"elementor-element elementor-element-3a42249 elementor-widget elementor-widget-image\" data-id=\"3a42249\" data-element_type=\"widget\" data-e-type=\"widget\" data-widget_type=\"image.default\">\n\t\t\t\t<div class=\"elementor-widget-container\">\n\t\t\t\t\t\t\t\t\t\t\t\t\t\t\t<img fetchpriority=\"high\" decoding=\"async\" width=\"1920\" height=\"1280\" src=\"https:\/\/www.freccianelcielo.com\/wp-content\/uploads\/2023\/02\/terrazze-masi-coldrusce.webp\" class=\"attachment-full size-full wp-image-2958\" alt=\"\" srcset=\"https:\/\/www.freccianelcielo.com\/wp-content\/uploads\/2023\/02\/terrazze-masi-coldrusce.webp 1920w, https:\/\/www.freccianelcielo.com\/wp-content\/uploads\/2023\/02\/terrazze-masi-coldrusce-300x200.webp 300w, https:\/\/www.freccianelcielo.com\/wp-content\/uploads\/2023\/02\/terrazze-masi-coldrusce-1024x683.webp 1024w, https:\/\/www.freccianelcielo.com\/wp-content\/uploads\/2023\/02\/terrazze-masi-coldrusce-768x512.webp 768w, https:\/\/www.freccianelcielo.com\/wp-content\/uploads\/2023\/02\/terrazze-masi-coldrusce-1536x1024.webp 1536w\" sizes=\"(max-width: 1920px) 100vw, 1920px\" \/>\t\t\t\t\t\t\t\t\t\t\t\t\t\t\t<\/div>\n\t\t\t\t<\/div>\n\t\t\t\t\t<\/div>\n\t\t<\/div>\n\t\t\t\t<div class=\"elementor-column elementor-col-50 elementor-inner-column elementor-element elementor-element-3867efc elementor-hidden-mobile\" data-id=\"3867efc\" data-element_type=\"column\" data-e-type=\"column\">\n\t\t\t<div class=\"elementor-widget-wrap\">\n\t\t\t\t\t\t\t<\/div>\n\t\t<\/div>\n\t\t\t\t\t<\/div>\n\t\t<\/section>\n\t\t\t\t<section class=\"elementor-section elementor-inner-section elementor-element elementor-element-26bd464 animated-slow elementor-reverse-mobile elementor-section-boxed elementor-section-height-default elementor-section-height-default elementor-invisible\" data-id=\"26bd464\" data-element_type=\"section\" data-e-type=\"section\" data-settings=\"{&quot;jet_parallax_layout_list&quot;:[],&quot;background_background&quot;:&quot;classic&quot;,&quot;animation&quot;:&quot;fadeInUp&quot;}\">\n\t\t\t\t\t\t<div class=\"elementor-container elementor-column-gap-no\">\n\t\t\t\t\t<div class=\"elementor-column elementor-col-25 elementor-inner-column elementor-element elementor-element-d223f19 elementor-hidden-mobile\" data-id=\"d223f19\" data-element_type=\"column\" data-e-type=\"column\">\n\t\t\t<div class=\"elementor-widget-wrap\">\n\t\t\t\t\t\t\t<\/div>\n\t\t<\/div>\n\t\t\t\t<div class=\"elementor-column elementor-col-25 elementor-inner-column elementor-element elementor-element-8c62027\" data-id=\"8c62027\" data-element_type=\"column\" data-e-type=\"column\" data-settings=\"{&quot;background_background&quot;:&quot;classic&quot;}\">\n\t\t\t<div class=\"elementor-widget-wrap elementor-element-populated\">\n\t\t\t\t\t\t<div class=\"elementor-element elementor-element-85b2443 elementor-widget elementor-widget-text-editor\" data-id=\"85b2443\" data-element_type=\"widget\" data-e-type=\"widget\" data-widget_type=\"text-editor.default\">\n\t\t\t\t<div class=\"elementor-widget-container\">\n\t\t\t\t\t\t\t\t\t<p>Bei Events und Abendessen auf unseren zwei Terrassen in 1778 m H\u00f6he genie\u00dfen Sie herrliche Ausblicke \u00fcber das gesamte Tal von Cortina, auf die imposanten Dolomitengipfel von Pomagagnon, Sorapis, Pelmo, Croda da Lago, Nuvolau und den Tofane, und nat\u00fcrlich auf die ber\u00fchmten Olympia- und WM-Pisten. Beide Terrassen sind bequem erreichbar \u2013 auch f\u00fcr Menschen mit Herz-Kreislaufproblemen und all jene, die nicht allzu hoch hinaus wollen \u2013 und bieten sich nicht zuletzt auch dank der umliegenden Wiesen und des angrenzenden Kinderspielplatzes als idealer Ort zum Entspannen an.<\/p>\t\t\t\t\t\t\t\t<\/div>\n\t\t\t\t<\/div>\n\t\t\t\t\t<\/div>\n\t\t<\/div>\n\t\t\t\t<div class=\"elementor-column elementor-col-25 elementor-inner-column elementor-element elementor-element-c2b08b9 elementor-hidden-mobile\" data-id=\"c2b08b9\" data-element_type=\"column\" data-e-type=\"column\">\n\t\t\t<div class=\"elementor-widget-wrap\">\n\t\t\t\t\t\t\t<\/div>\n\t\t<\/div>\n\t\t\t\t<div class=\"elementor-column elementor-col-25 elementor-inner-column elementor-element elementor-element-b16f5e9\" data-id=\"b16f5e9\" data-element_type=\"column\" data-e-type=\"column\" data-settings=\"{&quot;background_background&quot;:&quot;classic&quot;}\">\n\t\t\t<div class=\"elementor-widget-wrap elementor-element-populated\">\n\t\t\t\t\t\t<div class=\"elementor-element elementor-element-a21f159 elementor-widget-mobile__width-initial elementor-widget elementor-widget-heading\" data-id=\"a21f159\" data-element_type=\"widget\" data-e-type=\"widget\" data-widget_type=\"heading.default\">\n\t\t\t\t<div class=\"elementor-widget-container\">\n\t\t\t\t\t<h3 class=\"elementor-heading-title elementor-size-default\">Hier wird Entspannung gro\u00dfgeschrieben<\/h3>\t\t\t\t<\/div>\n\t\t\t\t<\/div>\n\t\t\t\t\t<\/div>\n\t\t<\/div>\n\t\t\t\t\t<\/div>\n\t\t<\/section>\n\t\t\t\t\t<\/div>\n\t\t<\/div>\n\t\t\t\t\t<\/div>\n\t\t<\/section>\n\t\t\t\t<section class=\"elementor-section elementor-top-section elementor-element elementor-element-41199d6 elementor-section-boxed elementor-section-height-default elementor-section-height-default\" data-id=\"41199d6\" data-element_type=\"section\" data-e-type=\"section\" data-settings=\"{&quot;jet_parallax_layout_list&quot;:[]}\">\n\t\t\t\t\t\t<div class=\"elementor-container elementor-column-gap-default\">\n\t\t\t\t\t<div class=\"elementor-column elementor-col-100 elementor-top-column elementor-element elementor-element-f65ed31\" data-id=\"f65ed31\" data-element_type=\"column\" data-e-type=\"column\">\n\t\t\t<div class=\"elementor-widget-wrap elementor-element-populated\">\n\t\t\t\t\t\t<div class=\"elementor-element elementor-element-6841a69 animated-slow elementor-invisible elementor-widget elementor-widget-heading\" data-id=\"6841a69\" data-element_type=\"widget\" data-e-type=\"widget\" data-settings=\"{&quot;_animation&quot;:&quot;fadeInUp&quot;}\" data-widget_type=\"heading.default\">\n\t\t\t\t<div class=\"elementor-widget-container\">\n\t\t\t\t\t<h2 class=\"elementor-heading-title elementor-size-default\">Capanna Ra Valles<\/h2>\t\t\t\t<\/div>\n\t\t\t\t<\/div>\n\t\t\t\t<section class=\"elementor-section elementor-inner-section elementor-element elementor-element-6e8c203 elementor-section-height-min-height animated-slow elementor-section-boxed elementor-section-height-default elementor-invisible\" data-id=\"6e8c203\" data-element_type=\"section\" data-e-type=\"section\" data-settings=\"{&quot;jet_parallax_layout_list&quot;:[],&quot;background_background&quot;:&quot;classic&quot;,&quot;animation&quot;:&quot;fadeInUp&quot;}\">\n\t\t\t\t\t\t<div class=\"elementor-container elementor-column-gap-no\">\n\t\t\t\t\t<div class=\"elementor-column elementor-col-50 elementor-inner-column elementor-element elementor-element-929724d\" data-id=\"929724d\" data-element_type=\"column\" data-e-type=\"column\">\n\t\t\t<div class=\"elementor-widget-wrap\">\n\t\t\t\t\t\t\t<\/div>\n\t\t<\/div>\n\t\t\t\t<div class=\"elementor-column elementor-col-50 elementor-inner-column elementor-element elementor-element-c389e45\" data-id=\"c389e45\" data-element_type=\"column\" data-e-type=\"column\">\n\t\t\t<div class=\"elementor-widget-wrap elementor-element-populated\">\n\t\t\t\t\t\t<div class=\"elementor-element elementor-element-3ec3a32 elementor-widget elementor-widget-image\" data-id=\"3ec3a32\" data-element_type=\"widget\" data-e-type=\"widget\" data-widget_type=\"image.default\">\n\t\t\t\t<div class=\"elementor-widget-container\">\n\t\t\t\t\t\t\t\t\t\t\t\t\t\t\t<img decoding=\"async\" width=\"1400\" height=\"933\" src=\"https:\/\/www.freccianelcielo.com\/wp-content\/uploads\/2023\/02\/terrazze-ra-valles.webp\" class=\"attachment-full size-full wp-image-2961\" alt=\"\" srcset=\"https:\/\/www.freccianelcielo.com\/wp-content\/uploads\/2023\/02\/terrazze-ra-valles.webp 1400w, https:\/\/www.freccianelcielo.com\/wp-content\/uploads\/2023\/02\/terrazze-ra-valles-300x200.webp 300w, https:\/\/www.freccianelcielo.com\/wp-content\/uploads\/2023\/02\/terrazze-ra-valles-1024x682.webp 1024w, https:\/\/www.freccianelcielo.com\/wp-content\/uploads\/2023\/02\/terrazze-ra-valles-768x512.webp 768w\" sizes=\"(max-width: 1400px) 100vw, 1400px\" \/>\t\t\t\t\t\t\t\t\t\t\t\t\t\t\t<\/div>\n\t\t\t\t<\/div>\n\t\t\t\t\t<\/div>\n\t\t<\/div>\n\t\t\t\t\t<\/div>\n\t\t<\/section>\n\t\t\t\t<section class=\"elementor-section elementor-inner-section elementor-element elementor-element-bd52242 animated-slow elementor-section-boxed elementor-section-height-default elementor-section-height-default elementor-invisible\" data-id=\"bd52242\" data-element_type=\"section\" data-e-type=\"section\" data-settings=\"{&quot;jet_parallax_layout_list&quot;:[],&quot;background_background&quot;:&quot;classic&quot;,&quot;animation&quot;:&quot;fadeInUp&quot;}\">\n\t\t\t\t\t\t<div class=\"elementor-container elementor-column-gap-no\">\n\t\t\t\t\t<div class=\"elementor-column elementor-col-25 elementor-inner-column elementor-element elementor-element-24a893d\" data-id=\"24a893d\" data-element_type=\"column\" data-e-type=\"column\" data-settings=\"{&quot;background_background&quot;:&quot;classic&quot;}\">\n\t\t\t<div class=\"elementor-widget-wrap elementor-element-populated\">\n\t\t\t\t\t\t<div class=\"elementor-element elementor-element-41c2830 elementor-widget elementor-widget-heading\" data-id=\"41c2830\" data-element_type=\"widget\" data-e-type=\"widget\" data-widget_type=\"heading.default\">\n\t\t\t\t<div class=\"elementor-widget-container\">\n\t\t\t\t\t<h3 class=\"elementor-heading-title elementor-size-default\">Eine Rundterrasse auf 2475 m<\/h3>\t\t\t\t<\/div>\n\t\t\t\t<\/div>\n\t\t\t\t\t<\/div>\n\t\t<\/div>\n\t\t\t\t<div class=\"elementor-column elementor-col-25 elementor-inner-column elementor-element elementor-element-955bb77 elementor-hidden-mobile\" data-id=\"955bb77\" data-element_type=\"column\" data-e-type=\"column\">\n\t\t\t<div class=\"elementor-widget-wrap\">\n\t\t\t\t\t\t\t<\/div>\n\t\t<\/div>\n\t\t\t\t<div class=\"elementor-column elementor-col-25 elementor-inner-column elementor-element elementor-element-e00efe6 elementor-hidden-mobile\" data-id=\"e00efe6\" data-element_type=\"column\" data-e-type=\"column\">\n\t\t\t<div class=\"elementor-widget-wrap\">\n\t\t\t\t\t\t\t<\/div>\n\t\t<\/div>\n\t\t\t\t<div class=\"elementor-column elementor-col-25 elementor-inner-column elementor-element elementor-element-f866b9a\" data-id=\"f866b9a\" data-element_type=\"column\" data-e-type=\"column\" data-settings=\"{&quot;background_background&quot;:&quot;classic&quot;}\">\n\t\t\t<div class=\"elementor-widget-wrap elementor-element-populated\">\n\t\t\t\t\t\t<div class=\"elementor-element elementor-element-28c1ac8 elementor-widget elementor-widget-text-editor\" data-id=\"28c1ac8\" data-element_type=\"widget\" data-e-type=\"widget\" data-widget_type=\"text-editor.default\">\n\t\t\t\t<div class=\"elementor-widget-container\">\n\t\t\t\t\t\t\t\t\t<p>Eine Rundterrasse auf 2475 m mit Blick auf das Ampezzaner Becken. Ideal f\u00fcr Ski- und Wander-Fans. Hier k\u00f6nnen Sie zu jeder Jahreszeit zu Mittag essen und sich im Winter direkt auf die Piste schwingen.<\/p>\t\t\t\t\t\t\t\t<\/div>\n\t\t\t\t<\/div>\n\t\t\t\t\t<\/div>\n\t\t<\/div>\n\t\t\t\t\t<\/div>\n\t\t<\/section>\n\t\t\t\t\t<\/div>\n\t\t<\/div>\n\t\t\t\t\t<\/div>\n\t\t<\/section>\n\t\t\t\t<section class=\"elementor-section elementor-top-section elementor-element elementor-element-8b771f1 elementor-section-boxed elementor-section-height-default elementor-section-height-default\" data-id=\"8b771f1\" data-element_type=\"section\" data-e-type=\"section\" data-settings=\"{&quot;jet_parallax_layout_list&quot;:[]}\">\n\t\t\t\t\t\t<div class=\"elementor-container elementor-column-gap-default\">\n\t\t\t\t\t<div class=\"elementor-column elementor-col-100 elementor-top-column elementor-element elementor-element-be4a7bf\" data-id=\"be4a7bf\" data-element_type=\"column\" data-e-type=\"column\">\n\t\t\t<div class=\"elementor-widget-wrap elementor-element-populated\">\n\t\t\t\t\t\t<div class=\"elementor-element elementor-element-d85ca8d animated-slow elementor-invisible elementor-widget elementor-widget-heading\" data-id=\"d85ca8d\" data-element_type=\"widget\" data-e-type=\"widget\" data-settings=\"{&quot;_animation&quot;:&quot;fadeInUp&quot;}\" data-widget_type=\"heading.default\">\n\t\t\t\t<div class=\"elementor-widget-container\">\n\t\t\t\t\t<h2 class=\"elementor-heading-title elementor-size-default\">Cima Tofana<\/h2>\t\t\t\t<\/div>\n\t\t\t\t<\/div>\n\t\t\t\t<section class=\"elementor-section elementor-inner-section elementor-element elementor-element-5970762 elementor-section-height-min-height animated-slow elementor-section-boxed elementor-section-height-default elementor-invisible\" data-id=\"5970762\" data-element_type=\"section\" data-e-type=\"section\" data-settings=\"{&quot;jet_parallax_layout_list&quot;:[],&quot;background_background&quot;:&quot;classic&quot;,&quot;animation&quot;:&quot;fadeInUp&quot;}\">\n\t\t\t\t\t\t<div class=\"elementor-container elementor-column-gap-no\">\n\t\t\t\t\t<div class=\"elementor-column elementor-col-50 elementor-inner-column elementor-element elementor-element-3dabb72\" data-id=\"3dabb72\" data-element_type=\"column\" data-e-type=\"column\">\n\t\t\t<div class=\"elementor-widget-wrap elementor-element-populated\">\n\t\t\t\t\t\t<div class=\"elementor-element elementor-element-b9dfe3b elementor-widget elementor-widget-image\" data-id=\"b9dfe3b\" data-element_type=\"widget\" data-e-type=\"widget\" data-widget_type=\"image.default\">\n\t\t\t\t<div class=\"elementor-widget-container\">\n\t\t\t\t\t\t\t\t\t\t\t\t\t\t\t<img decoding=\"async\" width=\"1920\" height=\"1280\" src=\"https:\/\/www.freccianelcielo.com\/wp-content\/uploads\/2023\/02\/terrazze-cima.webp\" class=\"attachment-full size-full wp-image-2964\" alt=\"\" srcset=\"https:\/\/www.freccianelcielo.com\/wp-content\/uploads\/2023\/02\/terrazze-cima.webp 1920w, https:\/\/www.freccianelcielo.com\/wp-content\/uploads\/2023\/02\/terrazze-cima-300x200.webp 300w, https:\/\/www.freccianelcielo.com\/wp-content\/uploads\/2023\/02\/terrazze-cima-1024x683.webp 1024w, https:\/\/www.freccianelcielo.com\/wp-content\/uploads\/2023\/02\/terrazze-cima-768x512.webp 768w, https:\/\/www.freccianelcielo.com\/wp-content\/uploads\/2023\/02\/terrazze-cima-1536x1024.webp 1536w\" sizes=\"(max-width: 1920px) 100vw, 1920px\" \/>\t\t\t\t\t\t\t\t\t\t\t\t\t\t\t<\/div>\n\t\t\t\t<\/div>\n\t\t\t\t\t<\/div>\n\t\t<\/div>\n\t\t\t\t<div class=\"elementor-column elementor-col-50 elementor-inner-column elementor-element elementor-element-7a156df elementor-hidden-mobile\" data-id=\"7a156df\" data-element_type=\"column\" data-e-type=\"column\">\n\t\t\t<div class=\"elementor-widget-wrap\">\n\t\t\t\t\t\t\t<\/div>\n\t\t<\/div>\n\t\t\t\t\t<\/div>\n\t\t<\/section>\n\t\t\t\t<section class=\"elementor-section elementor-inner-section elementor-element elementor-element-b4cb46e animated-slow elementor-reverse-mobile elementor-section-boxed elementor-section-height-default elementor-section-height-default elementor-invisible\" data-id=\"b4cb46e\" data-element_type=\"section\" data-e-type=\"section\" data-settings=\"{&quot;jet_parallax_layout_list&quot;:[],&quot;background_background&quot;:&quot;classic&quot;,&quot;animation&quot;:&quot;fadeInUp&quot;}\">\n\t\t\t\t\t\t<div class=\"elementor-container elementor-column-gap-no\">\n\t\t\t\t\t<div class=\"elementor-column elementor-col-25 elementor-inner-column elementor-element elementor-element-8595229 elementor-hidden-mobile\" data-id=\"8595229\" data-element_type=\"column\" data-e-type=\"column\">\n\t\t\t<div class=\"elementor-widget-wrap\">\n\t\t\t\t\t\t\t<\/div>\n\t\t<\/div>\n\t\t\t\t<div class=\"elementor-column elementor-col-25 elementor-inner-column elementor-element elementor-element-703ba28\" data-id=\"703ba28\" data-element_type=\"column\" data-e-type=\"column\" data-settings=\"{&quot;background_background&quot;:&quot;classic&quot;}\">\n\t\t\t<div class=\"elementor-widget-wrap elementor-element-populated\">\n\t\t\t\t\t\t<div class=\"elementor-element elementor-element-0eea89f elementor-widget elementor-widget-text-editor\" data-id=\"0eea89f\" data-element_type=\"widget\" data-e-type=\"widget\" data-widget_type=\"text-editor.default\">\n\t\t\t\t<div class=\"elementor-widget-container\">\n\t\t\t\t\t\t\t\t\t<p>Im Sommer ge\u00f6ffnet, je nach M\u00f6glichkeit auch im Winter. Die Aussicht von dieser Terrasse inmitten der Dolomiten ist einzigartig. Die Sonnenaufg\u00e4nge und -unterg\u00e4nge hier sind unvergesslich \u2013 ein Muss!<\/p>\t\t\t\t\t\t\t\t<\/div>\n\t\t\t\t<\/div>\n\t\t\t\t\t<\/div>\n\t\t<\/div>\n\t\t\t\t<div class=\"elementor-column elementor-col-25 elementor-inner-column elementor-element elementor-element-aeaf2fa elementor-hidden-mobile\" data-id=\"aeaf2fa\" data-element_type=\"column\" data-e-type=\"column\">\n\t\t\t<div class=\"elementor-widget-wrap\">\n\t\t\t\t\t\t\t<\/div>\n\t\t<\/div>\n\t\t\t\t<div class=\"elementor-column elementor-col-25 elementor-inner-column elementor-element elementor-element-da424cf\" data-id=\"da424cf\" data-element_type=\"column\" data-e-type=\"column\" data-settings=\"{&quot;background_background&quot;:&quot;classic&quot;}\">\n\t\t\t<div class=\"elementor-widget-wrap elementor-element-populated\">\n\t\t\t\t\t\t<div class=\"elementor-element elementor-element-227b14a elementor-widget-mobile__width-initial elementor-widget elementor-widget-heading\" data-id=\"227b14a\" data-element_type=\"widget\" data-e-type=\"widget\" data-widget_type=\"heading.default\">\n\t\t\t\t<div class=\"elementor-widget-container\">\n\t\t\t\t\t<h3 class=\"elementor-heading-title elementor-size-default\">Ein unvergleichlicher Ausblick<\/h3>\t\t\t\t<\/div>\n\t\t\t\t<\/div>\n\t\t\t\t\t<\/div>\n\t\t<\/div>\n\t\t\t\t\t<\/div>\n\t\t<\/section>\n\t\t\t\t\t<\/div>\n\t\t<\/div>\n\t\t\t\t\t<\/div>\n\t\t<\/section>\n\t\t\t\t<\/div>\n\t\t","protected":false},"excerpt":{"rendered":"<p>Panoramaterrassen 3 Terrassen, 3 Panoramen, 1000 Emotionen Auf unseren Terrassen k\u00f6nnen Sie atemberaubende Bilder schie\u00dfen, gut essen, sich entspannen, im Liegestuhl die Sonne genie\u00dfen, im Sommer wie im Winter ein warmes Getr\u00e4nk zu sich nehmen, das Geschehen auf der Tofana beobachten und selbst an den sch\u00f6nsten Sommertagen den k\u00fchlen Schnee mit der Hand ber\u00fchren. Col [&hellip;]<\/p>\n","protected":false},"author":4,"featured_media":0,"parent":3901,"menu_order":0,"comment_status":"closed","ping_status":"closed","template":"","meta":{"inline_featured_image":false,"_monsterinsights_skip_tracking":false,"_monsterinsights_sitenote_active":false,"_monsterinsights_sitenote_note":"","_monsterinsights_sitenote_category":0,"site-sidebar-layout":"no-sidebar","site-content-layout":"page-builder","ast-site-content-layout":"default","site-content-style":"default","site-sidebar-style":"default","ast-global-header-display":"","ast-banner-title-visibility":"","ast-main-header-display":"","ast-hfb-above-header-display":"","ast-hfb-below-header-display":"","ast-hfb-mobile-header-display":"","site-post-title":"disabled","ast-breadcrumbs-content":"","ast-featured-img":"disabled","footer-sml-layout":"","ast-disable-related-posts":"","theme-transparent-header-meta":"","adv-header-id-meta":"","stick-header-meta":"","header-above-stick-meta":"","header-main-stick-meta":"","header-below-stick-meta":"","astra-migrate-meta-layouts":"default","ast-page-background-enabled":"default","ast-page-background-meta":{"desktop":{"background-color":"var(--ast-global-color-4)","background-image":"","background-repeat":"repeat","background-position":"center center","background-size":"auto","background-attachment":"scroll","background-type":"","background-media":"","overlay-type":"","overlay-color":"","overlay-opacity":"","overlay-gradient":""},"tablet":{"background-color":"","background-image":"","background-repeat":"repeat","background-position":"center center","background-size":"auto","background-attachment":"scroll","background-type":"","background-media":"","overlay-type":"","overlay-color":"","overlay-opacity":"","overlay-gradient":""},"mobile":{"background-color":"","background-image":"","background-repeat":"repeat","background-position":"center center","background-size":"auto","background-attachment":"scroll","background-type":"","background-media":"","overlay-type":"","overlay-color":"","overlay-opacity":"","overlay-gradient":""}},"ast-content-background-meta":{"desktop":{"background-color":"var(--ast-global-color-5)","background-image":"","background-repeat":"repeat","background-position":"center center","background-size":"auto","background-attachment":"scroll","background-type":"","background-media":"","overlay-type":"","overlay-color":"","overlay-opacity":"","overlay-gradient":""},"tablet":{"background-color":"var(--ast-global-color-5)","background-image":"","background-repeat":"repeat","background-position":"center center","background-size":"auto","background-attachment":"scroll","background-type":"","background-media":"","overlay-type":"","overlay-color":"","overlay-opacity":"","overlay-gradient":""},"mobile":{"background-color":"var(--ast-global-color-5)","background-image":"","background-repeat":"repeat","background-position":"center center","background-size":"auto","background-attachment":"scroll","background-type":"","background-media":"","overlay-type":"","overlay-color":"","overlay-opacity":"","overlay-gradient":""}},"footnotes":""},"class_list":["post-3938","page","type-page","status-publish","hentry"],"yoast_head":"<!-- This site is optimized with the Yoast SEO plugin v27.4 - https:\/\/yoast.com\/product\/yoast-seo-wordpress\/ -->\n<title>Panoramaterrassen - Tofana Cortina | Freccia nel Cielo<\/title>\n<meta name=\"robots\" content=\"index, follow, max-snippet:-1, max-image-preview:large, max-video-preview:-1\" \/>\n<link rel=\"canonical\" href=\"https:\/\/www.freccianelcielo.com\/de\/interessenpunkte\/panoramaterrassen\/\" \/>\n<meta property=\"og:locale\" content=\"de_DE\" \/>\n<meta property=\"og:type\" content=\"article\" \/>\n<meta property=\"og:title\" content=\"Panoramaterrassen - Tofana Cortina | Freccia nel Cielo\" \/>\n<meta property=\"og:description\" content=\"Panoramaterrassen 3 Terrassen, 3 Panoramen, 1000 Emotionen Auf unseren Terrassen k\u00f6nnen Sie atemberaubende Bilder schie\u00dfen, gut essen, sich entspannen, im Liegestuhl die Sonne genie\u00dfen, im Sommer wie im Winter ein warmes Getr\u00e4nk zu sich nehmen, das Geschehen auf der Tofana beobachten und selbst an den sch\u00f6nsten Sommertagen den k\u00fchlen Schnee mit der Hand ber\u00fchren. Col [&hellip;]\" \/>\n<meta property=\"og:url\" content=\"https:\/\/www.freccianelcielo.com\/de\/interessenpunkte\/panoramaterrassen\/\" \/>\n<meta property=\"og:site_name\" content=\"Tofana Cortina\" \/>\n<meta property=\"article:publisher\" content=\"https:\/\/www.facebook.com\/funiviafreccia.cielo\" \/>\n<meta property=\"article:modified_time\" content=\"2023-07-25T09:46:31+00:00\" \/>\n<meta property=\"og:image\" content=\"https:\/\/www.freccianelcielo.com\/wp-content\/uploads\/2023\/02\/terrazze-masi-coldrusce.webp\" \/>\n<meta name=\"twitter:card\" content=\"summary_large_image\" \/>\n<meta name=\"twitter:label1\" content=\"Gesch\u00e4tzte Lesezeit\" \/>\n\t<meta name=\"twitter:data1\" content=\"2\u00a0Minuten\" \/>\n<script type=\"application\/ld+json\" class=\"yoast-schema-graph\">{\"@context\":\"https:\\\/\\\/schema.org\",\"@graph\":[{\"@type\":\"WebPage\",\"@id\":\"https:\\\/\\\/www.freccianelcielo.com\\\/de\\\/interessenpunkte\\\/panoramaterrassen\\\/\",\"url\":\"https:\\\/\\\/www.freccianelcielo.com\\\/de\\\/interessenpunkte\\\/panoramaterrassen\\\/\",\"name\":\"Panoramaterrassen - Tofana Cortina | Freccia nel Cielo\",\"isPartOf\":{\"@id\":\"https:\\\/\\\/www.freccianelcielo.com\\\/#website\"},\"primaryImageOfPage\":{\"@id\":\"https:\\\/\\\/www.freccianelcielo.com\\\/de\\\/interessenpunkte\\\/panoramaterrassen\\\/#primaryimage\"},\"image\":{\"@id\":\"https:\\\/\\\/www.freccianelcielo.com\\\/de\\\/interessenpunkte\\\/panoramaterrassen\\\/#primaryimage\"},\"thumbnailUrl\":\"https:\\\/\\\/www.freccianelcielo.com\\\/wp-content\\\/uploads\\\/2023\\\/02\\\/terrazze-masi-coldrusce.webp\",\"datePublished\":\"2023-02-05T17:53:41+00:00\",\"dateModified\":\"2023-07-25T09:46:31+00:00\",\"breadcrumb\":{\"@id\":\"https:\\\/\\\/www.freccianelcielo.com\\\/de\\\/interessenpunkte\\\/panoramaterrassen\\\/#breadcrumb\"},\"inLanguage\":\"de\",\"potentialAction\":[{\"@type\":\"ReadAction\",\"target\":[\"https:\\\/\\\/www.freccianelcielo.com\\\/de\\\/interessenpunkte\\\/panoramaterrassen\\\/\"]}]},{\"@type\":\"ImageObject\",\"inLanguage\":\"de\",\"@id\":\"https:\\\/\\\/www.freccianelcielo.com\\\/de\\\/interessenpunkte\\\/panoramaterrassen\\\/#primaryimage\",\"url\":\"https:\\\/\\\/www.freccianelcielo.com\\\/wp-content\\\/uploads\\\/2023\\\/02\\\/terrazze-masi-coldrusce.webp\",\"contentUrl\":\"https:\\\/\\\/www.freccianelcielo.com\\\/wp-content\\\/uploads\\\/2023\\\/02\\\/terrazze-masi-coldrusce.webp\"},{\"@type\":\"BreadcrumbList\",\"@id\":\"https:\\\/\\\/www.freccianelcielo.com\\\/de\\\/interessenpunkte\\\/panoramaterrassen\\\/#breadcrumb\",\"itemListElement\":[{\"@type\":\"ListItem\",\"position\":1,\"name\":\"Home\",\"item\":\"https:\\\/\\\/www.freccianelcielo.com\\\/de\\\/home\\\/\"},{\"@type\":\"ListItem\",\"position\":2,\"name\":\"Interessenpunkte\",\"item\":\"https:\\\/\\\/www.freccianelcielo.com\\\/de\\\/interessenpunkte\\\/\"},{\"@type\":\"ListItem\",\"position\":3,\"name\":\"Panoramaterrassen\"}]},{\"@type\":\"WebSite\",\"@id\":\"https:\\\/\\\/www.freccianelcielo.com\\\/#website\",\"url\":\"https:\\\/\\\/www.freccianelcielo.com\\\/\",\"name\":\"Tofana Cortina\",\"description\":\"Freccia nel Cielo\",\"publisher\":{\"@id\":\"https:\\\/\\\/www.freccianelcielo.com\\\/#organization\"},\"potentialAction\":[{\"@type\":\"SearchAction\",\"target\":{\"@type\":\"EntryPoint\",\"urlTemplate\":\"https:\\\/\\\/www.freccianelcielo.com\\\/?s={search_term_string}\"},\"query-input\":{\"@type\":\"PropertyValueSpecification\",\"valueRequired\":true,\"valueName\":\"search_term_string\"}}],\"inLanguage\":\"de\"},{\"@type\":\"Organization\",\"@id\":\"https:\\\/\\\/www.freccianelcielo.com\\\/#organization\",\"name\":\"Tofana Cortina\",\"url\":\"https:\\\/\\\/www.freccianelcielo.com\\\/\",\"logo\":{\"@type\":\"ImageObject\",\"inLanguage\":\"de\",\"@id\":\"https:\\\/\\\/www.freccianelcielo.com\\\/#\\\/schema\\\/logo\\\/image\\\/\",\"url\":\"https:\\\/\\\/www.freccianelcielo.com\\\/wp-content\\\/uploads\\\/2022\\\/10\\\/tofana-logo.svg\",\"contentUrl\":\"https:\\\/\\\/www.freccianelcielo.com\\\/wp-content\\\/uploads\\\/2022\\\/10\\\/tofana-logo.svg\",\"width\":208,\"height\":247,\"caption\":\"Tofana Cortina\"},\"image\":{\"@id\":\"https:\\\/\\\/www.freccianelcielo.com\\\/#\\\/schema\\\/logo\\\/image\\\/\"},\"sameAs\":[\"https:\\\/\\\/www.facebook.com\\\/funiviafreccia.cielo\",\"https:\\\/\\\/www.instagram.com\\\/tofanacortina\\\/\",\"https:\\\/\\\/it.linkedin.com\\\/company\\\/tofana-freccia-nel-cielo\",\"https:\\\/\\\/www.youtube.com\\\/channel\\\/UCL8BgwFTeNhUIWEP-cE81aA\",\"https:\\\/\\\/www.tripadvisor.it\\\/Attraction_Review-g194745-d7677791-Reviews-Tofana-Cortina_d_Ampezzo_Province_of_Belluno_Veneto.html\"]}]}<\/script>\n<!-- \/ Yoast SEO plugin. -->","yoast_head_json":{"title":"Panoramaterrassen - Tofana Cortina | Freccia nel Cielo","robots":{"index":"index","follow":"follow","max-snippet":"max-snippet:-1","max-image-preview":"max-image-preview:large","max-video-preview":"max-video-preview:-1"},"canonical":"https:\/\/www.freccianelcielo.com\/de\/interessenpunkte\/panoramaterrassen\/","og_locale":"de_DE","og_type":"article","og_title":"Panoramaterrassen - Tofana Cortina | Freccia nel Cielo","og_description":"Panoramaterrassen 3 Terrassen, 3 Panoramen, 1000 Emotionen Auf unseren Terrassen k\u00f6nnen Sie atemberaubende Bilder schie\u00dfen, gut essen, sich entspannen, im Liegestuhl die Sonne genie\u00dfen, im Sommer wie im Winter ein warmes Getr\u00e4nk zu sich nehmen, das Geschehen auf der Tofana beobachten und selbst an den sch\u00f6nsten Sommertagen den k\u00fchlen Schnee mit der Hand ber\u00fchren. Col [&hellip;]","og_url":"https:\/\/www.freccianelcielo.com\/de\/interessenpunkte\/panoramaterrassen\/","og_site_name":"Tofana Cortina","article_publisher":"https:\/\/www.facebook.com\/funiviafreccia.cielo","article_modified_time":"2023-07-25T09:46:31+00:00","og_image":[{"url":"https:\/\/www.freccianelcielo.com\/wp-content\/uploads\/2023\/02\/terrazze-masi-coldrusce.webp","type":"","width":"","height":""}],"twitter_card":"summary_large_image","twitter_misc":{"Gesch\u00e4tzte Lesezeit":"2\u00a0Minuten"},"schema":{"@context":"https:\/\/schema.org","@graph":[{"@type":"WebPage","@id":"https:\/\/www.freccianelcielo.com\/de\/interessenpunkte\/panoramaterrassen\/","url":"https:\/\/www.freccianelcielo.com\/de\/interessenpunkte\/panoramaterrassen\/","name":"Panoramaterrassen - Tofana Cortina | Freccia nel Cielo","isPartOf":{"@id":"https:\/\/www.freccianelcielo.com\/#website"},"primaryImageOfPage":{"@id":"https:\/\/www.freccianelcielo.com\/de\/interessenpunkte\/panoramaterrassen\/#primaryimage"},"image":{"@id":"https:\/\/www.freccianelcielo.com\/de\/interessenpunkte\/panoramaterrassen\/#primaryimage"},"thumbnailUrl":"https:\/\/www.freccianelcielo.com\/wp-content\/uploads\/2023\/02\/terrazze-masi-coldrusce.webp","datePublished":"2023-02-05T17:53:41+00:00","dateModified":"2023-07-25T09:46:31+00:00","breadcrumb":{"@id":"https:\/\/www.freccianelcielo.com\/de\/interessenpunkte\/panoramaterrassen\/#breadcrumb"},"inLanguage":"de","potentialAction":[{"@type":"ReadAction","target":["https:\/\/www.freccianelcielo.com\/de\/interessenpunkte\/panoramaterrassen\/"]}]},{"@type":"ImageObject","inLanguage":"de","@id":"https:\/\/www.freccianelcielo.com\/de\/interessenpunkte\/panoramaterrassen\/#primaryimage","url":"https:\/\/www.freccianelcielo.com\/wp-content\/uploads\/2023\/02\/terrazze-masi-coldrusce.webp","contentUrl":"https:\/\/www.freccianelcielo.com\/wp-content\/uploads\/2023\/02\/terrazze-masi-coldrusce.webp"},{"@type":"BreadcrumbList","@id":"https:\/\/www.freccianelcielo.com\/de\/interessenpunkte\/panoramaterrassen\/#breadcrumb","itemListElement":[{"@type":"ListItem","position":1,"name":"Home","item":"https:\/\/www.freccianelcielo.com\/de\/home\/"},{"@type":"ListItem","position":2,"name":"Interessenpunkte","item":"https:\/\/www.freccianelcielo.com\/de\/interessenpunkte\/"},{"@type":"ListItem","position":3,"name":"Panoramaterrassen"}]},{"@type":"WebSite","@id":"https:\/\/www.freccianelcielo.com\/#website","url":"https:\/\/www.freccianelcielo.com\/","name":"Tofana Cortina","description":"Freccia nel Cielo","publisher":{"@id":"https:\/\/www.freccianelcielo.com\/#organization"},"potentialAction":[{"@type":"SearchAction","target":{"@type":"EntryPoint","urlTemplate":"https:\/\/www.freccianelcielo.com\/?s={search_term_string}"},"query-input":{"@type":"PropertyValueSpecification","valueRequired":true,"valueName":"search_term_string"}}],"inLanguage":"de"},{"@type":"Organization","@id":"https:\/\/www.freccianelcielo.com\/#organization","name":"Tofana Cortina","url":"https:\/\/www.freccianelcielo.com\/","logo":{"@type":"ImageObject","inLanguage":"de","@id":"https:\/\/www.freccianelcielo.com\/#\/schema\/logo\/image\/","url":"https:\/\/www.freccianelcielo.com\/wp-content\/uploads\/2022\/10\/tofana-logo.svg","contentUrl":"https:\/\/www.freccianelcielo.com\/wp-content\/uploads\/2022\/10\/tofana-logo.svg","width":208,"height":247,"caption":"Tofana Cortina"},"image":{"@id":"https:\/\/www.freccianelcielo.com\/#\/schema\/logo\/image\/"},"sameAs":["https:\/\/www.facebook.com\/funiviafreccia.cielo","https:\/\/www.instagram.com\/tofanacortina\/","https:\/\/it.linkedin.com\/company\/tofana-freccia-nel-cielo","https:\/\/www.youtube.com\/channel\/UCL8BgwFTeNhUIWEP-cE81aA","https:\/\/www.tripadvisor.it\/Attraction_Review-g194745-d7677791-Reviews-Tofana-Cortina_d_Ampezzo_Province_of_Belluno_Veneto.html"]}]}},"_links":{"self":[{"href":"https:\/\/www.freccianelcielo.com\/de\/wp-json\/wp\/v2\/pages\/3938","targetHints":{"allow":["GET"]}}],"collection":[{"href":"https:\/\/www.freccianelcielo.com\/de\/wp-json\/wp\/v2\/pages"}],"about":[{"href":"https:\/\/www.freccianelcielo.com\/de\/wp-json\/wp\/v2\/types\/page"}],"author":[{"embeddable":true,"href":"https:\/\/www.freccianelcielo.com\/de\/wp-json\/wp\/v2\/users\/4"}],"replies":[{"embeddable":true,"href":"https:\/\/www.freccianelcielo.com\/de\/wp-json\/wp\/v2\/comments?post=3938"}],"version-history":[{"count":8,"href":"https:\/\/www.freccianelcielo.com\/de\/wp-json\/wp\/v2\/pages\/3938\/revisions"}],"predecessor-version":[{"id":7184,"href":"https:\/\/www.freccianelcielo.com\/de\/wp-json\/wp\/v2\/pages\/3938\/revisions\/7184"}],"up":[{"embeddable":true,"href":"https:\/\/www.freccianelcielo.com\/de\/wp-json\/wp\/v2\/pages\/3901"}],"wp:attachment":[{"href":"https:\/\/www.freccianelcielo.com\/de\/wp-json\/wp\/v2\/media?parent=3938"}],"curies":[{"name":"wp","href":"https:\/\/api.w.org\/{rel}","templated":true}]}}