{"id":3961,"date":"2023-01-12T10:43:21","date_gmt":"2023-01-12T09:43:21","guid":{"rendered":"https:\/\/www.freccianelcielo.com\/chi-siamo\/"},"modified":"2023-10-25T17:51:32","modified_gmt":"2023-10-25T15:51:32","slug":"uber-uns","status":"publish","type":"page","link":"https:\/\/www.freccianelcielo.com\/de\/uber-uns\/","title":{"rendered":"\u00dcber uns"},"content":{"rendered":"\t\t<div data-elementor-type=\"wp-page\" data-elementor-id=\"3961\" class=\"elementor elementor-3961 elementor-630\" data-elementor-post-type=\"page\">\n\t\t\t\t\t\t<section class=\"elementor-section elementor-top-section elementor-element elementor-element-efd5266 elementor-section-height-min-height elementor-section-items-bottom elementor-section-boxed elementor-section-height-default\" data-id=\"efd5266\" data-element_type=\"section\" data-e-type=\"section\" data-settings=\"{&quot;jet_parallax_layout_list&quot;:[],&quot;background_background&quot;:&quot;classic&quot;}\">\n\t\t\t\t\t\t\t<div class=\"elementor-background-overlay\"><\/div>\n\t\t\t\t\t\t\t<div class=\"elementor-container elementor-column-gap-default\">\n\t\t\t\t\t<div class=\"elementor-column elementor-col-100 elementor-top-column elementor-element elementor-element-4e74b93 animated-slow elementor-invisible\" data-id=\"4e74b93\" data-element_type=\"column\" data-e-type=\"column\" data-settings=\"{&quot;animation&quot;:&quot;fadeIn&quot;,&quot;animation_delay&quot;:1000}\">\n\t\t\t<div class=\"elementor-widget-wrap elementor-element-populated\">\n\t\t\t\t\t\t<div class=\"elementor-element elementor-element-1601734 elementor-hidden-mobile elementor-widget elementor-widget-breadcrumbs\" data-id=\"1601734\" data-element_type=\"widget\" data-e-type=\"widget\" data-widget_type=\"breadcrumbs.default\">\n\t\t\t\t<div class=\"elementor-widget-container\">\n\t\t\t\t\t<p id=\"breadcrumbs\"><span><span><a href=\"https:\/\/www.freccianelcielo.com\/de\/home\/\">Home<\/a><\/span><\/span><\/p>\t\t\t\t<\/div>\n\t\t\t\t<\/div>\n\t\t\t\t\t<\/div>\n\t\t<\/div>\n\t\t\t\t\t<\/div>\n\t\t<\/section>\n\t\t\t\t<section class=\"elementor-section elementor-top-section elementor-element elementor-element-dde251e elementor-section-boxed elementor-section-height-default elementor-section-height-default\" data-id=\"dde251e\" data-element_type=\"section\" data-e-type=\"section\" data-settings=\"{&quot;jet_parallax_layout_list&quot;:[]}\">\n\t\t\t\t\t\t<div class=\"elementor-container elementor-column-gap-default\">\n\t\t\t\t\t<div class=\"elementor-column elementor-col-100 elementor-top-column elementor-element elementor-element-f744b66 animated-slow elementor-invisible\" data-id=\"f744b66\" data-element_type=\"column\" data-e-type=\"column\" data-settings=\"{&quot;animation&quot;:&quot;fadeInUp&quot;}\">\n\t\t\t<div class=\"elementor-widget-wrap elementor-element-populated\">\n\t\t\t\t\t\t<div class=\"elementor-element elementor-element-bc9ce52 elementor-widget elementor-widget-text-editor\" data-id=\"bc9ce52\" data-element_type=\"widget\" data-e-type=\"widget\" data-widget_type=\"text-editor.default\">\n\t\t\t\t<div class=\"elementor-widget-container\">\n\t\t\t\t\t\t\t\t\t<p><span style=\"color: #333333;\">Tofana \u2013 Freccia nel Cielo betreibt das Ski- und Naturgebiet <b>Col Drusci\u00e8, Ra Valles und Cima Tofana<\/b> im Naturpark Ampezzaner Dolomiten, das seit dem 26. Juni 2009 zum Dolomiten UNESCO Welterbe z\u00e4hlt.<\/span><\/p>\t\t\t\t\t\t\t\t<\/div>\n\t\t\t\t<\/div>\n\t\t\t\t<div class=\"elementor-element elementor-element-39cfbc0 elementor-widget elementor-widget-text-editor\" data-id=\"39cfbc0\" data-element_type=\"widget\" data-e-type=\"widget\" data-widget_type=\"text-editor.default\">\n\t\t\t\t<div class=\"elementor-widget-container\">\n\t\t\t\t\t\t\t\t\t<p><span style=\"color: #333333;\">Bereits 1971 war die Freccia nel Cielo mit ihren <b>drei Abschnitten<\/b> eine der wichtigsten Aufstiegsanlagen Italiens. Im Jahr 2019 wurde der erste Abschnitt mit einer neuen Gondelbahn grundlegend modernisiert; seit 2021 verbindet au\u00dferdem ein bequemer neuer Vierer-Sessellift im Winter Pian Ra Valles und Bus Tofana. Die Talstation der Freccia nel Cielo mit dem dazugeh\u00f6rigen gro\u00dfen Parkplatz befindet sich direkt im Ortskern von Cortina d&#8217;Ampezzo, gleich neben dem bekannten Eisstadion. Von hier aus f\u00fchren die Gondelbahn und zwei allgemein zug\u00e4ngliche Seilbahnen hoch hinauf zum dritth\u00f6chsten Gipfel der Dolomiten: dem <b>Tofana di Mezzo<\/b> auf <b>3244 m<\/b>. Entlang der Panoramafahrt in den Himmel k\u00f6nnen G\u00e4ste an den beiden Zwischenstationen <b>Col Drusci\u00e9 (1778 m)<\/b> und <b>Ra Valles (2470 m)<\/b> aussteigen, den Berg und die Aussicht nach Herzenslust genie\u00dfen und anschlie\u00dfend wieder weiterfahren.<\/span><\/p>\t\t\t\t\t\t\t\t<\/div>\n\t\t\t\t<\/div>\n\t\t\t\t\t<\/div>\n\t\t<\/div>\n\t\t\t\t\t<\/div>\n\t\t<\/section>\n\t\t\t\t<section class=\"elementor-section elementor-top-section elementor-element elementor-element-53f264f elementor-section-boxed elementor-section-height-default elementor-section-height-default\" data-id=\"53f264f\" data-element_type=\"section\" data-e-type=\"section\" data-settings=\"{&quot;jet_parallax_layout_list&quot;:[]}\">\n\t\t\t\t\t\t<div class=\"elementor-container elementor-column-gap-default\">\n\t\t\t\t\t<div class=\"elementor-column elementor-col-100 elementor-top-column elementor-element elementor-element-67ab139 animated-slow elementor-invisible\" data-id=\"67ab139\" data-element_type=\"column\" data-e-type=\"column\" data-settings=\"{&quot;animation&quot;:&quot;fadeInUp&quot;}\">\n\t\t\t<div class=\"elementor-widget-wrap elementor-element-populated\">\n\t\t\t\t\t\t<div class=\"elementor-element elementor-element-7495b59 elementor-widget elementor-widget-video\" data-id=\"7495b59\" data-element_type=\"widget\" data-e-type=\"widget\" data-settings=\"{&quot;youtube_url&quot;:&quot;https:\\\/\\\/youtu.be\\\/lq0fgocm8to&quot;,&quot;yt_privacy&quot;:&quot;yes&quot;,&quot;show_image_overlay&quot;:&quot;yes&quot;,&quot;image_overlay&quot;:{&quot;url&quot;:&quot;https:\\\/\\\/www.freccianelcielo.com\\\/wp-content\\\/uploads\\\/2023\\\/01\\\/video-50-place.webp&quot;,&quot;id&quot;:665,&quot;size&quot;:&quot;&quot;,&quot;alt&quot;:&quot;&quot;,&quot;source&quot;:&quot;library&quot;},&quot;video_type&quot;:&quot;youtube&quot;}\" data-widget_type=\"video.default\">\n\t\t\t\t<div class=\"elementor-widget-container\">\n\t\t\t\t\t\t\t<div class=\"elementor-wrapper elementor-open-inline\">\n\t\t\t<div class=\"elementor-video\"><\/div>\t\t\t\t<div class=\"elementor-custom-embed-image-overlay\" style=\"background-image: url(https:\/\/www.freccianelcielo.com\/wp-content\/uploads\/2023\/01\/video-50-place.webp);\">\n\t\t\t\t\t\t\t\t\t\t\t\t\t\t\t\t<div class=\"elementor-custom-embed-play\" role=\"button\" aria-label=\"Video abspielen\" tabindex=\"0\">\n\t\t\t\t\t\t\t<i aria-hidden=\"true\" class=\"eicon-play\"><\/i>\t\t\t\t\t\t<\/div>\n\t\t\t\t\t\t\t\t\t<\/div>\n\t\t\t\t\t<\/div>\n\t\t\t\t\t\t<\/div>\n\t\t\t\t<\/div>\n\t\t\t\t\t<\/div>\n\t\t<\/div>\n\t\t\t\t\t<\/div>\n\t\t<\/section>\n\t\t\t\t<section class=\"elementor-section elementor-top-section elementor-element elementor-element-1e7aef7 elementor-section-boxed elementor-section-height-default elementor-section-height-default\" data-id=\"1e7aef7\" data-element_type=\"section\" data-e-type=\"section\" data-settings=\"{&quot;jet_parallax_layout_list&quot;:[],&quot;background_background&quot;:&quot;classic&quot;}\">\n\t\t\t\t\t\t<div class=\"elementor-container elementor-column-gap-default\">\n\t\t\t\t\t<div class=\"elementor-column elementor-col-100 elementor-top-column elementor-element elementor-element-50d4f10\" data-id=\"50d4f10\" data-element_type=\"column\" data-e-type=\"column\">\n\t\t\t<div class=\"elementor-widget-wrap elementor-element-populated\">\n\t\t\t\t\t\t<div class=\"elementor-element elementor-element-9460eb3 animated-slow elementor-invisible elementor-widget elementor-widget-heading\" data-id=\"9460eb3\" data-element_type=\"widget\" data-e-type=\"widget\" data-settings=\"{&quot;_animation&quot;:&quot;fadeInUp&quot;}\" data-widget_type=\"heading.default\">\n\t\t\t\t<div class=\"elementor-widget-container\">\n\t\t\t\t\t<h2 class=\"elementor-heading-title elementor-size-default\">Anfahrt<\/h2>\t\t\t\t<\/div>\n\t\t\t\t<\/div>\n\t\t\t\t<div class=\"elementor-element elementor-element-d359f8d animated-slow elementor-invisible elementor-widget elementor-widget-text-editor\" data-id=\"d359f8d\" data-element_type=\"widget\" data-e-type=\"widget\" data-settings=\"{&quot;_animation&quot;:&quot;fadeInUp&quot;}\" data-widget_type=\"text-editor.default\">\n\t\t\t\t<div class=\"elementor-widget-container\">\n\t\t\t\t\t\t\t\t\t<p><span style=\"color: #333333;\">Sie erreichen uns mit dem Auto, dem Bus, zu Fu\u00df in 10 Minuten <b>vom Ortskern von Cortina<\/b> aus oder mit einem \u00f6ffentlichen oder privaten Shuttle-Service. Cortina ist 140 km vom Flughafen Venedig und 130 km von Bozen entfernt und liegt auf 1224 m \u00fcber dem Meeresspiegel in der Provinz Belluno, zwischen den Regionen Venetien und Trentino-S\u00fcdtirol. Der Ort mit seinen rund 6.000 EinwohnerInnen liegt im weiten Tal des Flusses Boite eingebettet in die herrlichen Ampezzaner Dolomiten.<br \/>Die Gemeinde gilt weitum als \u201eeiner der sch\u00f6nsten Orte der Welt\u201c und ist eben darum auch als \u201eK\u00f6nigin der Dolomiten\u201c bekannt \u2013 tats\u00e4chlich geh\u00f6ren die eindrucksvollen Gipfel rund um den Ort zum Dolomiten UNESCO Welterbe. Wer Cortina besucht, kehrt unweigerlich wieder hierher zur\u00fcck. Hemingway, Montanelli, Brigitte Bardot, Clark Gable, Ingrid Bergman, Fred Buscaglione und Alberto Sordi waren allesamt gern gesehene G\u00e4ste und trugen ma\u00dfgeblich zum \u201eDolce-Vita\u201c-Charme des Ortes bei.<br \/>Das Dorf blickt auf eine au\u00dfergew\u00f6hnliche tausendj\u00e4hrige Geschichte zur\u00fcck und zieht dank der herrlichen Landschaft, der unz\u00e4hligen Events und Sportveranstaltungen, der lebhaften Atmosph\u00e4re in den Clubs im Zentrum, der eleganten Gesch\u00e4fte sowie dank der sprichw\u00f6rtlichen Gastfreundschaft und hohen Qualit\u00e4t seiner Restaurants und H\u00fctten im Sommer wie auch im Winter G\u00e4ste aus aller Welt an.<br \/>Cortina geh\u00f6rt als einzige italienische Feriendestination zusammen mit 12 weiteren renommierten Ferienorten in den Alpen zur Vereinigung <b>Best of the Alps<\/b>.<br \/><\/span><\/p>\t\t\t\t\t\t\t\t<\/div>\n\t\t\t\t<\/div>\n\t\t\t\t<div class=\"elementor-element elementor-element-ff1e76a animated-slow elementor-invisible elementor-widget elementor-widget-google_maps\" data-id=\"ff1e76a\" data-element_type=\"widget\" data-e-type=\"widget\" data-settings=\"{&quot;_animation&quot;:&quot;fadeInUp&quot;}\" data-widget_type=\"google_maps.default\">\n\t\t\t\t<div class=\"elementor-widget-container\">\n\t\t\t\t\t\t\t<div class=\"elementor-custom-embed\">\n\t\t\t<iframe loading=\"lazy\"\n\t\t\t\t\tsrc=\"https:\/\/maps.google.com\/maps?q=Funivia%20%2F%20Cable%20car%20Tofana%20-%20Freccia%20nel%20Cielo&#038;t=m&#038;z=11&#038;output=embed&#038;iwloc=near\"\n\t\t\t\t\ttitle=\"Funivia \/ Cable car Tofana - Freccia nel Cielo\"\n\t\t\t\t\taria-label=\"Funivia \/ Cable car Tofana - Freccia nel Cielo\"\n\t\t\t><\/iframe>\n\t\t<\/div>\n\t\t\t\t\t\t<\/div>\n\t\t\t\t<\/div>\n\t\t\t\t\t<\/div>\n\t\t<\/div>\n\t\t\t\t\t<\/div>\n\t\t<\/section>\n\t\t\t\t<\/div>\n\t\t","protected":false},"excerpt":{"rendered":"<p>Tofana \u2013 Freccia nel Cielo betreibt das Ski- und Naturgebiet Col Drusci\u00e8, Ra Valles und Cima Tofana im Naturpark Ampezzaner Dolomiten, das seit dem 26. Juni 2009 zum Dolomiten UNESCO Welterbe z\u00e4hlt. Bereits 1971 war die Freccia nel Cielo mit ihren drei Abschnitten eine der wichtigsten Aufstiegsanlagen Italiens. Im Jahr 2019 wurde der erste Abschnitt [&hellip;]<\/p>\n","protected":false},"author":2,"featured_media":0,"parent":0,"menu_order":0,"comment_status":"closed","ping_status":"closed","template":"","meta":{"inline_featured_image":false,"_monsterinsights_skip_tracking":false,"_monsterinsights_sitenote_active":false,"_monsterinsights_sitenote_note":"","_monsterinsights_sitenote_category":0,"site-sidebar-layout":"no-sidebar","site-content-layout":"page-builder","ast-site-content-layout":"default","site-content-style":"default","site-sidebar-style":"default","ast-global-header-display":"","ast-banner-title-visibility":"","ast-main-header-display":"","ast-hfb-above-header-display":"","ast-hfb-below-header-display":"","ast-hfb-mobile-header-display":"","site-post-title":"disabled","ast-breadcrumbs-content":"","ast-featured-img":"disabled","footer-sml-layout":"","ast-disable-related-posts":"","theme-transparent-header-meta":"","adv-header-id-meta":"","stick-header-meta":"","header-above-stick-meta":"","header-main-stick-meta":"","header-below-stick-meta":"","astra-migrate-meta-layouts":"default","ast-page-background-enabled":"default","ast-page-background-meta":{"desktop":{"background-color":"var(--ast-global-color-4)","background-image":"","background-repeat":"repeat","background-position":"center center","background-size":"auto","background-attachment":"scroll","background-type":"","background-media":"","overlay-type":"","overlay-color":"","overlay-opacity":"","overlay-gradient":""},"tablet":{"background-color":"","background-image":"","background-repeat":"repeat","background-position":"center center","background-size":"auto","background-attachment":"scroll","background-type":"","background-media":"","overlay-type":"","overlay-color":"","overlay-opacity":"","overlay-gradient":""},"mobile":{"background-color":"","background-image":"","background-repeat":"repeat","background-position":"center center","background-size":"auto","background-attachment":"scroll","background-type":"","background-media":"","overlay-type":"","overlay-color":"","overlay-opacity":"","overlay-gradient":""}},"ast-content-background-meta":{"desktop":{"background-color":"var(--ast-global-color-5)","background-image":"","background-repeat":"repeat","background-position":"center center","background-size":"auto","background-attachment":"scroll","background-type":"","background-media":"","overlay-type":"","overlay-color":"","overlay-opacity":"","overlay-gradient":""},"tablet":{"background-color":"var(--ast-global-color-5)","background-image":"","background-repeat":"repeat","background-position":"center center","background-size":"auto","background-attachment":"scroll","background-type":"","background-media":"","overlay-type":"","overlay-color":"","overlay-opacity":"","overlay-gradient":""},"mobile":{"background-color":"var(--ast-global-color-5)","background-image":"","background-repeat":"repeat","background-position":"center center","background-size":"auto","background-attachment":"scroll","background-type":"","background-media":"","overlay-type":"","overlay-color":"","overlay-opacity":"","overlay-gradient":""}},"footnotes":""},"class_list":["post-3961","page","type-page","status-publish","hentry"],"yoast_head":"<!-- This site is optimized with the Yoast SEO plugin v27.4 - https:\/\/yoast.com\/product\/yoast-seo-wordpress\/ -->\n<title>\u00dcber uns - Tofana Cortina | Freccia nel Cielo<\/title>\n<meta name=\"robots\" content=\"index, follow, max-snippet:-1, max-image-preview:large, max-video-preview:-1\" \/>\n<link rel=\"canonical\" href=\"https:\/\/www.freccianelcielo.com\/chi-siamo\/\" \/>\n<meta property=\"og:locale\" content=\"de_DE\" \/>\n<meta property=\"og:type\" content=\"article\" \/>\n<meta property=\"og:title\" content=\"\u00dcber uns - Tofana Cortina | Freccia nel Cielo\" \/>\n<meta property=\"og:description\" content=\"Tofana \u2013 Freccia nel Cielo betreibt das Ski- und Naturgebiet Col Drusci\u00e8, Ra Valles und Cima Tofana im Naturpark Ampezzaner Dolomiten, das seit dem 26. Juni 2009 zum Dolomiten UNESCO Welterbe z\u00e4hlt. Bereits 1971 war die Freccia nel Cielo mit ihren drei Abschnitten eine der wichtigsten Aufstiegsanlagen Italiens. Im Jahr 2019 wurde der erste Abschnitt [&hellip;]\" \/>\n<meta property=\"og:url\" content=\"https:\/\/www.freccianelcielo.com\/chi-siamo\/\" \/>\n<meta property=\"og:site_name\" content=\"Tofana Cortina\" \/>\n<meta property=\"article:publisher\" content=\"https:\/\/www.facebook.com\/funiviafreccia.cielo\" \/>\n<meta property=\"article:modified_time\" content=\"2023-10-25T15:51:32+00:00\" \/>\n<meta property=\"og:image\" content=\"https:\/\/www.freccianelcielo.com\/wp-content\/uploads\/2023\/03\/nostra-storia-hero.webp\" \/>\n\t<meta property=\"og:image:width\" content=\"1920\" \/>\n\t<meta property=\"og:image:height\" content=\"1280\" \/>\n\t<meta property=\"og:image:type\" content=\"image\/webp\" \/>\n<meta name=\"twitter:card\" content=\"summary_large_image\" \/>\n<meta name=\"twitter:label1\" content=\"Gesch\u00e4tzte Lesezeit\" \/>\n\t<meta name=\"twitter:data1\" content=\"3\u00a0Minuten\" \/>\n<script type=\"application\/ld+json\" class=\"yoast-schema-graph\">{\"@context\":\"https:\\\/\\\/schema.org\",\"@graph\":[{\"@type\":\"WebPage\",\"@id\":\"https:\\\/\\\/www.freccianelcielo.com\\\/chi-siamo\\\/\",\"url\":\"https:\\\/\\\/www.freccianelcielo.com\\\/chi-siamo\\\/\",\"name\":\"\u00dcber uns - Tofana Cortina | Freccia nel Cielo\",\"isPartOf\":{\"@id\":\"https:\\\/\\\/www.freccianelcielo.com\\\/#website\"},\"datePublished\":\"2023-01-12T09:43:21+00:00\",\"dateModified\":\"2023-10-25T15:51:32+00:00\",\"breadcrumb\":{\"@id\":\"https:\\\/\\\/www.freccianelcielo.com\\\/chi-siamo\\\/#breadcrumb\"},\"inLanguage\":\"de\",\"potentialAction\":[{\"@type\":\"ReadAction\",\"target\":[\"https:\\\/\\\/www.freccianelcielo.com\\\/chi-siamo\\\/\"]}]},{\"@type\":\"BreadcrumbList\",\"@id\":\"https:\\\/\\\/www.freccianelcielo.com\\\/chi-siamo\\\/#breadcrumb\",\"itemListElement\":[{\"@type\":\"ListItem\",\"position\":1,\"name\":\"Home\",\"item\":\"https:\\\/\\\/www.freccianelcielo.com\\\/de\\\/home\\\/\"},{\"@type\":\"ListItem\",\"position\":2,\"name\":\"\u00dcber uns\"}]},{\"@type\":\"WebSite\",\"@id\":\"https:\\\/\\\/www.freccianelcielo.com\\\/#website\",\"url\":\"https:\\\/\\\/www.freccianelcielo.com\\\/\",\"name\":\"Tofana Cortina\",\"description\":\"Freccia nel Cielo\",\"publisher\":{\"@id\":\"https:\\\/\\\/www.freccianelcielo.com\\\/#organization\"},\"potentialAction\":[{\"@type\":\"SearchAction\",\"target\":{\"@type\":\"EntryPoint\",\"urlTemplate\":\"https:\\\/\\\/www.freccianelcielo.com\\\/?s={search_term_string}\"},\"query-input\":{\"@type\":\"PropertyValueSpecification\",\"valueRequired\":true,\"valueName\":\"search_term_string\"}}],\"inLanguage\":\"de\"},{\"@type\":\"Organization\",\"@id\":\"https:\\\/\\\/www.freccianelcielo.com\\\/#organization\",\"name\":\"Tofana Cortina\",\"url\":\"https:\\\/\\\/www.freccianelcielo.com\\\/\",\"logo\":{\"@type\":\"ImageObject\",\"inLanguage\":\"de\",\"@id\":\"https:\\\/\\\/www.freccianelcielo.com\\\/#\\\/schema\\\/logo\\\/image\\\/\",\"url\":\"https:\\\/\\\/www.freccianelcielo.com\\\/wp-content\\\/uploads\\\/2022\\\/10\\\/tofana-logo.svg\",\"contentUrl\":\"https:\\\/\\\/www.freccianelcielo.com\\\/wp-content\\\/uploads\\\/2022\\\/10\\\/tofana-logo.svg\",\"width\":208,\"height\":247,\"caption\":\"Tofana Cortina\"},\"image\":{\"@id\":\"https:\\\/\\\/www.freccianelcielo.com\\\/#\\\/schema\\\/logo\\\/image\\\/\"},\"sameAs\":[\"https:\\\/\\\/www.facebook.com\\\/funiviafreccia.cielo\",\"https:\\\/\\\/www.instagram.com\\\/tofanacortina\\\/\",\"https:\\\/\\\/it.linkedin.com\\\/company\\\/tofana-freccia-nel-cielo\",\"https:\\\/\\\/www.youtube.com\\\/channel\\\/UCL8BgwFTeNhUIWEP-cE81aA\",\"https:\\\/\\\/www.tripadvisor.it\\\/Attraction_Review-g194745-d7677791-Reviews-Tofana-Cortina_d_Ampezzo_Province_of_Belluno_Veneto.html\"]}]}<\/script>\n<!-- \/ Yoast SEO plugin. -->","yoast_head_json":{"title":"\u00dcber uns - Tofana Cortina | Freccia nel Cielo","robots":{"index":"index","follow":"follow","max-snippet":"max-snippet:-1","max-image-preview":"max-image-preview:large","max-video-preview":"max-video-preview:-1"},"canonical":"https:\/\/www.freccianelcielo.com\/chi-siamo\/","og_locale":"de_DE","og_type":"article","og_title":"\u00dcber uns - Tofana Cortina | Freccia nel Cielo","og_description":"Tofana \u2013 Freccia nel Cielo betreibt das Ski- und Naturgebiet Col Drusci\u00e8, Ra Valles und Cima Tofana im Naturpark Ampezzaner Dolomiten, das seit dem 26. Juni 2009 zum Dolomiten UNESCO Welterbe z\u00e4hlt. Bereits 1971 war die Freccia nel Cielo mit ihren drei Abschnitten eine der wichtigsten Aufstiegsanlagen Italiens. Im Jahr 2019 wurde der erste Abschnitt [&hellip;]","og_url":"https:\/\/www.freccianelcielo.com\/chi-siamo\/","og_site_name":"Tofana Cortina","article_publisher":"https:\/\/www.facebook.com\/funiviafreccia.cielo","article_modified_time":"2023-10-25T15:51:32+00:00","og_image":[{"width":1920,"height":1280,"url":"https:\/\/www.freccianelcielo.com\/wp-content\/uploads\/2023\/03\/nostra-storia-hero.webp","type":"image\/webp"}],"twitter_card":"summary_large_image","twitter_misc":{"Gesch\u00e4tzte Lesezeit":"3\u00a0Minuten"},"schema":{"@context":"https:\/\/schema.org","@graph":[{"@type":"WebPage","@id":"https:\/\/www.freccianelcielo.com\/chi-siamo\/","url":"https:\/\/www.freccianelcielo.com\/chi-siamo\/","name":"\u00dcber uns - Tofana Cortina | Freccia nel Cielo","isPartOf":{"@id":"https:\/\/www.freccianelcielo.com\/#website"},"datePublished":"2023-01-12T09:43:21+00:00","dateModified":"2023-10-25T15:51:32+00:00","breadcrumb":{"@id":"https:\/\/www.freccianelcielo.com\/chi-siamo\/#breadcrumb"},"inLanguage":"de","potentialAction":[{"@type":"ReadAction","target":["https:\/\/www.freccianelcielo.com\/chi-siamo\/"]}]},{"@type":"BreadcrumbList","@id":"https:\/\/www.freccianelcielo.com\/chi-siamo\/#breadcrumb","itemListElement":[{"@type":"ListItem","position":1,"name":"Home","item":"https:\/\/www.freccianelcielo.com\/de\/home\/"},{"@type":"ListItem","position":2,"name":"\u00dcber uns"}]},{"@type":"WebSite","@id":"https:\/\/www.freccianelcielo.com\/#website","url":"https:\/\/www.freccianelcielo.com\/","name":"Tofana Cortina","description":"Freccia nel Cielo","publisher":{"@id":"https:\/\/www.freccianelcielo.com\/#organization"},"potentialAction":[{"@type":"SearchAction","target":{"@type":"EntryPoint","urlTemplate":"https:\/\/www.freccianelcielo.com\/?s={search_term_string}"},"query-input":{"@type":"PropertyValueSpecification","valueRequired":true,"valueName":"search_term_string"}}],"inLanguage":"de"},{"@type":"Organization","@id":"https:\/\/www.freccianelcielo.com\/#organization","name":"Tofana Cortina","url":"https:\/\/www.freccianelcielo.com\/","logo":{"@type":"ImageObject","inLanguage":"de","@id":"https:\/\/www.freccianelcielo.com\/#\/schema\/logo\/image\/","url":"https:\/\/www.freccianelcielo.com\/wp-content\/uploads\/2022\/10\/tofana-logo.svg","contentUrl":"https:\/\/www.freccianelcielo.com\/wp-content\/uploads\/2022\/10\/tofana-logo.svg","width":208,"height":247,"caption":"Tofana Cortina"},"image":{"@id":"https:\/\/www.freccianelcielo.com\/#\/schema\/logo\/image\/"},"sameAs":["https:\/\/www.facebook.com\/funiviafreccia.cielo","https:\/\/www.instagram.com\/tofanacortina\/","https:\/\/it.linkedin.com\/company\/tofana-freccia-nel-cielo","https:\/\/www.youtube.com\/channel\/UCL8BgwFTeNhUIWEP-cE81aA","https:\/\/www.tripadvisor.it\/Attraction_Review-g194745-d7677791-Reviews-Tofana-Cortina_d_Ampezzo_Province_of_Belluno_Veneto.html"]}]}},"_links":{"self":[{"href":"https:\/\/www.freccianelcielo.com\/de\/wp-json\/wp\/v2\/pages\/3961","targetHints":{"allow":["GET"]}}],"collection":[{"href":"https:\/\/www.freccianelcielo.com\/de\/wp-json\/wp\/v2\/pages"}],"about":[{"href":"https:\/\/www.freccianelcielo.com\/de\/wp-json\/wp\/v2\/types\/page"}],"author":[{"embeddable":true,"href":"https:\/\/www.freccianelcielo.com\/de\/wp-json\/wp\/v2\/users\/2"}],"replies":[{"embeddable":true,"href":"https:\/\/www.freccianelcielo.com\/de\/wp-json\/wp\/v2\/comments?post=3961"}],"version-history":[{"count":21,"href":"https:\/\/www.freccianelcielo.com\/de\/wp-json\/wp\/v2\/pages\/3961\/revisions"}],"predecessor-version":[{"id":8671,"href":"https:\/\/www.freccianelcielo.com\/de\/wp-json\/wp\/v2\/pages\/3961\/revisions\/8671"}],"wp:attachment":[{"href":"https:\/\/www.freccianelcielo.com\/de\/wp-json\/wp\/v2\/media?parent=3961"}],"curies":[{"name":"wp","href":"https:\/\/api.w.org\/{rel}","templated":true}]}}