{"id":4668,"date":"2023-02-06T18:24:52","date_gmt":"2023-02-06T17:24:52","guid":{"rendered":"https:\/\/www.freccianelcielo.com\/was-tun-im-sommer\/ferrate\/"},"modified":"2024-08-21T10:20:35","modified_gmt":"2024-08-21T08:20:35","slug":"klettersteige","status":"publish","type":"page","link":"https:\/\/www.freccianelcielo.com\/de\/sommererlebnisse\/klettersteige\/","title":{"rendered":"KLETTERSTEIGE"},"content":{"rendered":"\t\t<div data-elementor-type=\"wp-page\" data-elementor-id=\"4668\" class=\"elementor elementor-4668 elementor-1875\" data-elementor-post-type=\"page\">\n\t\t\t\t\t\t<section class=\"elementor-section elementor-top-section elementor-element elementor-element-efd5266 elementor-section-height-min-height elementor-section-items-bottom elementor-section-boxed elementor-section-height-default\" data-id=\"efd5266\" data-element_type=\"section\" data-e-type=\"section\" data-settings=\"{&quot;jet_parallax_layout_list&quot;:[],&quot;background_background&quot;:&quot;classic&quot;}\">\n\t\t\t\t\t\t\t<div class=\"elementor-background-overlay\"><\/div>\n\t\t\t\t\t\t\t<div class=\"elementor-container elementor-column-gap-default\">\n\t\t\t\t\t<div class=\"elementor-column elementor-col-100 elementor-top-column elementor-element elementor-element-4e74b93 animated-slow elementor-invisible\" data-id=\"4e74b93\" data-element_type=\"column\" data-e-type=\"column\" data-settings=\"{&quot;animation&quot;:&quot;fadeIn&quot;,&quot;animation_delay&quot;:1000}\">\n\t\t\t<div class=\"elementor-widget-wrap elementor-element-populated\">\n\t\t\t\t\t\t<div class=\"elementor-element elementor-element-1601734 elementor-hidden-mobile elementor-widget elementor-widget-breadcrumbs\" data-id=\"1601734\" data-element_type=\"widget\" data-e-type=\"widget\" data-widget_type=\"breadcrumbs.default\">\n\t\t\t\t<div class=\"elementor-widget-container\">\n\t\t\t\t\t<p id=\"breadcrumbs\"><span><span><a href=\"https:\/\/www.freccianelcielo.com\/de\/home\/\">Home<\/a><\/span><\/span><\/p>\t\t\t\t<\/div>\n\t\t\t\t<\/div>\n\t\t\t\t\t<\/div>\n\t\t<\/div>\n\t\t\t\t\t<\/div>\n\t\t<\/section>\n\t\t\t\t<section class=\"elementor-section elementor-top-section elementor-element elementor-element-b980930 elementor-section-boxed elementor-section-height-default elementor-section-height-default\" data-id=\"b980930\" data-element_type=\"section\" data-e-type=\"section\" data-settings=\"{&quot;jet_parallax_layout_list&quot;:[]}\">\n\t\t\t\t\t\t<div class=\"elementor-container elementor-column-gap-default\">\n\t\t\t\t\t<div class=\"elementor-column elementor-col-100 elementor-top-column elementor-element elementor-element-cefa19a\" data-id=\"cefa19a\" data-element_type=\"column\" data-e-type=\"column\">\n\t\t\t<div class=\"elementor-widget-wrap elementor-element-populated\">\n\t\t\t\t\t\t<div class=\"elementor-element elementor-element-86f017e animated-slow elementor-invisible elementor-widget elementor-widget-heading\" data-id=\"86f017e\" data-element_type=\"widget\" data-e-type=\"widget\" data-settings=\"{&quot;_animation&quot;:&quot;fadeInUp&quot;}\" data-widget_type=\"heading.default\">\n\t\t\t\t<div class=\"elementor-widget-container\">\n\t\t\t\t\t<h3 class=\"elementor-heading-title elementor-size-default\">F\u00dcR DIEJENIGEN, DIE ADRENALIN BRAUCHEN<\/h3>\t\t\t\t<\/div>\n\t\t\t\t<\/div>\n\t\t\t\t<div class=\"elementor-element elementor-element-4ae7c80 animated-slow elementor-invisible elementor-widget elementor-widget-text-editor\" data-id=\"4ae7c80\" data-element_type=\"widget\" data-e-type=\"widget\" data-settings=\"{&quot;_animation&quot;:&quot;fadeInUp&quot;}\" data-widget_type=\"text-editor.default\">\n\t\t\t\t<div class=\"elementor-widget-container\">\n\t\t\t\t\t\t\t\t\t<p>Die Pisten von Col Drusci\u00e9 und Ra Valles sind Teil des Dolomiti Superski, der die Skigebiete Venetien und S\u00fcdtirol verbindet.<br \/>Unsere Anlagen, ausgehend vom Stadtzentrum, erm\u00f6glichen es Ihnen, an nur einem Tag verschiedene Skigebiete auf Skiern zu erreichen, egal ob Sie die 120 Pistenkilometer von Cortina erkunden oder dank des brandneuen Panoramas in Richtung Falzarego-Pass und Alta Badia wandern m\u00f6chten System der Skyline.<\/p>\n\t\t\t\t\t\t\t\t<\/div>\n\t\t\t\t<\/div>\n\t\t\t\t<div class=\"elementor-element elementor-element-9ad2408 animated-slow elementor-invisible elementor-widget elementor-widget-jet-button\" data-id=\"9ad2408\" data-element_type=\"widget\" data-e-type=\"widget\" data-settings=\"{&quot;_animation&quot;:&quot;fadeInUp&quot;}\" data-widget_type=\"jet-button.default\">\n\t\t\t\t<div class=\"elementor-widget-container\">\n\t\t\t\t\t<div class=\"elementor-jet-button jet-elements\"><div class=\"jet-button__container\">\n\t<a class=\"jet-button__instance jet-button__instance--icon-left hover-effect-10\" href=\"https:\/\/tofana-cortina-estate.digimap.virtualalps.info\/\" target=\"_blank\" rel=\"nofollow\">\n\t\t<div class=\"jet-button__plane jet-button__plane-normal\"><\/div>\n\t\t<div class=\"jet-button__plane jet-button__plane-hover\"><\/div>\n\t\t<div class=\"jet-button__state jet-button__state-normal\">\n\t\t\t<span class=\"jet-button__label\">Karte herunterladen<\/span>\t\t<\/div>\n\t\t<div class=\"jet-button__state jet-button__state-hover\">\n\t\t\t<span class=\"jet-button__label\">Siehe jetzt<\/span>\t\t<\/div>\n\t<\/a>\n<\/div>\n<\/div>\t\t\t\t<\/div>\n\t\t\t\t<\/div>\n\t\t\t\t\t<\/div>\n\t\t<\/div>\n\t\t\t\t\t<\/div>\n\t\t<\/section>\n\t\t\t\t<section class=\"elementor-section elementor-top-section elementor-element elementor-element-da2bf21 elementor-section-boxed elementor-section-height-default elementor-section-height-default\" data-id=\"da2bf21\" data-element_type=\"section\" data-e-type=\"section\" data-settings=\"{&quot;jet_parallax_layout_list&quot;:[]}\">\n\t\t\t\t\t\t<div class=\"elementor-container elementor-column-gap-default\">\n\t\t\t\t\t<div class=\"elementor-column elementor-col-100 elementor-top-column elementor-element elementor-element-2200847\" data-id=\"2200847\" data-element_type=\"column\" data-e-type=\"column\">\n\t\t\t<div class=\"elementor-widget-wrap elementor-element-populated\">\n\t\t\t\t\t\t<section class=\"elementor-section elementor-inner-section elementor-element elementor-element-9647d82 elementor-section-height-min-height animated-slow elementor-section-boxed elementor-section-height-default elementor-invisible\" data-id=\"9647d82\" data-element_type=\"section\" data-e-type=\"section\" data-settings=\"{&quot;jet_parallax_layout_list&quot;:[],&quot;background_background&quot;:&quot;classic&quot;,&quot;animation&quot;:&quot;fadeInUp&quot;}\">\n\t\t\t\t\t\t<div class=\"elementor-container elementor-column-gap-no\">\n\t\t\t\t\t<div class=\"elementor-column elementor-col-50 elementor-inner-column elementor-element elementor-element-e45dafa\" data-id=\"e45dafa\" data-element_type=\"column\" data-e-type=\"column\">\n\t\t\t<div class=\"elementor-widget-wrap elementor-element-populated\">\n\t\t\t\t\t\t<div class=\"elementor-element elementor-element-a71cc4b animated-slow elementor-invisible elementor-widget elementor-widget-heading\" data-id=\"a71cc4b\" data-element_type=\"widget\" data-e-type=\"widget\" data-settings=\"{&quot;_animation&quot;:&quot;fadeInUp&quot;}\" data-widget_type=\"heading.default\">\n\t\t\t\t<div class=\"elementor-widget-container\">\n\t\t\t\t\t<h2 class=\"elementor-heading-title elementor-size-default\">TOFANA DI MEZZO <\/h2>\t\t\t\t<\/div>\n\t\t\t\t<\/div>\n\t\t\t\t<div class=\"elementor-element elementor-element-346529e elementor-widget elementor-widget-heading\" data-id=\"346529e\" data-element_type=\"widget\" data-e-type=\"widget\" data-widget_type=\"heading.default\">\n\t\t\t\t<div class=\"elementor-widget-container\">\n\t\t\t\t\t<h3 class=\"elementor-heading-title elementor-size-default\">VIA FERRATA G. AGLIO<\/h3>\t\t\t\t<\/div>\n\t\t\t\t<\/div>\n\t\t\t\t<div class=\"elementor-element elementor-element-0d79511 elementor-view-stacked elementor-shape-circle elementor-widget elementor-widget-icon\" data-id=\"0d79511\" data-element_type=\"widget\" data-e-type=\"widget\" data-widget_type=\"icon.default\">\n\t\t\t\t<div class=\"elementor-widget-container\">\n\t\t\t\t\t\t\t<div class=\"elementor-icon-wrapper\">\n\t\t\t<div class=\"elementor-icon\">\n\t\t\t<i aria-hidden=\"true\" class=\"fas fa-clock\"><\/i>\t\t\t<\/div>\n\t\t<\/div>\n\t\t\t\t\t\t<\/div>\n\t\t\t\t<\/div>\n\t\t\t\t<div class=\"elementor-element elementor-element-81402ae elementor-widget elementor-widget-text-editor\" data-id=\"81402ae\" data-element_type=\"widget\" data-e-type=\"widget\" data-widget_type=\"text-editor.default\">\n\t\t\t\t<div class=\"elementor-widget-container\">\n\t\t\t\t\t\t\t\t\t<p><strong>Aufstieg<\/strong>: 3,5 Stunden<\/p>\n\t\t\t\t\t\t\t\t<\/div>\n\t\t\t\t<\/div>\n\t\t\t\t<div class=\"elementor-element elementor-element-25f4e09 elementor-view-stacked elementor-shape-circle elementor-widget elementor-widget-icon\" data-id=\"25f4e09\" data-element_type=\"widget\" data-e-type=\"widget\" data-widget_type=\"icon.default\">\n\t\t\t\t<div class=\"elementor-widget-container\">\n\t\t\t\t\t\t\t<div class=\"elementor-icon-wrapper\">\n\t\t\t<div class=\"elementor-icon\">\n\t\t\t<i aria-hidden=\"true\" class=\"fas fa-clock\"><\/i>\t\t\t<\/div>\n\t\t<\/div>\n\t\t\t\t\t\t<\/div>\n\t\t\t\t<\/div>\n\t\t\t\t<div class=\"elementor-element elementor-element-a781ab8 elementor-widget elementor-widget-text-editor\" data-id=\"a781ab8\" data-element_type=\"widget\" data-e-type=\"widget\" data-widget_type=\"text-editor.default\">\n\t\t\t\t<div class=\"elementor-widget-container\">\n\t\t\t\t\t\t\t\t\t<p><strong>Abstieg<\/strong>: Die R\u00fcckfahrt mit der Seilbahn wird empfohlen<\/p>\n\t\t\t\t\t\t\t\t<\/div>\n\t\t\t\t<\/div>\n\t\t\t\t<div class=\"elementor-element elementor-element-61ab9cd elementor-view-stacked elementor-shape-circle elementor-widget elementor-widget-icon\" data-id=\"61ab9cd\" data-element_type=\"widget\" data-e-type=\"widget\" data-widget_type=\"icon.default\">\n\t\t\t\t<div class=\"elementor-widget-container\">\n\t\t\t\t\t\t\t<div class=\"elementor-icon-wrapper\">\n\t\t\t<div class=\"elementor-icon\">\n\t\t\t<i aria-hidden=\"true\" class=\"fas fa-hiking\"><\/i>\t\t\t<\/div>\n\t\t<\/div>\n\t\t\t\t\t\t<\/div>\n\t\t\t\t<\/div>\n\t\t\t\t<div class=\"elementor-element elementor-element-9cd8392 elementor-widget elementor-widget-text-editor\" data-id=\"9cd8392\" data-element_type=\"widget\" data-e-type=\"widget\" data-widget_type=\"text-editor.default\">\n\t\t\t\t<div class=\"elementor-widget-container\">\n\t\t\t\t\t\t\t\t\t<p><strong>Schwierigkeitsgrad<\/strong>: hoch<\/p>\n\t\t\t\t\t\t\t\t<\/div>\n\t\t\t\t<\/div>\n\t\t\t\t<div class=\"elementor-element elementor-element-3a42249 elementor-widget elementor-widget-image\" data-id=\"3a42249\" data-element_type=\"widget\" data-e-type=\"widget\" data-widget_type=\"image.default\">\n\t\t\t\t<div class=\"elementor-widget-container\">\n\t\t\t\t\t\t\t\t\t\t\t\t\t\t\t<img fetchpriority=\"high\" decoding=\"async\" width=\"2560\" height=\"1920\" src=\"https:\/\/www.freccianelcielo.com\/wp-content\/uploads\/2023\/07\/Ferrata-Tofana-di-Mezzo_Cortina-29-scaled.jpg\" class=\"attachment-full size-full wp-image-7305\" alt=\"\" srcset=\"https:\/\/www.freccianelcielo.com\/wp-content\/uploads\/2023\/07\/Ferrata-Tofana-di-Mezzo_Cortina-29-scaled.jpg 2560w, https:\/\/www.freccianelcielo.com\/wp-content\/uploads\/2023\/07\/Ferrata-Tofana-di-Mezzo_Cortina-29-300x225.jpg 300w, https:\/\/www.freccianelcielo.com\/wp-content\/uploads\/2023\/07\/Ferrata-Tofana-di-Mezzo_Cortina-29-1024x768.jpg 1024w, https:\/\/www.freccianelcielo.com\/wp-content\/uploads\/2023\/07\/Ferrata-Tofana-di-Mezzo_Cortina-29-768x576.jpg 768w, https:\/\/www.freccianelcielo.com\/wp-content\/uploads\/2023\/07\/Ferrata-Tofana-di-Mezzo_Cortina-29-1536x1152.jpg 1536w, https:\/\/www.freccianelcielo.com\/wp-content\/uploads\/2023\/07\/Ferrata-Tofana-di-Mezzo_Cortina-29-2048x1536.jpg 2048w\" sizes=\"(max-width: 2560px) 100vw, 2560px\" \/>\t\t\t\t\t\t\t\t\t\t\t\t\t\t\t<\/div>\n\t\t\t\t<\/div>\n\t\t\t\t\t<\/div>\n\t\t<\/div>\n\t\t\t\t<div class=\"elementor-column elementor-col-50 elementor-inner-column elementor-element elementor-element-3867efc elementor-hidden-mobile\" data-id=\"3867efc\" data-element_type=\"column\" data-e-type=\"column\">\n\t\t\t<div class=\"elementor-widget-wrap\">\n\t\t\t\t\t\t\t<\/div>\n\t\t<\/div>\n\t\t\t\t\t<\/div>\n\t\t<\/section>\n\t\t\t\t<section class=\"elementor-section elementor-inner-section elementor-element elementor-element-26bd464 animated-slow elementor-reverse-mobile elementor-section-boxed elementor-section-height-default elementor-section-height-default elementor-invisible\" data-id=\"26bd464\" data-element_type=\"section\" data-e-type=\"section\" data-settings=\"{&quot;jet_parallax_layout_list&quot;:[],&quot;background_background&quot;:&quot;classic&quot;,&quot;animation&quot;:&quot;fadeInUp&quot;}\">\n\t\t\t\t\t\t<div class=\"elementor-container elementor-column-gap-no\">\n\t\t\t\t\t<div class=\"elementor-column elementor-col-50 elementor-inner-column elementor-element elementor-element-8c62027\" data-id=\"8c62027\" data-element_type=\"column\" data-e-type=\"column\" data-settings=\"{&quot;background_background&quot;:&quot;classic&quot;}\">\n\t\t\t<div class=\"elementor-widget-wrap elementor-element-populated\">\n\t\t\t\t\t\t<div class=\"elementor-element elementor-element-85b2443 elementor-widget elementor-widget-text-editor\" data-id=\"85b2443\" data-element_type=\"widget\" data-e-type=\"widget\" data-widget_type=\"text-editor.default\">\n\t\t\t\t<div class=\"elementor-widget-container\">\n\t\t\t\t\t\t\t\t\t<p>Eine der anspruchsvollsten aber spektakul\u00e4rsten Klettersteigen der Dolomiten. Sie k\u00f6nnen von verschiedenen Punkten ihre Klettertour beginnen, aber der Zielpunkt ist immer der h\u00f6chste Gipfel Cortinas. Dieser Klettersteig wird Ihnen auf dem Gebirgskamm f\u00fchren und sie wird Ihnen eine atemberaubende Sicht (nach Cortina und die 5 Torri) den ganzen Pfad entlang schenken. Empfohlener Anfang: Capanna Ra Valles. Nachdem sollen Sie auf den Pfad die Cacciatori Sessellift entlangwandern und Cima Tofana erreichen. Sie k\u00f6nnen zur\u00fcck nach Cortina mit der Seilbahn fahren.<\/p>\n\t\t\t\t\t\t\t\t<\/div>\n\t\t\t\t<\/div>\n\t\t\t\t\t<\/div>\n\t\t<\/div>\n\t\t\t\t<div class=\"elementor-column elementor-col-50 elementor-inner-column elementor-element elementor-element-b16f5e9\" data-id=\"b16f5e9\" data-element_type=\"column\" data-e-type=\"column\" data-settings=\"{&quot;background_background&quot;:&quot;classic&quot;}\">\n\t\t\t<div class=\"elementor-widget-wrap\">\n\t\t\t\t\t\t\t<\/div>\n\t\t<\/div>\n\t\t\t\t\t<\/div>\n\t\t<\/section>\n\t\t\t\t<div class=\"elementor-element elementor-element-e430a9e animated-slow elementor-invisible elementor-widget elementor-widget-gallery\" data-id=\"e430a9e\" data-element_type=\"widget\" data-e-type=\"widget\" data-settings=\"{&quot;aspect_ratio&quot;:&quot;1:1&quot;,&quot;image_hover_animation&quot;:&quot;grow&quot;,&quot;_animation&quot;:&quot;fadeInUp&quot;,&quot;lazyload&quot;:&quot;yes&quot;,&quot;gallery_layout&quot;:&quot;grid&quot;,&quot;columns&quot;:4,&quot;columns_tablet&quot;:2,&quot;columns_mobile&quot;:1,&quot;gap&quot;:{&quot;unit&quot;:&quot;px&quot;,&quot;size&quot;:10,&quot;sizes&quot;:[]},&quot;gap_tablet&quot;:{&quot;unit&quot;:&quot;px&quot;,&quot;size&quot;:10,&quot;sizes&quot;:[]},&quot;gap_mobile&quot;:{&quot;unit&quot;:&quot;px&quot;,&quot;size&quot;:10,&quot;sizes&quot;:[]},&quot;link_to&quot;:&quot;file&quot;,&quot;overlay_background&quot;:&quot;yes&quot;,&quot;content_hover_animation&quot;:&quot;fade-in&quot;}\" data-widget_type=\"gallery.default\">\n\t\t\t\t<div class=\"elementor-widget-container\">\n\t\t\t\t\t\t\t<div class=\"elementor-gallery__container\">\n\t\t\t\t\t\t\t<a class=\"e-gallery-item elementor-gallery-item elementor-animated-content\" href=\"https:\/\/www.freccianelcielo.com\/wp-content\/uploads\/2023\/07\/Ferrata-Tofana-di-Mezzo_Cortina-18-scaled.jpg\" data-elementor-open-lightbox=\"yes\" data-elementor-lightbox-slideshow=\"e430a9e\" data-elementor-lightbox-title=\"Ferrata Tofana di Mezzo_Cortina (18)\" data-e-action-hash=\"#elementor-action%3Aaction%3Dlightbox%26settings%3DeyJpZCI6NzMwNywidXJsIjoiaHR0cHM6XC9cL3d3dy5mcmVjY2lhbmVsY2llbG8uY29tXC93cC1jb250ZW50XC91cGxvYWRzXC8yMDIzXC8wN1wvRmVycmF0YS1Ub2ZhbmEtZGktTWV6em9fQ29ydGluYS0xOC1zY2FsZWQuanBnIiwic2xpZGVzaG93IjoiZTQzMGE5ZSJ9\">\n\t\t\t\t\t<div class=\"e-gallery-image elementor-gallery-item__image\" data-thumbnail=\"https:\/\/www.freccianelcielo.com\/wp-content\/uploads\/2023\/07\/Ferrata-Tofana-di-Mezzo_Cortina-18-scaled.jpg\" data-width=\"2560\" data-height=\"1920\" aria-label=\"\" role=\"img\" ><\/div>\n\t\t\t\t\t\t\t\t\t\t\t<div class=\"elementor-gallery-item__overlay\"><\/div>\n\t\t\t\t\t\t\t\t\t\t\t\t\t\t<\/a>\n\t\t\t\t\t\t\t<a class=\"e-gallery-item elementor-gallery-item elementor-animated-content\" href=\"https:\/\/www.freccianelcielo.com\/wp-content\/uploads\/2023\/07\/Ferrata-Tofana-di-Mezzo_Cortina-11-scaled.jpg\" data-elementor-open-lightbox=\"yes\" data-elementor-lightbox-slideshow=\"e430a9e\" data-elementor-lightbox-title=\"Ferrata Tofana di Mezzo_Cortina (11)\" data-e-action-hash=\"#elementor-action%3Aaction%3Dlightbox%26settings%3DeyJpZCI6NzMxMCwidXJsIjoiaHR0cHM6XC9cL3d3dy5mcmVjY2lhbmVsY2llbG8uY29tXC93cC1jb250ZW50XC91cGxvYWRzXC8yMDIzXC8wN1wvRmVycmF0YS1Ub2ZhbmEtZGktTWV6em9fQ29ydGluYS0xMS1zY2FsZWQuanBnIiwic2xpZGVzaG93IjoiZTQzMGE5ZSJ9\">\n\t\t\t\t\t<div class=\"e-gallery-image elementor-gallery-item__image\" data-thumbnail=\"https:\/\/www.freccianelcielo.com\/wp-content\/uploads\/2023\/07\/Ferrata-Tofana-di-Mezzo_Cortina-11-scaled.jpg\" data-width=\"2560\" data-height=\"1920\" aria-label=\"\" role=\"img\" ><\/div>\n\t\t\t\t\t\t\t\t\t\t\t<div class=\"elementor-gallery-item__overlay\"><\/div>\n\t\t\t\t\t\t\t\t\t\t\t\t\t\t<\/a>\n\t\t\t\t\t\t\t<a class=\"e-gallery-item elementor-gallery-item elementor-animated-content\" href=\"https:\/\/www.freccianelcielo.com\/wp-content\/uploads\/2023\/07\/Ferrata-Tofana-di-Mezzo_Cortina-23-scaled.jpg\" data-elementor-open-lightbox=\"yes\" data-elementor-lightbox-slideshow=\"e430a9e\" data-elementor-lightbox-title=\"Ferrata Tofana di Mezzo_Cortina (23)\" data-e-action-hash=\"#elementor-action%3Aaction%3Dlightbox%26settings%3DeyJpZCI6NzMxOSwidXJsIjoiaHR0cHM6XC9cL3d3dy5mcmVjY2lhbmVsY2llbG8uY29tXC93cC1jb250ZW50XC91cGxvYWRzXC8yMDIzXC8wN1wvRmVycmF0YS1Ub2ZhbmEtZGktTWV6em9fQ29ydGluYS0yMy1zY2FsZWQuanBnIiwic2xpZGVzaG93IjoiZTQzMGE5ZSJ9\">\n\t\t\t\t\t<div class=\"e-gallery-image elementor-gallery-item__image\" data-thumbnail=\"https:\/\/www.freccianelcielo.com\/wp-content\/uploads\/2023\/07\/Ferrata-Tofana-di-Mezzo_Cortina-23-scaled.jpg\" data-width=\"1920\" data-height=\"2560\" aria-label=\"\" role=\"img\" ><\/div>\n\t\t\t\t\t\t\t\t\t\t\t<div class=\"elementor-gallery-item__overlay\"><\/div>\n\t\t\t\t\t\t\t\t\t\t\t\t\t\t<\/a>\n\t\t\t\t\t\t\t<a class=\"e-gallery-item elementor-gallery-item elementor-animated-content\" href=\"https:\/\/www.freccianelcielo.com\/wp-content\/uploads\/2023\/07\/Ferrata-Tofana-di-Mezzo_Cortina-7-scaled.jpg\" data-elementor-open-lightbox=\"yes\" data-elementor-lightbox-slideshow=\"e430a9e\" data-elementor-lightbox-title=\"Ferrata Tofana di Mezzo_Cortina (7)\" data-e-action-hash=\"#elementor-action%3Aaction%3Dlightbox%26settings%3DeyJpZCI6NzMxNiwidXJsIjoiaHR0cHM6XC9cL3d3dy5mcmVjY2lhbmVsY2llbG8uY29tXC93cC1jb250ZW50XC91cGxvYWRzXC8yMDIzXC8wN1wvRmVycmF0YS1Ub2ZhbmEtZGktTWV6em9fQ29ydGluYS03LXNjYWxlZC5qcGciLCJzbGlkZXNob3ciOiJlNDMwYTllIn0%3D\">\n\t\t\t\t\t<div class=\"e-gallery-image elementor-gallery-item__image\" data-thumbnail=\"https:\/\/www.freccianelcielo.com\/wp-content\/uploads\/2023\/07\/Ferrata-Tofana-di-Mezzo_Cortina-7-scaled.jpg\" data-width=\"2560\" data-height=\"1920\" aria-label=\"\" role=\"img\" ><\/div>\n\t\t\t\t\t\t\t\t\t\t\t<div class=\"elementor-gallery-item__overlay\"><\/div>\n\t\t\t\t\t\t\t\t\t\t\t\t\t\t<\/a>\n\t\t\t\t\t<\/div>\n\t\t\t\t\t<\/div>\n\t\t\t\t<\/div>\n\t\t\t\t\t<\/div>\n\t\t<\/div>\n\t\t\t\t\t<\/div>\n\t\t<\/section>\n\t\t\t\t<section class=\"elementor-section elementor-top-section elementor-element elementor-element-41199d6 elementor-section-boxed elementor-section-height-default elementor-section-height-default\" data-id=\"41199d6\" data-element_type=\"section\" data-e-type=\"section\" data-settings=\"{&quot;jet_parallax_layout_list&quot;:[]}\">\n\t\t\t\t\t\t<div class=\"elementor-container elementor-column-gap-default\">\n\t\t\t\t\t<div class=\"elementor-column elementor-col-100 elementor-top-column elementor-element elementor-element-f65ed31\" data-id=\"f65ed31\" data-element_type=\"column\" data-e-type=\"column\">\n\t\t\t<div class=\"elementor-widget-wrap elementor-element-populated\">\n\t\t\t\t\t\t<section class=\"elementor-section elementor-inner-section elementor-element elementor-element-6e8c203 elementor-section-height-min-height animated-slow elementor-section-boxed elementor-section-height-default elementor-invisible\" data-id=\"6e8c203\" data-element_type=\"section\" data-e-type=\"section\" data-settings=\"{&quot;jet_parallax_layout_list&quot;:[],&quot;background_background&quot;:&quot;classic&quot;,&quot;animation&quot;:&quot;fadeInUp&quot;}\">\n\t\t\t\t\t\t<div class=\"elementor-container elementor-column-gap-no\">\n\t\t\t\t\t<div class=\"elementor-column elementor-col-50 elementor-inner-column elementor-element elementor-element-929724d\" data-id=\"929724d\" data-element_type=\"column\" data-e-type=\"column\">\n\t\t\t<div class=\"elementor-widget-wrap\">\n\t\t\t\t\t\t\t<\/div>\n\t\t<\/div>\n\t\t\t\t<div class=\"elementor-column elementor-col-50 elementor-inner-column elementor-element elementor-element-c389e45\" data-id=\"c389e45\" data-element_type=\"column\" data-e-type=\"column\">\n\t\t\t<div class=\"elementor-widget-wrap elementor-element-populated\">\n\t\t\t\t\t\t<div class=\"elementor-element elementor-element-3ddc6d8 animated-slow elementor-invisible elementor-widget elementor-widget-heading\" data-id=\"3ddc6d8\" data-element_type=\"widget\" data-e-type=\"widget\" data-settings=\"{&quot;_animation&quot;:&quot;fadeInUp&quot;}\" data-widget_type=\"heading.default\">\n\t\t\t\t<div class=\"elementor-widget-container\">\n\t\t\t\t\t<h2 class=\"elementor-heading-title elementor-size-default\">TOFANA DI DENTRO<\/h2>\t\t\t\t<\/div>\n\t\t\t\t<\/div>\n\t\t\t\t<div class=\"elementor-element elementor-element-434d04b elementor-widget elementor-widget-heading\" data-id=\"434d04b\" data-element_type=\"widget\" data-e-type=\"widget\" data-widget_type=\"heading.default\">\n\t\t\t\t<div class=\"elementor-widget-container\">\n\t\t\t\t\t<h3 class=\"elementor-heading-title elementor-size-default\">FERRATA FORMENTON<\/h3>\t\t\t\t<\/div>\n\t\t\t\t<\/div>\n\t\t\t\t<div class=\"elementor-element elementor-element-0d877cb elementor-widget elementor-widget-heading\" data-id=\"0d877cb\" data-element_type=\"widget\" data-e-type=\"widget\" data-widget_type=\"heading.default\">\n\t\t\t\t<div class=\"elementor-widget-container\">\n\t\t\t\t\t<h3 class=\"elementor-heading-title elementor-size-default\">ACHTUNG: DERZEIT GESCHLOSSEN<\/h3>\t\t\t\t<\/div>\n\t\t\t\t<\/div>\n\t\t\t\t<div class=\"elementor-element elementor-element-f142bc6 elementor-view-stacked elementor-shape-circle elementor-widget elementor-widget-icon\" data-id=\"f142bc6\" data-element_type=\"widget\" data-e-type=\"widget\" data-widget_type=\"icon.default\">\n\t\t\t\t<div class=\"elementor-widget-container\">\n\t\t\t\t\t\t\t<div class=\"elementor-icon-wrapper\">\n\t\t\t<div class=\"elementor-icon\">\n\t\t\t<i aria-hidden=\"true\" class=\"fas fa-clock\"><\/i>\t\t\t<\/div>\n\t\t<\/div>\n\t\t\t\t\t\t<\/div>\n\t\t\t\t<\/div>\n\t\t\t\t<div class=\"elementor-element elementor-element-f49e582 elementor-widget elementor-widget-text-editor\" data-id=\"f49e582\" data-element_type=\"widget\" data-e-type=\"widget\" data-widget_type=\"text-editor.default\">\n\t\t\t\t<div class=\"elementor-widget-container\">\n\t\t\t\t\t\t\t\t\t<p><strong>Aufstieg<\/strong>: 5 Stunden, R\u00fcckkehr mit der Seilbahn<\/p>\n\t\t\t\t\t\t\t\t<\/div>\n\t\t\t\t<\/div>\n\t\t\t\t<div class=\"elementor-element elementor-element-58dd27e elementor-view-stacked elementor-shape-circle elementor-widget elementor-widget-icon\" data-id=\"58dd27e\" data-element_type=\"widget\" data-e-type=\"widget\" data-widget_type=\"icon.default\">\n\t\t\t\t<div class=\"elementor-widget-container\">\n\t\t\t\t\t\t\t<div class=\"elementor-icon-wrapper\">\n\t\t\t<div class=\"elementor-icon\">\n\t\t\t<i aria-hidden=\"true\" class=\"fas fa-clock\"><\/i>\t\t\t<\/div>\n\t\t<\/div>\n\t\t\t\t\t\t<\/div>\n\t\t\t\t<\/div>\n\t\t\t\t<div class=\"elementor-element elementor-element-db69f80 elementor-widget elementor-widget-text-editor\" data-id=\"db69f80\" data-element_type=\"widget\" data-e-type=\"widget\" data-widget_type=\"text-editor.default\">\n\t\t\t\t<div class=\"elementor-widget-container\">\n\t\t\t\t\t\t\t\t\t<p><strong>Abstieg<\/strong>: Hinfahrt mit der Seilbahn, 4 Stunden Come up with the funicular,then it\u2019s a 4:00 hour descent to Ra Valles<\/p>\n\t\t\t\t\t\t\t\t<\/div>\n\t\t\t\t<\/div>\n\t\t\t\t<div class=\"elementor-element elementor-element-c37a656 elementor-view-stacked elementor-shape-circle elementor-widget elementor-widget-icon\" data-id=\"c37a656\" data-element_type=\"widget\" data-e-type=\"widget\" data-widget_type=\"icon.default\">\n\t\t\t\t<div class=\"elementor-widget-container\">\n\t\t\t\t\t\t\t<div class=\"elementor-icon-wrapper\">\n\t\t\t<div class=\"elementor-icon\">\n\t\t\t<i aria-hidden=\"true\" class=\"fas fa-hiking\"><\/i>\t\t\t<\/div>\n\t\t<\/div>\n\t\t\t\t\t\t<\/div>\n\t\t\t\t<\/div>\n\t\t\t\t<div class=\"elementor-element elementor-element-ca90f99 elementor-widget elementor-widget-text-editor\" data-id=\"ca90f99\" data-element_type=\"widget\" data-e-type=\"widget\" data-widget_type=\"text-editor.default\">\n\t\t\t\t<div class=\"elementor-widget-container\">\n\t\t\t\t\t\t\t\t\t<p><strong>Schwierigkeitsgrad<\/strong>: mittel<\/p>\n\t\t\t\t\t\t\t\t<\/div>\n\t\t\t\t<\/div>\n\t\t\t\t<div class=\"elementor-element elementor-element-3ec3a32 elementor-widget elementor-widget-image\" data-id=\"3ec3a32\" data-element_type=\"widget\" data-e-type=\"widget\" data-widget_type=\"image.default\">\n\t\t\t\t<div class=\"elementor-widget-container\">\n\t\t\t\t\t\t\t\t\t\t\t\t\t\t\t<img decoding=\"async\" width=\"2560\" height=\"1920\" src=\"https:\/\/www.freccianelcielo.com\/wp-content\/uploads\/2023\/07\/Via-Ferrata-Formenton_Tofana-46-scaled.jpg\" class=\"attachment-full size-full wp-image-7324\" alt=\"\" srcset=\"https:\/\/www.freccianelcielo.com\/wp-content\/uploads\/2023\/07\/Via-Ferrata-Formenton_Tofana-46-scaled.jpg 2560w, https:\/\/www.freccianelcielo.com\/wp-content\/uploads\/2023\/07\/Via-Ferrata-Formenton_Tofana-46-300x225.jpg 300w, https:\/\/www.freccianelcielo.com\/wp-content\/uploads\/2023\/07\/Via-Ferrata-Formenton_Tofana-46-1024x768.jpg 1024w, https:\/\/www.freccianelcielo.com\/wp-content\/uploads\/2023\/07\/Via-Ferrata-Formenton_Tofana-46-768x576.jpg 768w, https:\/\/www.freccianelcielo.com\/wp-content\/uploads\/2023\/07\/Via-Ferrata-Formenton_Tofana-46-1536x1152.jpg 1536w, https:\/\/www.freccianelcielo.com\/wp-content\/uploads\/2023\/07\/Via-Ferrata-Formenton_Tofana-46-2048x1536.jpg 2048w\" sizes=\"(max-width: 2560px) 100vw, 2560px\" \/>\t\t\t\t\t\t\t\t\t\t\t\t\t\t\t<\/div>\n\t\t\t\t<\/div>\n\t\t\t\t\t<\/div>\n\t\t<\/div>\n\t\t\t\t\t<\/div>\n\t\t<\/section>\n\t\t\t\t<section class=\"elementor-section elementor-inner-section elementor-element elementor-element-bd52242 animated-slow elementor-section-boxed elementor-section-height-default elementor-section-height-default elementor-invisible\" data-id=\"bd52242\" data-element_type=\"section\" data-e-type=\"section\" data-settings=\"{&quot;jet_parallax_layout_list&quot;:[],&quot;background_background&quot;:&quot;classic&quot;,&quot;animation&quot;:&quot;fadeInUp&quot;}\">\n\t\t\t\t\t\t<div class=\"elementor-container elementor-column-gap-no\">\n\t\t\t\t\t<div class=\"elementor-column elementor-col-33 elementor-inner-column elementor-element elementor-element-24a893d\" data-id=\"24a893d\" data-element_type=\"column\" data-e-type=\"column\" data-settings=\"{&quot;background_background&quot;:&quot;classic&quot;}\">\n\t\t\t<div class=\"elementor-widget-wrap\">\n\t\t\t\t\t\t\t<\/div>\n\t\t<\/div>\n\t\t\t\t<div class=\"elementor-column elementor-col-33 elementor-inner-column elementor-element elementor-element-955bb77 elementor-hidden-mobile\" data-id=\"955bb77\" data-element_type=\"column\" data-e-type=\"column\">\n\t\t\t<div class=\"elementor-widget-wrap\">\n\t\t\t\t\t\t\t<\/div>\n\t\t<\/div>\n\t\t\t\t<div class=\"elementor-column elementor-col-33 elementor-inner-column elementor-element elementor-element-e00efe6 elementor-hidden-mobile\" data-id=\"e00efe6\" data-element_type=\"column\" data-e-type=\"column\" data-settings=\"{&quot;background_background&quot;:&quot;classic&quot;}\">\n\t\t\t<div class=\"elementor-widget-wrap elementor-element-populated\">\n\t\t\t\t\t\t<div class=\"elementor-element elementor-element-9803e25 elementor-widget elementor-widget-text-editor\" data-id=\"9803e25\" data-element_type=\"widget\" data-e-type=\"widget\" data-widget_type=\"text-editor.default\">\n\t\t\t\t<div class=\"elementor-widget-container\">\n\t\t\t\t\t\t\t\t\t<p>Die \u00dcberfahrt ist beeindruckend, weil es die M\u00f6glichkeit gibt, auf den Gipfeln von zwei Gipfels des Tofana-Massivs in kurzer Zeit zu steigen, die Tofana di Mezzo und die Tofana di Dentro. Den Klettersteig entlang, k\u00f6nnen Sie Zeugnisse des Ersten Weltkrieges finden. Der Krieg wurde auf diesen Gipfeln gek\u00e4mpft, und Sie k\u00f6nnen leicht in den Felsstollen, von den Soldaten gegrabene, eindringen.<\/p>\n\t\t\t\t\t\t\t\t<\/div>\n\t\t\t\t<\/div>\n\t\t\t\t\t<\/div>\n\t\t<\/div>\n\t\t\t\t\t<\/div>\n\t\t<\/section>\n\t\t\t\t<div class=\"elementor-element elementor-element-fde4916 animated-slow elementor-invisible elementor-widget elementor-widget-gallery\" data-id=\"fde4916\" data-element_type=\"widget\" data-e-type=\"widget\" data-settings=\"{&quot;aspect_ratio&quot;:&quot;1:1&quot;,&quot;image_hover_animation&quot;:&quot;grow&quot;,&quot;_animation&quot;:&quot;fadeInUp&quot;,&quot;lazyload&quot;:&quot;yes&quot;,&quot;gallery_layout&quot;:&quot;grid&quot;,&quot;columns&quot;:4,&quot;columns_tablet&quot;:2,&quot;columns_mobile&quot;:1,&quot;gap&quot;:{&quot;unit&quot;:&quot;px&quot;,&quot;size&quot;:10,&quot;sizes&quot;:[]},&quot;gap_tablet&quot;:{&quot;unit&quot;:&quot;px&quot;,&quot;size&quot;:10,&quot;sizes&quot;:[]},&quot;gap_mobile&quot;:{&quot;unit&quot;:&quot;px&quot;,&quot;size&quot;:10,&quot;sizes&quot;:[]},&quot;link_to&quot;:&quot;file&quot;,&quot;overlay_background&quot;:&quot;yes&quot;,&quot;content_hover_animation&quot;:&quot;fade-in&quot;}\" data-widget_type=\"gallery.default\">\n\t\t\t\t<div class=\"elementor-widget-container\">\n\t\t\t\t\t\t\t<div class=\"elementor-gallery__container\">\n\t\t\t\t\t\t\t<a class=\"e-gallery-item elementor-gallery-item elementor-animated-content\" href=\"https:\/\/www.freccianelcielo.com\/wp-content\/uploads\/2023\/07\/Via-Ferrata-Formenton_Tofana-50-scaled.jpg\" data-elementor-open-lightbox=\"yes\" data-elementor-lightbox-slideshow=\"fde4916\" data-elementor-lightbox-title=\"Via Ferrata Formenton_Tofana (50)\" data-e-action-hash=\"#elementor-action%3Aaction%3Dlightbox%26settings%3DeyJpZCI6NzMzMSwidXJsIjoiaHR0cHM6XC9cL3d3dy5mcmVjY2lhbmVsY2llbG8uY29tXC93cC1jb250ZW50XC91cGxvYWRzXC8yMDIzXC8wN1wvVmlhLUZlcnJhdGEtRm9ybWVudG9uX1RvZmFuYS01MC1zY2FsZWQuanBnIiwic2xpZGVzaG93IjoiZmRlNDkxNiJ9\">\n\t\t\t\t\t<div class=\"e-gallery-image elementor-gallery-item__image\" data-thumbnail=\"https:\/\/www.freccianelcielo.com\/wp-content\/uploads\/2023\/07\/Via-Ferrata-Formenton_Tofana-50-scaled.jpg\" data-width=\"1920\" data-height=\"2560\" aria-label=\"\" role=\"img\" ><\/div>\n\t\t\t\t\t\t\t\t\t\t\t<div class=\"elementor-gallery-item__overlay\"><\/div>\n\t\t\t\t\t\t\t\t\t\t\t\t\t\t<\/a>\n\t\t\t\t\t\t\t<a class=\"e-gallery-item elementor-gallery-item elementor-animated-content\" href=\"https:\/\/www.freccianelcielo.com\/wp-content\/uploads\/2023\/07\/IMG_9577.jpeg\" data-elementor-open-lightbox=\"yes\" data-elementor-lightbox-slideshow=\"fde4916\" data-elementor-lightbox-title=\"IMG_9577\" data-e-action-hash=\"#elementor-action%3Aaction%3Dlightbox%26settings%3DeyJpZCI6NzMyNSwidXJsIjoiaHR0cHM6XC9cL3d3dy5mcmVjY2lhbmVsY2llbG8uY29tXC93cC1jb250ZW50XC91cGxvYWRzXC8yMDIzXC8wN1wvSU1HXzk1NzcuanBlZyIsInNsaWRlc2hvdyI6ImZkZTQ5MTYifQ%3D%3D\">\n\t\t\t\t\t<div class=\"e-gallery-image elementor-gallery-item__image\" data-thumbnail=\"https:\/\/www.freccianelcielo.com\/wp-content\/uploads\/2023\/07\/IMG_9577.jpeg\" data-width=\"2048\" data-height=\"1536\" aria-label=\"\" role=\"img\" ><\/div>\n\t\t\t\t\t\t\t\t\t\t\t<div class=\"elementor-gallery-item__overlay\"><\/div>\n\t\t\t\t\t\t\t\t\t\t\t\t\t\t<\/a>\n\t\t\t\t\t\t\t<a class=\"e-gallery-item elementor-gallery-item elementor-animated-content\" href=\"https:\/\/www.freccianelcielo.com\/wp-content\/uploads\/2023\/07\/Via-Ferrata-Formenton_Tofana-16-scaled.jpg\" data-elementor-open-lightbox=\"yes\" data-elementor-lightbox-slideshow=\"fde4916\" data-elementor-lightbox-title=\"Via Ferrata Formenton_Tofana (16)\" data-e-action-hash=\"#elementor-action%3Aaction%3Dlightbox%26settings%3DeyJpZCI6NzMzNCwidXJsIjoiaHR0cHM6XC9cL3d3dy5mcmVjY2lhbmVsY2llbG8uY29tXC93cC1jb250ZW50XC91cGxvYWRzXC8yMDIzXC8wN1wvVmlhLUZlcnJhdGEtRm9ybWVudG9uX1RvZmFuYS0xNi1zY2FsZWQuanBnIiwic2xpZGVzaG93IjoiZmRlNDkxNiJ9\">\n\t\t\t\t\t<div class=\"e-gallery-image elementor-gallery-item__image\" data-thumbnail=\"https:\/\/www.freccianelcielo.com\/wp-content\/uploads\/2023\/07\/Via-Ferrata-Formenton_Tofana-16-scaled.jpg\" data-width=\"2560\" data-height=\"1920\" aria-label=\"\" role=\"img\" ><\/div>\n\t\t\t\t\t\t\t\t\t\t\t<div class=\"elementor-gallery-item__overlay\"><\/div>\n\t\t\t\t\t\t\t\t\t\t\t\t\t\t<\/a>\n\t\t\t\t\t\t\t<a class=\"e-gallery-item elementor-gallery-item elementor-animated-content\" href=\"https:\/\/www.freccianelcielo.com\/wp-content\/uploads\/2023\/07\/IMG-20220628-WA0034.jpg\" data-elementor-open-lightbox=\"yes\" data-elementor-lightbox-slideshow=\"fde4916\" data-elementor-lightbox-title=\"IMG-20220628-WA0034\" data-e-action-hash=\"#elementor-action%3Aaction%3Dlightbox%26settings%3DeyJpZCI6NzMyOCwidXJsIjoiaHR0cHM6XC9cL3d3dy5mcmVjY2lhbmVsY2llbG8uY29tXC93cC1jb250ZW50XC91cGxvYWRzXC8yMDIzXC8wN1wvSU1HLTIwMjIwNjI4LVdBMDAzNC5qcGciLCJzbGlkZXNob3ciOiJmZGU0OTE2In0%3D\">\n\t\t\t\t\t<div class=\"e-gallery-image elementor-gallery-item__image\" data-thumbnail=\"https:\/\/www.freccianelcielo.com\/wp-content\/uploads\/2023\/07\/IMG-20220628-WA0034.jpg\" data-width=\"1600\" data-height=\"1200\" aria-label=\"\" role=\"img\" ><\/div>\n\t\t\t\t\t\t\t\t\t\t\t<div class=\"elementor-gallery-item__overlay\"><\/div>\n\t\t\t\t\t\t\t\t\t\t\t\t\t\t<\/a>\n\t\t\t\t\t<\/div>\n\t\t\t\t\t<\/div>\n\t\t\t\t<\/div>\n\t\t\t\t\t<\/div>\n\t\t<\/div>\n\t\t\t\t\t<\/div>\n\t\t<\/section>\n\t\t\t\t<section class=\"elementor-section elementor-top-section elementor-element elementor-element-8b771f1 elementor-section-boxed elementor-section-height-default elementor-section-height-default\" data-id=\"8b771f1\" data-element_type=\"section\" data-e-type=\"section\" data-settings=\"{&quot;jet_parallax_layout_list&quot;:[]}\">\n\t\t\t\t\t\t<div class=\"elementor-container elementor-column-gap-default\">\n\t\t\t\t\t<div class=\"elementor-column elementor-col-100 elementor-top-column elementor-element elementor-element-be4a7bf\" data-id=\"be4a7bf\" data-element_type=\"column\" data-e-type=\"column\">\n\t\t\t<div class=\"elementor-widget-wrap elementor-element-populated\">\n\t\t\t\t\t\t<section class=\"elementor-section elementor-inner-section elementor-element elementor-element-5970762 elementor-section-height-min-height animated-slow elementor-section-boxed elementor-section-height-default elementor-invisible\" data-id=\"5970762\" data-element_type=\"section\" data-e-type=\"section\" data-settings=\"{&quot;jet_parallax_layout_list&quot;:[],&quot;background_background&quot;:&quot;classic&quot;,&quot;animation&quot;:&quot;fadeInUp&quot;}\">\n\t\t\t\t\t\t<div class=\"elementor-container elementor-column-gap-no\">\n\t\t\t\t\t<div class=\"elementor-column elementor-col-50 elementor-inner-column elementor-element elementor-element-3dabb72\" data-id=\"3dabb72\" data-element_type=\"column\" data-e-type=\"column\">\n\t\t\t<div class=\"elementor-widget-wrap elementor-element-populated\">\n\t\t\t\t\t\t<div class=\"elementor-element elementor-element-fcc5b71 animated-slow elementor-invisible elementor-widget elementor-widget-heading\" data-id=\"fcc5b71\" data-element_type=\"widget\" data-e-type=\"widget\" data-settings=\"{&quot;_animation&quot;:&quot;fadeInUp&quot;}\" data-widget_type=\"heading.default\">\n\t\t\t\t<div class=\"elementor-widget-container\">\n\t\t\t\t\t<h2 class=\"elementor-heading-title elementor-size-default\">PUNTA ANNA<\/h2>\t\t\t\t<\/div>\n\t\t\t\t<\/div>\n\t\t\t\t<div class=\"elementor-element elementor-element-7fcb5b7 elementor-view-stacked elementor-shape-circle elementor-widget elementor-widget-icon\" data-id=\"7fcb5b7\" data-element_type=\"widget\" data-e-type=\"widget\" data-widget_type=\"icon.default\">\n\t\t\t\t<div class=\"elementor-widget-container\">\n\t\t\t\t\t\t\t<div class=\"elementor-icon-wrapper\">\n\t\t\t<div class=\"elementor-icon\">\n\t\t\t<i aria-hidden=\"true\" class=\"fas fa-clock\"><\/i>\t\t\t<\/div>\n\t\t<\/div>\n\t\t\t\t\t\t<\/div>\n\t\t\t\t<\/div>\n\t\t\t\t<div class=\"elementor-element elementor-element-77fb4a5 elementor-widget elementor-widget-text-editor\" data-id=\"77fb4a5\" data-element_type=\"widget\" data-e-type=\"widget\" data-widget_type=\"text-editor.default\">\n\t\t\t\t<div class=\"elementor-widget-container\">\n\t\t\t\t\t\t\t\t\t<p><strong>Aufstieg<\/strong>: 6 Stunden<\/p>\n\t\t\t\t\t\t\t\t<\/div>\n\t\t\t\t<\/div>\n\t\t\t\t<div class=\"elementor-element elementor-element-e63e31e elementor-view-stacked elementor-shape-circle elementor-widget elementor-widget-icon\" data-id=\"e63e31e\" data-element_type=\"widget\" data-e-type=\"widget\" data-widget_type=\"icon.default\">\n\t\t\t\t<div class=\"elementor-widget-container\">\n\t\t\t\t\t\t\t<div class=\"elementor-icon-wrapper\">\n\t\t\t<div class=\"elementor-icon\">\n\t\t\t<i aria-hidden=\"true\" class=\"fas fa-clock\"><\/i>\t\t\t<\/div>\n\t\t<\/div>\n\t\t\t\t\t\t<\/div>\n\t\t\t\t<\/div>\n\t\t\t\t<div class=\"elementor-element elementor-element-060c093 elementor-widget elementor-widget-text-editor\" data-id=\"060c093\" data-element_type=\"widget\" data-e-type=\"widget\" data-widget_type=\"text-editor.default\">\n\t\t\t\t<div class=\"elementor-widget-container\">\n\t\t\t\t\t\t\t\t\t<p><strong>Abstieg<\/strong>: Die R\u00fcckfahrt mit der Seilbahn wird empfohlen<\/p>\n\t\t\t\t\t\t\t\t<\/div>\n\t\t\t\t<\/div>\n\t\t\t\t<div class=\"elementor-element elementor-element-4168139 elementor-view-stacked elementor-shape-circle elementor-widget elementor-widget-icon\" data-id=\"4168139\" data-element_type=\"widget\" data-e-type=\"widget\" data-widget_type=\"icon.default\">\n\t\t\t\t<div class=\"elementor-widget-container\">\n\t\t\t\t\t\t\t<div class=\"elementor-icon-wrapper\">\n\t\t\t<div class=\"elementor-icon\">\n\t\t\t<i aria-hidden=\"true\" class=\"fas fa-hiking\"><\/i>\t\t\t<\/div>\n\t\t<\/div>\n\t\t\t\t\t\t<\/div>\n\t\t\t\t<\/div>\n\t\t\t\t<div class=\"elementor-element elementor-element-17324e2 elementor-widget elementor-widget-text-editor\" data-id=\"17324e2\" data-element_type=\"widget\" data-e-type=\"widget\" data-widget_type=\"text-editor.default\">\n\t\t\t\t<div class=\"elementor-widget-container\">\n\t\t\t\t\t\t\t\t\t<p><strong>Schwierigkeitsgrad<\/strong>: hoch<\/p>\n\t\t\t\t\t\t\t\t<\/div>\n\t\t\t\t<\/div>\n\t\t\t\t<div class=\"elementor-element elementor-element-b9dfe3b elementor-widget elementor-widget-image\" data-id=\"b9dfe3b\" data-element_type=\"widget\" data-e-type=\"widget\" data-widget_type=\"image.default\">\n\t\t\t\t<div class=\"elementor-widget-container\">\n\t\t\t\t\t\t\t\t\t\t\t\t\t\t\t<img decoding=\"async\" width=\"1920\" height=\"1280\" src=\"https:\/\/www.freccianelcielo.com\/wp-content\/uploads\/2023\/03\/punta-anna-hero.webp\" class=\"attachment-full size-full wp-image-3401\" alt=\"\" srcset=\"https:\/\/www.freccianelcielo.com\/wp-content\/uploads\/2023\/03\/punta-anna-hero.webp 1920w, https:\/\/www.freccianelcielo.com\/wp-content\/uploads\/2023\/03\/punta-anna-hero-300x200.webp 300w, https:\/\/www.freccianelcielo.com\/wp-content\/uploads\/2023\/03\/punta-anna-hero-1024x683.webp 1024w, https:\/\/www.freccianelcielo.com\/wp-content\/uploads\/2023\/03\/punta-anna-hero-768x512.webp 768w, https:\/\/www.freccianelcielo.com\/wp-content\/uploads\/2023\/03\/punta-anna-hero-1536x1024.webp 1536w\" sizes=\"(max-width: 1920px) 100vw, 1920px\" \/>\t\t\t\t\t\t\t\t\t\t\t\t\t\t\t<\/div>\n\t\t\t\t<\/div>\n\t\t\t\t\t<\/div>\n\t\t<\/div>\n\t\t\t\t<div class=\"elementor-column elementor-col-50 elementor-inner-column elementor-element elementor-element-7a156df elementor-hidden-mobile\" data-id=\"7a156df\" data-element_type=\"column\" data-e-type=\"column\">\n\t\t\t<div class=\"elementor-widget-wrap\">\n\t\t\t\t\t\t\t<\/div>\n\t\t<\/div>\n\t\t\t\t\t<\/div>\n\t\t<\/section>\n\t\t\t\t<section class=\"elementor-section elementor-inner-section elementor-element elementor-element-b4cb46e animated-slow elementor-reverse-mobile elementor-section-boxed elementor-section-height-default elementor-section-height-default elementor-invisible\" data-id=\"b4cb46e\" data-element_type=\"section\" data-e-type=\"section\" data-settings=\"{&quot;jet_parallax_layout_list&quot;:[],&quot;background_background&quot;:&quot;classic&quot;,&quot;animation&quot;:&quot;fadeInUp&quot;}\">\n\t\t\t\t\t\t<div class=\"elementor-container elementor-column-gap-no\">\n\t\t\t\t\t<div class=\"elementor-column elementor-col-25 elementor-inner-column elementor-element elementor-element-8595229 elementor-hidden-mobile\" data-id=\"8595229\" data-element_type=\"column\" data-e-type=\"column\">\n\t\t\t<div class=\"elementor-widget-wrap\">\n\t\t\t\t\t\t\t<\/div>\n\t\t<\/div>\n\t\t\t\t<div class=\"elementor-column elementor-col-25 elementor-inner-column elementor-element elementor-element-aeaf2fa elementor-hidden-mobile\" data-id=\"aeaf2fa\" data-element_type=\"column\" data-e-type=\"column\">\n\t\t\t<div class=\"elementor-widget-wrap\">\n\t\t\t\t\t\t\t<\/div>\n\t\t<\/div>\n\t\t\t\t<div class=\"elementor-column elementor-col-25 elementor-inner-column elementor-element elementor-element-da424cf\" data-id=\"da424cf\" data-element_type=\"column\" data-e-type=\"column\" data-settings=\"{&quot;background_background&quot;:&quot;classic&quot;}\">\n\t\t\t<div class=\"elementor-widget-wrap\">\n\t\t\t\t\t\t\t<\/div>\n\t\t<\/div>\n\t\t\t\t<div class=\"elementor-column elementor-col-25 elementor-inner-column elementor-element elementor-element-703ba28\" data-id=\"703ba28\" data-element_type=\"column\" data-e-type=\"column\" data-settings=\"{&quot;background_background&quot;:&quot;classic&quot;}\">\n\t\t\t<div class=\"elementor-widget-wrap elementor-element-populated\">\n\t\t\t\t\t\t<div class=\"elementor-element elementor-element-0eea89f elementor-widget elementor-widget-text-editor\" data-id=\"0eea89f\" data-element_type=\"widget\" data-e-type=\"widget\" data-widget_type=\"text-editor.default\">\n\t\t\t\t<div class=\"elementor-widget-container\">\n\t\t\t\t\t\t\t\t\t<p>Vom Rifugio Pomedes aus beginnt der Klettersteig Olivieri-Punta Anna, der zum Gipfel der Punta Anna auf 2.731 m H\u00f6he f\u00fchrt und einen spektakul\u00e4ren Blick auf das Cortina-Tal und die umliegenden Berge bietet. Auf dem Weg werden Sie den Bus Tofana (Tofana Loch) durchqueren. Das Loch wurde vom Wind ausgewaschen.<\/p>\n\t\t\t\t\t\t\t\t<\/div>\n\t\t\t\t<\/div>\n\t\t\t\t\t<\/div>\n\t\t<\/div>\n\t\t\t\t\t<\/div>\n\t\t<\/section>\n\t\t\t\t<div class=\"elementor-element elementor-element-5cbb2e9 animated-slow elementor-hidden-desktop elementor-hidden-tablet elementor-hidden-mobile elementor-invisible elementor-widget elementor-widget-gallery\" data-id=\"5cbb2e9\" data-element_type=\"widget\" data-e-type=\"widget\" data-settings=\"{&quot;aspect_ratio&quot;:&quot;1:1&quot;,&quot;image_hover_animation&quot;:&quot;grow&quot;,&quot;_animation&quot;:&quot;fadeInUp&quot;,&quot;lazyload&quot;:&quot;yes&quot;,&quot;gallery_layout&quot;:&quot;grid&quot;,&quot;columns&quot;:4,&quot;columns_tablet&quot;:2,&quot;columns_mobile&quot;:1,&quot;gap&quot;:{&quot;unit&quot;:&quot;px&quot;,&quot;size&quot;:10,&quot;sizes&quot;:[]},&quot;gap_tablet&quot;:{&quot;unit&quot;:&quot;px&quot;,&quot;size&quot;:10,&quot;sizes&quot;:[]},&quot;gap_mobile&quot;:{&quot;unit&quot;:&quot;px&quot;,&quot;size&quot;:10,&quot;sizes&quot;:[]},&quot;link_to&quot;:&quot;file&quot;,&quot;overlay_background&quot;:&quot;yes&quot;,&quot;content_hover_animation&quot;:&quot;fade-in&quot;}\" data-widget_type=\"gallery.default\">\n\t\t\t\t<div class=\"elementor-widget-container\">\n\t\t\t\t\t\t\t<div class=\"elementor-gallery__container\">\n\t\t\t\t\t\t\t<a class=\"e-gallery-item elementor-gallery-item elementor-animated-content\" href=\"https:\/\/www.freccianelcielo.com\/wp-content\/uploads\/2023\/03\/ferrata-formenton-hero.webp\" data-elementor-open-lightbox=\"yes\" data-elementor-lightbox-slideshow=\"5cbb2e9\" data-elementor-lightbox-title=\"Punta Anna\" data-e-action-hash=\"#elementor-action%3Aaction%3Dlightbox%26settings%3DeyJpZCI6MzM3NCwidXJsIjoiaHR0cHM6XC9cL3d3dy5mcmVjY2lhbmVsY2llbG8uY29tXC93cC1jb250ZW50XC91cGxvYWRzXC8yMDIzXC8wM1wvZmVycmF0YS1mb3JtZW50b24taGVyby53ZWJwIiwic2xpZGVzaG93IjoiNWNiYjJlOSJ9\">\n\t\t\t\t\t<div class=\"e-gallery-image elementor-gallery-item__image\" data-thumbnail=\"https:\/\/www.freccianelcielo.com\/wp-content\/uploads\/2023\/03\/ferrata-formenton-hero.webp\" data-width=\"1920\" data-height=\"1281\" aria-label=\"\" role=\"img\" ><\/div>\n\t\t\t\t\t\t\t\t\t\t\t<div class=\"elementor-gallery-item__overlay\"><\/div>\n\t\t\t\t\t\t\t\t\t\t\t\t\t\t<\/a>\n\t\t\t\t\t\t\t<a class=\"e-gallery-item elementor-gallery-item elementor-animated-content\" href=\"https:\/\/www.freccianelcielo.com\/wp-content\/uploads\/2023\/03\/punta-anna-1.webp\" data-elementor-open-lightbox=\"yes\" data-elementor-lightbox-slideshow=\"5cbb2e9\" data-elementor-lightbox-title=\"Punta Anna\" data-e-action-hash=\"#elementor-action%3Aaction%3Dlightbox%26settings%3DeyJpZCI6MzM5MCwidXJsIjoiaHR0cHM6XC9cL3d3dy5mcmVjY2lhbmVsY2llbG8uY29tXC93cC1jb250ZW50XC91cGxvYWRzXC8yMDIzXC8wM1wvcHVudGEtYW5uYS0xLndlYnAiLCJzbGlkZXNob3ciOiI1Y2JiMmU5In0%3D\">\n\t\t\t\t\t<div class=\"e-gallery-image elementor-gallery-item__image\" data-thumbnail=\"https:\/\/www.freccianelcielo.com\/wp-content\/uploads\/2023\/03\/punta-anna-1.webp\" data-width=\"1920\" data-height=\"1280\" aria-label=\"\" role=\"img\" ><\/div>\n\t\t\t\t\t\t\t\t\t\t\t<div class=\"elementor-gallery-item__overlay\"><\/div>\n\t\t\t\t\t\t\t\t\t\t\t\t\t\t<\/a>\n\t\t\t\t\t\t\t<a class=\"e-gallery-item elementor-gallery-item elementor-animated-content\" href=\"https:\/\/www.freccianelcielo.com\/wp-content\/uploads\/2023\/03\/punta-anna-2.webp\" data-elementor-open-lightbox=\"yes\" data-elementor-lightbox-slideshow=\"5cbb2e9\" data-elementor-lightbox-title=\"Punta Anna\" data-e-action-hash=\"#elementor-action%3Aaction%3Dlightbox%26settings%3DeyJpZCI6MzM5MywidXJsIjoiaHR0cHM6XC9cL3d3dy5mcmVjY2lhbmVsY2llbG8uY29tXC93cC1jb250ZW50XC91cGxvYWRzXC8yMDIzXC8wM1wvcHVudGEtYW5uYS0yLndlYnAiLCJzbGlkZXNob3ciOiI1Y2JiMmU5In0%3D\">\n\t\t\t\t\t<div class=\"e-gallery-image elementor-gallery-item__image\" data-thumbnail=\"https:\/\/www.freccianelcielo.com\/wp-content\/uploads\/2023\/03\/punta-anna-2.webp\" data-width=\"1920\" data-height=\"1280\" aria-label=\"\" role=\"img\" ><\/div>\n\t\t\t\t\t\t\t\t\t\t\t<div class=\"elementor-gallery-item__overlay\"><\/div>\n\t\t\t\t\t\t\t\t\t\t\t\t\t\t<\/a>\n\t\t\t\t\t\t\t<a class=\"e-gallery-item elementor-gallery-item elementor-animated-content\" href=\"https:\/\/www.freccianelcielo.com\/wp-content\/uploads\/2023\/03\/punta-anna-3.webp\" data-elementor-open-lightbox=\"yes\" data-elementor-lightbox-slideshow=\"5cbb2e9\" data-elementor-lightbox-title=\"Punta Anna\" data-e-action-hash=\"#elementor-action%3Aaction%3Dlightbox%26settings%3DeyJpZCI6MzM5NiwidXJsIjoiaHR0cHM6XC9cL3d3dy5mcmVjY2lhbmVsY2llbG8uY29tXC93cC1jb250ZW50XC91cGxvYWRzXC8yMDIzXC8wM1wvcHVudGEtYW5uYS0zLndlYnAiLCJzbGlkZXNob3ciOiI1Y2JiMmU5In0%3D\">\n\t\t\t\t\t<div class=\"e-gallery-image elementor-gallery-item__image\" data-thumbnail=\"https:\/\/www.freccianelcielo.com\/wp-content\/uploads\/2023\/03\/punta-anna-3.webp\" data-width=\"960\" data-height=\"1280\" aria-label=\"\" role=\"img\" ><\/div>\n\t\t\t\t\t\t\t\t\t\t\t<div class=\"elementor-gallery-item__overlay\"><\/div>\n\t\t\t\t\t\t\t\t\t\t\t\t\t\t<\/a>\n\t\t\t\t\t<\/div>\n\t\t\t\t\t<\/div>\n\t\t\t\t<\/div>\n\t\t\t\t<div class=\"elementor-element elementor-element-ff79b89 animated-slow elementor-invisible elementor-widget elementor-widget-gallery\" data-id=\"ff79b89\" data-element_type=\"widget\" data-e-type=\"widget\" data-settings=\"{&quot;aspect_ratio&quot;:&quot;1:1&quot;,&quot;image_hover_animation&quot;:&quot;grow&quot;,&quot;_animation&quot;:&quot;fadeInUp&quot;,&quot;lazyload&quot;:&quot;yes&quot;,&quot;gallery_layout&quot;:&quot;grid&quot;,&quot;columns&quot;:4,&quot;columns_tablet&quot;:2,&quot;columns_mobile&quot;:1,&quot;gap&quot;:{&quot;unit&quot;:&quot;px&quot;,&quot;size&quot;:10,&quot;sizes&quot;:[]},&quot;gap_tablet&quot;:{&quot;unit&quot;:&quot;px&quot;,&quot;size&quot;:10,&quot;sizes&quot;:[]},&quot;gap_mobile&quot;:{&quot;unit&quot;:&quot;px&quot;,&quot;size&quot;:10,&quot;sizes&quot;:[]},&quot;link_to&quot;:&quot;file&quot;,&quot;overlay_background&quot;:&quot;yes&quot;,&quot;content_hover_animation&quot;:&quot;fade-in&quot;}\" data-widget_type=\"gallery.default\">\n\t\t\t\t<div class=\"elementor-widget-container\">\n\t\t\t\t\t\t\t<div class=\"elementor-gallery__container\">\n\t\t\t\t\t\t\t<a class=\"e-gallery-item elementor-gallery-item elementor-animated-content\" href=\"https:\/\/www.freccianelcielo.com\/wp-content\/uploads\/2023\/03\/punta-anna-3.webp\" data-elementor-open-lightbox=\"yes\" data-elementor-lightbox-slideshow=\"ff79b89\" data-elementor-lightbox-title=\"Punta Anna\" data-e-action-hash=\"#elementor-action%3Aaction%3Dlightbox%26settings%3DeyJpZCI6MzM5NiwidXJsIjoiaHR0cHM6XC9cL3d3dy5mcmVjY2lhbmVsY2llbG8uY29tXC93cC1jb250ZW50XC91cGxvYWRzXC8yMDIzXC8wM1wvcHVudGEtYW5uYS0zLndlYnAiLCJzbGlkZXNob3ciOiJmZjc5Yjg5In0%3D\">\n\t\t\t\t\t<div class=\"e-gallery-image elementor-gallery-item__image\" data-thumbnail=\"https:\/\/www.freccianelcielo.com\/wp-content\/uploads\/2023\/03\/punta-anna-3.webp\" data-width=\"960\" data-height=\"1280\" aria-label=\"\" role=\"img\" ><\/div>\n\t\t\t\t\t\t\t\t\t\t\t<div class=\"elementor-gallery-item__overlay\"><\/div>\n\t\t\t\t\t\t\t\t\t\t\t\t\t\t<\/a>\n\t\t\t\t\t\t\t<a class=\"e-gallery-item elementor-gallery-item elementor-animated-content\" href=\"https:\/\/www.freccianelcielo.com\/wp-content\/uploads\/2023\/06\/Punta-Anna-134.jpg\" data-elementor-open-lightbox=\"yes\" data-elementor-lightbox-slideshow=\"ff79b89\" data-elementor-lightbox-title=\"Punta-Anna-(134)\" data-e-action-hash=\"#elementor-action%3Aaction%3Dlightbox%26settings%3DeyJpZCI6NjU2NCwidXJsIjoiaHR0cHM6XC9cL3d3dy5mcmVjY2lhbmVsY2llbG8uY29tXC93cC1jb250ZW50XC91cGxvYWRzXC8yMDIzXC8wNlwvUHVudGEtQW5uYS0xMzQuanBnIiwic2xpZGVzaG93IjoiZmY3OWI4OSJ9\">\n\t\t\t\t\t<div class=\"e-gallery-image elementor-gallery-item__image\" data-thumbnail=\"https:\/\/www.freccianelcielo.com\/wp-content\/uploads\/2023\/06\/Punta-Anna-134.jpg\" data-width=\"1200\" data-height=\"795\" aria-label=\"\" role=\"img\" ><\/div>\n\t\t\t\t\t\t\t\t\t\t\t<div class=\"elementor-gallery-item__overlay\"><\/div>\n\t\t\t\t\t\t\t\t\t\t\t\t\t\t<\/a>\n\t\t\t\t\t\t\t<a class=\"e-gallery-item elementor-gallery-item elementor-animated-content\" href=\"https:\/\/www.freccianelcielo.com\/wp-content\/uploads\/2023\/06\/punta-anna-2015-foto-dino-colli-00043-scaled.jpg\" data-elementor-open-lightbox=\"yes\" data-elementor-lightbox-slideshow=\"ff79b89\" data-elementor-lightbox-title=\"punta anna 2015 foto dino colli 00043\" data-e-action-hash=\"#elementor-action%3Aaction%3Dlightbox%26settings%3DeyJpZCI6NjU2NywidXJsIjoiaHR0cHM6XC9cL3d3dy5mcmVjY2lhbmVsY2llbG8uY29tXC93cC1jb250ZW50XC91cGxvYWRzXC8yMDIzXC8wNlwvcHVudGEtYW5uYS0yMDE1LWZvdG8tZGluby1jb2xsaS0wMDA0My1zY2FsZWQuanBnIiwic2xpZGVzaG93IjoiZmY3OWI4OSJ9\">\n\t\t\t\t\t<div class=\"e-gallery-image elementor-gallery-item__image\" data-thumbnail=\"https:\/\/www.freccianelcielo.com\/wp-content\/uploads\/2023\/06\/punta-anna-2015-foto-dino-colli-00043-scaled.jpg\" data-width=\"2560\" data-height=\"1705\" aria-label=\"\" role=\"img\" ><\/div>\n\t\t\t\t\t\t\t\t\t\t\t<div class=\"elementor-gallery-item__overlay\"><\/div>\n\t\t\t\t\t\t\t\t\t\t\t\t\t\t<\/a>\n\t\t\t\t\t\t\t<a class=\"e-gallery-item elementor-gallery-item elementor-animated-content\" href=\"https:\/\/www.freccianelcielo.com\/wp-content\/uploads\/2023\/06\/Punta-Anna-2015_002.jpg\" data-elementor-open-lightbox=\"yes\" data-elementor-lightbox-slideshow=\"ff79b89\" data-elementor-lightbox-title=\"Punta Anna 2015_002\" data-e-action-hash=\"#elementor-action%3Aaction%3Dlightbox%26settings%3DeyJpZCI6NjU3MCwidXJsIjoiaHR0cHM6XC9cL3d3dy5mcmVjY2lhbmVsY2llbG8uY29tXC93cC1jb250ZW50XC91cGxvYWRzXC8yMDIzXC8wNlwvUHVudGEtQW5uYS0yMDE1XzAwMi5qcGciLCJzbGlkZXNob3ciOiJmZjc5Yjg5In0%3D\">\n\t\t\t\t\t<div class=\"e-gallery-image elementor-gallery-item__image\" data-thumbnail=\"https:\/\/www.freccianelcielo.com\/wp-content\/uploads\/2023\/06\/Punta-Anna-2015_002.jpg\" data-width=\"1204\" data-height=\"291\" aria-label=\"\" role=\"img\" ><\/div>\n\t\t\t\t\t\t\t\t\t\t\t<div class=\"elementor-gallery-item__overlay\"><\/div>\n\t\t\t\t\t\t\t\t\t\t\t\t\t\t<\/a>\n\t\t\t\t\t<\/div>\n\t\t\t\t\t<\/div>\n\t\t\t\t<\/div>\n\t\t\t\t\t<\/div>\n\t\t<\/div>\n\t\t\t\t\t<\/div>\n\t\t<\/section>\n\t\t\t\t<section class=\"elementor-section elementor-top-section elementor-element elementor-element-b9a37b7 elementor-section-boxed elementor-section-height-default elementor-section-height-default\" data-id=\"b9a37b7\" data-element_type=\"section\" data-e-type=\"section\" data-settings=\"{&quot;jet_parallax_layout_list&quot;:[]}\">\n\t\t\t\t\t\t<div class=\"elementor-container elementor-column-gap-default\">\n\t\t\t\t\t<div class=\"elementor-column elementor-col-100 elementor-top-column elementor-element elementor-element-382a2a9\" data-id=\"382a2a9\" data-element_type=\"column\" data-e-type=\"column\">\n\t\t\t<div class=\"elementor-widget-wrap elementor-element-populated\">\n\t\t\t\t\t\t<section class=\"elementor-section elementor-inner-section elementor-element elementor-element-bc76807 elementor-section-height-min-height animated-slow elementor-section-boxed elementor-section-height-default elementor-invisible\" data-id=\"bc76807\" data-element_type=\"section\" data-e-type=\"section\" data-settings=\"{&quot;jet_parallax_layout_list&quot;:[],&quot;background_background&quot;:&quot;classic&quot;,&quot;animation&quot;:&quot;fadeInUp&quot;}\">\n\t\t\t\t\t\t<div class=\"elementor-container elementor-column-gap-no\">\n\t\t\t\t\t<div class=\"elementor-column elementor-col-50 elementor-inner-column elementor-element elementor-element-3bab977\" data-id=\"3bab977\" data-element_type=\"column\" data-e-type=\"column\">\n\t\t\t<div class=\"elementor-widget-wrap\">\n\t\t\t\t\t\t\t<\/div>\n\t\t<\/div>\n\t\t\t\t<div class=\"elementor-column elementor-col-50 elementor-inner-column elementor-element elementor-element-699571d\" data-id=\"699571d\" data-element_type=\"column\" data-e-type=\"column\">\n\t\t\t<div class=\"elementor-widget-wrap elementor-element-populated\">\n\t\t\t\t\t\t<div class=\"elementor-element elementor-element-6402776 animated-slow elementor-invisible elementor-widget elementor-widget-heading\" data-id=\"6402776\" data-element_type=\"widget\" data-e-type=\"widget\" data-settings=\"{&quot;_animation&quot;:&quot;fadeInUp&quot;}\" data-widget_type=\"heading.default\">\n\t\t\t\t<div class=\"elementor-widget-container\">\n\t\t\t\t\t<h2 class=\"elementor-heading-title elementor-size-default\">OLIVIERI-WEG <\/h2>\t\t\t\t<\/div>\n\t\t\t\t<\/div>\n\t\t\t\t<div class=\"elementor-element elementor-element-dd417cf elementor-view-stacked elementor-shape-circle elementor-widget elementor-widget-icon\" data-id=\"dd417cf\" data-element_type=\"widget\" data-e-type=\"widget\" data-widget_type=\"icon.default\">\n\t\t\t\t<div class=\"elementor-widget-container\">\n\t\t\t\t\t\t\t<div class=\"elementor-icon-wrapper\">\n\t\t\t<div class=\"elementor-icon\">\n\t\t\t<i aria-hidden=\"true\" class=\"fas fa-clock\"><\/i>\t\t\t<\/div>\n\t\t<\/div>\n\t\t\t\t\t\t<\/div>\n\t\t\t\t<\/div>\n\t\t\t\t<div class=\"elementor-element elementor-element-dd5ab2c elementor-widget elementor-widget-text-editor\" data-id=\"dd5ab2c\" data-element_type=\"widget\" data-e-type=\"widget\" data-widget_type=\"text-editor.default\">\n\t\t\t\t<div class=\"elementor-widget-container\">\n\t\t\t\t\t\t\t\t\t<p><strong>Aufstieg<\/strong>: 2 Stunden, R\u00fcckkehr mit der Seilbahn<\/p>\n\t\t\t\t\t\t\t\t<\/div>\n\t\t\t\t<\/div>\n\t\t\t\t<div class=\"elementor-element elementor-element-9d37bcf elementor-view-stacked elementor-shape-circle elementor-widget elementor-widget-icon\" data-id=\"9d37bcf\" data-element_type=\"widget\" data-e-type=\"widget\" data-widget_type=\"icon.default\">\n\t\t\t\t<div class=\"elementor-widget-container\">\n\t\t\t\t\t\t\t<div class=\"elementor-icon-wrapper\">\n\t\t\t<div class=\"elementor-icon\">\n\t\t\t<i aria-hidden=\"true\" class=\"fas fa-clock\"><\/i>\t\t\t<\/div>\n\t\t<\/div>\n\t\t\t\t\t\t<\/div>\n\t\t\t\t<\/div>\n\t\t\t\t<div class=\"elementor-element elementor-element-dc28dcf elementor-widget elementor-widget-text-editor\" data-id=\"dc28dcf\" data-element_type=\"widget\" data-e-type=\"widget\" data-widget_type=\"text-editor.default\">\n\t\t\t\t<div class=\"elementor-widget-container\">\n\t\t\t\t\t\t\t\t\t<p><strong>Abstieg<\/strong>: 2 Stunden, R\u00fcckkehr mit dem Sessellift von Pomedes aus<\/p>\n\t\t\t\t\t\t\t\t<\/div>\n\t\t\t\t<\/div>\n\t\t\t\t<div class=\"elementor-element elementor-element-cd70d67 elementor-view-stacked elementor-shape-circle elementor-widget elementor-widget-icon\" data-id=\"cd70d67\" data-element_type=\"widget\" data-e-type=\"widget\" data-widget_type=\"icon.default\">\n\t\t\t\t<div class=\"elementor-widget-container\">\n\t\t\t\t\t\t\t<div class=\"elementor-icon-wrapper\">\n\t\t\t<div class=\"elementor-icon\">\n\t\t\t<i aria-hidden=\"true\" class=\"fas fa-hiking\"><\/i>\t\t\t<\/div>\n\t\t<\/div>\n\t\t\t\t\t\t<\/div>\n\t\t\t\t<\/div>\n\t\t\t\t<div class=\"elementor-element elementor-element-5cf9dde elementor-widget elementor-widget-text-editor\" data-id=\"5cf9dde\" data-element_type=\"widget\" data-e-type=\"widget\" data-widget_type=\"text-editor.default\">\n\t\t\t\t<div class=\"elementor-widget-container\">\n\t\t\t\t\t\t\t\t\t<p><strong>Schwierigkeitsgrad<\/strong>: leicht<\/p>\n\t\t\t\t\t\t\t\t<\/div>\n\t\t\t\t<\/div>\n\t\t\t\t<div class=\"elementor-element elementor-element-044212a elementor-widget elementor-widget-image\" data-id=\"044212a\" data-element_type=\"widget\" data-e-type=\"widget\" data-widget_type=\"image.default\">\n\t\t\t\t<div class=\"elementor-widget-container\">\n\t\t\t\t\t\t\t\t\t\t\t\t\t\t\t<img loading=\"lazy\" decoding=\"async\" width=\"1920\" height=\"1281\" src=\"https:\/\/www.freccianelcielo.com\/wp-content\/uploads\/2023\/03\/mulattiera-olivieri.webp\" class=\"attachment-full size-full wp-image-3408\" alt=\"\" srcset=\"https:\/\/www.freccianelcielo.com\/wp-content\/uploads\/2023\/03\/mulattiera-olivieri.webp 1920w, https:\/\/www.freccianelcielo.com\/wp-content\/uploads\/2023\/03\/mulattiera-olivieri-300x200.webp 300w, https:\/\/www.freccianelcielo.com\/wp-content\/uploads\/2023\/03\/mulattiera-olivieri-1024x683.webp 1024w, https:\/\/www.freccianelcielo.com\/wp-content\/uploads\/2023\/03\/mulattiera-olivieri-768x512.webp 768w, https:\/\/www.freccianelcielo.com\/wp-content\/uploads\/2023\/03\/mulattiera-olivieri-1536x1025.webp 1536w\" sizes=\"(max-width: 1920px) 100vw, 1920px\" \/>\t\t\t\t\t\t\t\t\t\t\t\t\t\t\t<\/div>\n\t\t\t\t<\/div>\n\t\t\t\t\t<\/div>\n\t\t<\/div>\n\t\t\t\t\t<\/div>\n\t\t<\/section>\n\t\t\t\t<section class=\"elementor-section elementor-inner-section elementor-element elementor-element-c924494 animated-slow elementor-section-boxed elementor-section-height-default elementor-section-height-default elementor-invisible\" data-id=\"c924494\" data-element_type=\"section\" data-e-type=\"section\" data-settings=\"{&quot;jet_parallax_layout_list&quot;:[],&quot;background_background&quot;:&quot;classic&quot;,&quot;animation&quot;:&quot;fadeInUp&quot;}\">\n\t\t\t\t\t\t<div class=\"elementor-container elementor-column-gap-no\">\n\t\t\t\t\t<div class=\"elementor-column elementor-col-25 elementor-inner-column elementor-element elementor-element-8e002c8\" data-id=\"8e002c8\" data-element_type=\"column\" data-e-type=\"column\" data-settings=\"{&quot;background_background&quot;:&quot;classic&quot;}\">\n\t\t\t<div class=\"elementor-widget-wrap\">\n\t\t\t\t\t\t\t<\/div>\n\t\t<\/div>\n\t\t\t\t<div class=\"elementor-column elementor-col-25 elementor-inner-column elementor-element elementor-element-bd0e6d9 elementor-hidden-mobile\" data-id=\"bd0e6d9\" data-element_type=\"column\" data-e-type=\"column\">\n\t\t\t<div class=\"elementor-widget-wrap\">\n\t\t\t\t\t\t\t<\/div>\n\t\t<\/div>\n\t\t\t\t<div class=\"elementor-column elementor-col-25 elementor-inner-column elementor-element elementor-element-8349418 elementor-hidden-mobile\" data-id=\"8349418\" data-element_type=\"column\" data-e-type=\"column\">\n\t\t\t<div class=\"elementor-widget-wrap\">\n\t\t\t\t\t\t\t<\/div>\n\t\t<\/div>\n\t\t\t\t<div class=\"elementor-column elementor-col-25 elementor-inner-column elementor-element elementor-element-dea229c\" data-id=\"dea229c\" data-element_type=\"column\" data-e-type=\"column\" data-settings=\"{&quot;background_background&quot;:&quot;classic&quot;}\">\n\t\t\t<div class=\"elementor-widget-wrap elementor-element-populated\">\n\t\t\t\t\t\t<div class=\"elementor-element elementor-element-8e2b0e7 elementor-widget elementor-widget-text-editor\" data-id=\"8e2b0e7\" data-element_type=\"widget\" data-e-type=\"widget\" data-widget_type=\"text-editor.default\">\n\t\t\t\t<div class=\"elementor-widget-container\">\n\t\t\t\t\t\t\t\t\t<p>Dieser leichte Klettersteig gibt Ihnen die M\u00f6glichkeit von Pomedes bis Ra Valles zu steigen. Dank zu seiner Position, er wird Ihnen einzigartigen Panoramas schenken. Er kann in beiden Richtungen durchgef\u00fchrt sein!<\/p>\n<p><strong>H\u00f6henunterschied im Aufstieg<\/strong>: ca. 280 m<\/p>\n<p><strong>Zugangszeit zum Weg Klettersteig<\/strong>: 20-30 Min.<\/p>\n<p><strong>Zeit f\u00fcr den Klettersteig<\/strong>: ca. 1:15 Std.<\/p>\n<p><strong>Zeit f\u00fcr den Abstieg<\/strong>: 15-20 min. (ca. 110 m bergab) bis zur Seilbahnstation von Ra Valles.<\/p>\n<p><strong>S\u00fcdliche Piste <\/strong><\/p>\n<p><strong>Lifte<\/strong>: ja<\/p>\n\t\t\t\t\t\t\t\t<\/div>\n\t\t\t\t<\/div>\n\t\t\t\t\t<\/div>\n\t\t<\/div>\n\t\t\t\t\t<\/div>\n\t\t<\/section>\n\t\t\t\t\t<\/div>\n\t\t<\/div>\n\t\t\t\t\t<\/div>\n\t\t<\/section>\n\t\t\t\t<section class=\"elementor-section elementor-top-section elementor-element elementor-element-40b53e7 elementor-section-boxed elementor-section-height-default elementor-section-height-default\" data-id=\"40b53e7\" data-element_type=\"section\" data-e-type=\"section\" data-settings=\"{&quot;jet_parallax_layout_list&quot;:[]}\">\n\t\t\t\t\t\t<div class=\"elementor-container elementor-column-gap-default\">\n\t\t\t\t\t<div class=\"elementor-column elementor-col-100 elementor-top-column elementor-element elementor-element-b228c15 animated-slow elementor-invisible\" data-id=\"b228c15\" data-element_type=\"column\" data-e-type=\"column\" data-settings=\"{&quot;animation&quot;:&quot;fadeInUp&quot;}\">\n\t\t\t<div class=\"elementor-widget-wrap elementor-element-populated\">\n\t\t\t\t\t\t<div class=\"elementor-element elementor-element-d3aabe4 elementor-widget elementor-widget-text-editor\" data-id=\"d3aabe4\" data-element_type=\"widget\" data-e-type=\"widget\" data-widget_type=\"text-editor.default\">\n\t\t\t\t<div class=\"elementor-widget-container\">\n\t\t\t\t\t\t\t\t\t<p><strong>Verpflichtung zur Verwendung von Klettersteigausr\u00fcstung und h\u00f6hengerechter Kleidung.<\/strong><\/p>\n<p>Es wird dringend empfohlen, sich von einem Bergf\u00fchrer begleiten zu lassen: <a style=\"color: #000; font-weight: 600;\" href=\"https:\/\/www.guidecortina.com\/\" target=\"_blank\" rel=\"noopener\">www.guidecortina.com <\/a><\/p>\n<p>\u00dcberpr\u00fcfen Sie das Wetter und die Schneelage mit unserer Webcam.<\/p>\n\t\t\t\t\t\t\t\t<\/div>\n\t\t\t\t<\/div>\n\t\t\t\t\t<\/div>\n\t\t<\/div>\n\t\t\t\t\t<\/div>\n\t\t<\/section>\n\t\t\t\t<section class=\"elementor-section elementor-top-section elementor-element elementor-element-3e56e39 animated-slow elementor-section-boxed elementor-section-height-default elementor-section-height-default elementor-invisible\" data-id=\"3e56e39\" data-element_type=\"section\" data-e-type=\"section\" data-settings=\"{&quot;jet_parallax_layout_list&quot;:[],&quot;animation&quot;:&quot;fadeInUp&quot;}\">\n\t\t\t\t\t\t<div class=\"elementor-container elementor-column-gap-default\">\n\t\t\t\t\t<div class=\"elementor-column elementor-col-50 elementor-top-column elementor-element elementor-element-3294501\" data-id=\"3294501\" data-element_type=\"column\" data-e-type=\"column\">\n\t\t\t<div class=\"elementor-widget-wrap elementor-element-populated\">\n\t\t\t\t\t\t<div class=\"elementor-element elementor-element-a3c0495 elementor-widget elementor-widget-jet-button\" data-id=\"a3c0495\" data-element_type=\"widget\" data-e-type=\"widget\" data-widget_type=\"jet-button.default\">\n\t\t\t\t<div class=\"elementor-widget-container\">\n\t\t\t\t\t<div class=\"elementor-jet-button jet-elements\"><div class=\"jet-button__container\">\n\t<a class=\"jet-button__instance jet-button__instance--icon-left hover-effect-10\" href=\"https:\/\/webtv.feratel.com\/webtv\/?design=v3cam=6290%20\" target=\"_blank\" rel=\"nofollow\">\n\t\t<div class=\"jet-button__plane jet-button__plane-normal\"><\/div>\n\t\t<div class=\"jet-button__plane jet-button__plane-hover\"><\/div>\n\t\t<div class=\"jet-button__state jet-button__state-normal\">\n\t\t\t<span class=\"jet-button__label\">WEBCAM RA VALLES<\/span>\t\t<\/div>\n\t\t<div class=\"jet-button__state jet-button__state-hover\">\n\t\t\t<span class=\"jet-button__label\">siehe jetzt<\/span>\t\t<\/div>\n\t<\/a>\n<\/div>\n<\/div>\t\t\t\t<\/div>\n\t\t\t\t<\/div>\n\t\t\t\t\t<\/div>\n\t\t<\/div>\n\t\t\t\t<div class=\"elementor-column elementor-col-50 elementor-top-column elementor-element elementor-element-d9e9a69\" data-id=\"d9e9a69\" data-element_type=\"column\" data-e-type=\"column\">\n\t\t\t<div class=\"elementor-widget-wrap elementor-element-populated\">\n\t\t\t\t\t\t<div class=\"elementor-element elementor-element-2f1616a elementor-widget elementor-widget-jet-button\" data-id=\"2f1616a\" data-element_type=\"widget\" data-e-type=\"widget\" data-widget_type=\"jet-button.default\">\n\t\t\t\t<div class=\"elementor-widget-container\">\n\t\t\t\t\t<div class=\"elementor-jet-button jet-elements\"><div class=\"jet-button__container\">\n\t<a class=\"jet-button__instance jet-button__instance--icon-left hover-effect-11\" href=\"https:\/\/webtv.feratel.com\/webtv\/?cam=6290t=3design=v3c0=0c2=1lg=its=0%20\" target=\"_blank\" rel=\"nofollow\">\n\t\t<div class=\"jet-button__plane jet-button__plane-normal\"><\/div>\n\t\t<div class=\"jet-button__plane jet-button__plane-hover\"><\/div>\n\t\t<div class=\"jet-button__state jet-button__state-normal\">\n\t\t\t<span class=\"jet-button__label\">WEBCAM CORTINA D'AMPEZZO<\/span>\t\t<\/div>\n\t\t<div class=\"jet-button__state jet-button__state-hover\">\n\t\t\t<span class=\"jet-button__label\">siehe jetzt<\/span>\t\t<\/div>\n\t<\/a>\n<\/div>\n<\/div>\t\t\t\t<\/div>\n\t\t\t\t<\/div>\n\t\t\t\t\t<\/div>\n\t\t<\/div>\n\t\t\t\t\t<\/div>\n\t\t<\/section>\n\t\t\t\t<\/div>\n\t\t","protected":false},"excerpt":{"rendered":"<p>F\u00dcR DIEJENIGEN, DIE ADRENALIN BRAUCHEN Die Pisten von Col Drusci\u00e9 und Ra Valles sind Teil des Dolomiti Superski, der die Skigebiete Venetien und S\u00fcdtirol verbindet.Unsere Anlagen, ausgehend vom Stadtzentrum, erm\u00f6glichen es Ihnen, an nur einem Tag verschiedene Skigebiete auf Skiern zu erreichen, egal ob Sie die 120 Pistenkilometer von Cortina erkunden oder dank des brandneuen [&hellip;]<\/p>\n","protected":false},"author":1,"featured_media":0,"parent":3795,"menu_order":0,"comment_status":"closed","ping_status":"closed","template":"","meta":{"inline_featured_image":false,"_monsterinsights_skip_tracking":false,"_monsterinsights_sitenote_active":false,"_monsterinsights_sitenote_note":"","_monsterinsights_sitenote_category":0,"site-sidebar-layout":"no-sidebar","site-content-layout":"page-builder","ast-site-content-layout":"default","site-content-style":"default","site-sidebar-style":"default","ast-global-header-display":"","ast-banner-title-visibility":"","ast-main-header-display":"","ast-hfb-above-header-display":"","ast-hfb-below-header-display":"","ast-hfb-mobile-header-display":"","site-post-title":"disabled","ast-breadcrumbs-content":"","ast-featured-img":"disabled","footer-sml-layout":"","ast-disable-related-posts":"","theme-transparent-header-meta":"","adv-header-id-meta":"","stick-header-meta":"","header-above-stick-meta":"","header-main-stick-meta":"","header-below-stick-meta":"","astra-migrate-meta-layouts":"default","ast-page-background-enabled":"default","ast-page-background-meta":{"desktop":{"background-color":"var(--ast-global-color-4)","background-image":"","background-repeat":"repeat","background-position":"center center","background-size":"auto","background-attachment":"scroll","background-type":"","background-media":"","overlay-type":"","overlay-color":"","overlay-opacity":"","overlay-gradient":""},"tablet":{"background-color":"","background-image":"","background-repeat":"repeat","background-position":"center center","background-size":"auto","background-attachment":"scroll","background-type":"","background-media":"","overlay-type":"","overlay-color":"","overlay-opacity":"","overlay-gradient":""},"mobile":{"background-color":"","background-image":"","background-repeat":"repeat","background-position":"center center","background-size":"auto","background-attachment":"scroll","background-type":"","background-media":"","overlay-type":"","overlay-color":"","overlay-opacity":"","overlay-gradient":""}},"ast-content-background-meta":{"desktop":{"background-color":"var(--ast-global-color-5)","background-image":"","background-repeat":"repeat","background-position":"center center","background-size":"auto","background-attachment":"scroll","background-type":"","background-media":"","overlay-type":"","overlay-color":"","overlay-opacity":"","overlay-gradient":""},"tablet":{"background-color":"var(--ast-global-color-5)","background-image":"","background-repeat":"repeat","background-position":"center center","background-size":"auto","background-attachment":"scroll","background-type":"","background-media":"","overlay-type":"","overlay-color":"","overlay-opacity":"","overlay-gradient":""},"mobile":{"background-color":"var(--ast-global-color-5)","background-image":"","background-repeat":"repeat","background-position":"center center","background-size":"auto","background-attachment":"scroll","background-type":"","background-media":"","overlay-type":"","overlay-color":"","overlay-opacity":"","overlay-gradient":""}},"footnotes":""},"class_list":["post-4668","page","type-page","status-publish","hentry"],"yoast_head":"<!-- This site is optimized with the Yoast SEO plugin v27.4 - https:\/\/yoast.com\/product\/yoast-seo-wordpress\/ -->\n<title>KLETTERSTEIGE - Tofana Cortina | Freccia nel Cielo<\/title>\n<meta name=\"robots\" content=\"index, follow, max-snippet:-1, max-image-preview:large, max-video-preview:-1\" \/>\n<link rel=\"canonical\" href=\"https:\/\/www.freccianelcielo.com\/de\/sommererlebnisse\/klettersteige\/\" \/>\n<meta property=\"og:locale\" content=\"de_DE\" \/>\n<meta property=\"og:type\" content=\"article\" \/>\n<meta property=\"og:title\" content=\"KLETTERSTEIGE - Tofana Cortina | Freccia nel Cielo\" \/>\n<meta property=\"og:description\" content=\"F\u00dcR DIEJENIGEN, DIE ADRENALIN BRAUCHEN Die Pisten von Col Drusci\u00e9 und Ra Valles sind Teil des Dolomiti Superski, der die Skigebiete Venetien und S\u00fcdtirol verbindet.Unsere Anlagen, ausgehend vom Stadtzentrum, erm\u00f6glichen es Ihnen, an nur einem Tag verschiedene Skigebiete auf Skiern zu erreichen, egal ob Sie die 120 Pistenkilometer von Cortina erkunden oder dank des brandneuen [&hellip;]\" \/>\n<meta property=\"og:url\" content=\"https:\/\/www.freccianelcielo.com\/de\/sommererlebnisse\/klettersteige\/\" \/>\n<meta property=\"og:site_name\" content=\"Tofana Cortina\" \/>\n<meta property=\"article:publisher\" content=\"https:\/\/www.facebook.com\/funiviafreccia.cielo\" \/>\n<meta property=\"article:modified_time\" content=\"2024-08-21T08:20:35+00:00\" \/>\n<meta property=\"og:image\" content=\"https:\/\/www.freccianelcielo.com\/wp-content\/uploads\/2023\/07\/Ferrata-Tofana-di-Mezzo_Cortina-29-scaled.jpg\" \/>\n<meta name=\"twitter:card\" content=\"summary_large_image\" \/>\n<meta name=\"twitter:label1\" content=\"Gesch\u00e4tzte Lesezeit\" \/>\n\t<meta name=\"twitter:data1\" content=\"4\u00a0Minuten\" \/>\n<script type=\"application\/ld+json\" class=\"yoast-schema-graph\">{\"@context\":\"https:\\\/\\\/schema.org\",\"@graph\":[{\"@type\":\"WebPage\",\"@id\":\"https:\\\/\\\/www.freccianelcielo.com\\\/de\\\/sommererlebnisse\\\/klettersteige\\\/\",\"url\":\"https:\\\/\\\/www.freccianelcielo.com\\\/de\\\/sommererlebnisse\\\/klettersteige\\\/\",\"name\":\"KLETTERSTEIGE - Tofana Cortina | Freccia nel Cielo\",\"isPartOf\":{\"@id\":\"https:\\\/\\\/www.freccianelcielo.com\\\/#website\"},\"primaryImageOfPage\":{\"@id\":\"https:\\\/\\\/www.freccianelcielo.com\\\/de\\\/sommererlebnisse\\\/klettersteige\\\/#primaryimage\"},\"image\":{\"@id\":\"https:\\\/\\\/www.freccianelcielo.com\\\/de\\\/sommererlebnisse\\\/klettersteige\\\/#primaryimage\"},\"thumbnailUrl\":\"https:\\\/\\\/www.freccianelcielo.com\\\/wp-content\\\/uploads\\\/2023\\\/07\\\/Ferrata-Tofana-di-Mezzo_Cortina-29-scaled.jpg\",\"datePublished\":\"2023-02-06T17:24:52+00:00\",\"dateModified\":\"2024-08-21T08:20:35+00:00\",\"breadcrumb\":{\"@id\":\"https:\\\/\\\/www.freccianelcielo.com\\\/de\\\/sommererlebnisse\\\/klettersteige\\\/#breadcrumb\"},\"inLanguage\":\"de\",\"potentialAction\":[{\"@type\":\"ReadAction\",\"target\":[\"https:\\\/\\\/www.freccianelcielo.com\\\/de\\\/sommererlebnisse\\\/klettersteige\\\/\"]}]},{\"@type\":\"ImageObject\",\"inLanguage\":\"de\",\"@id\":\"https:\\\/\\\/www.freccianelcielo.com\\\/de\\\/sommererlebnisse\\\/klettersteige\\\/#primaryimage\",\"url\":\"https:\\\/\\\/www.freccianelcielo.com\\\/wp-content\\\/uploads\\\/2023\\\/07\\\/Ferrata-Tofana-di-Mezzo_Cortina-29-scaled.jpg\",\"contentUrl\":\"https:\\\/\\\/www.freccianelcielo.com\\\/wp-content\\\/uploads\\\/2023\\\/07\\\/Ferrata-Tofana-di-Mezzo_Cortina-29-scaled.jpg\"},{\"@type\":\"BreadcrumbList\",\"@id\":\"https:\\\/\\\/www.freccianelcielo.com\\\/de\\\/sommererlebnisse\\\/klettersteige\\\/#breadcrumb\",\"itemListElement\":[{\"@type\":\"ListItem\",\"position\":1,\"name\":\"Home\",\"item\":\"https:\\\/\\\/www.freccianelcielo.com\\\/de\\\/home\\\/\"},{\"@type\":\"ListItem\",\"position\":2,\"name\":\"SOMMERERLEBNISSE\",\"item\":\"https:\\\/\\\/www.freccianelcielo.com\\\/de\\\/sommererlebnisse\\\/\"},{\"@type\":\"ListItem\",\"position\":3,\"name\":\"KLETTERSTEIGE\"}]},{\"@type\":\"WebSite\",\"@id\":\"https:\\\/\\\/www.freccianelcielo.com\\\/#website\",\"url\":\"https:\\\/\\\/www.freccianelcielo.com\\\/\",\"name\":\"Tofana Cortina\",\"description\":\"Freccia nel Cielo\",\"publisher\":{\"@id\":\"https:\\\/\\\/www.freccianelcielo.com\\\/#organization\"},\"potentialAction\":[{\"@type\":\"SearchAction\",\"target\":{\"@type\":\"EntryPoint\",\"urlTemplate\":\"https:\\\/\\\/www.freccianelcielo.com\\\/?s={search_term_string}\"},\"query-input\":{\"@type\":\"PropertyValueSpecification\",\"valueRequired\":true,\"valueName\":\"search_term_string\"}}],\"inLanguage\":\"de\"},{\"@type\":\"Organization\",\"@id\":\"https:\\\/\\\/www.freccianelcielo.com\\\/#organization\",\"name\":\"Tofana Cortina\",\"url\":\"https:\\\/\\\/www.freccianelcielo.com\\\/\",\"logo\":{\"@type\":\"ImageObject\",\"inLanguage\":\"de\",\"@id\":\"https:\\\/\\\/www.freccianelcielo.com\\\/#\\\/schema\\\/logo\\\/image\\\/\",\"url\":\"https:\\\/\\\/www.freccianelcielo.com\\\/wp-content\\\/uploads\\\/2022\\\/10\\\/tofana-logo.svg\",\"contentUrl\":\"https:\\\/\\\/www.freccianelcielo.com\\\/wp-content\\\/uploads\\\/2022\\\/10\\\/tofana-logo.svg\",\"width\":208,\"height\":247,\"caption\":\"Tofana Cortina\"},\"image\":{\"@id\":\"https:\\\/\\\/www.freccianelcielo.com\\\/#\\\/schema\\\/logo\\\/image\\\/\"},\"sameAs\":[\"https:\\\/\\\/www.facebook.com\\\/funiviafreccia.cielo\",\"https:\\\/\\\/www.instagram.com\\\/tofanacortina\\\/\",\"https:\\\/\\\/it.linkedin.com\\\/company\\\/tofana-freccia-nel-cielo\",\"https:\\\/\\\/www.youtube.com\\\/channel\\\/UCL8BgwFTeNhUIWEP-cE81aA\",\"https:\\\/\\\/www.tripadvisor.it\\\/Attraction_Review-g194745-d7677791-Reviews-Tofana-Cortina_d_Ampezzo_Province_of_Belluno_Veneto.html\"]}]}<\/script>\n<!-- \/ Yoast SEO plugin. -->","yoast_head_json":{"title":"KLETTERSTEIGE - Tofana Cortina | Freccia nel Cielo","robots":{"index":"index","follow":"follow","max-snippet":"max-snippet:-1","max-image-preview":"max-image-preview:large","max-video-preview":"max-video-preview:-1"},"canonical":"https:\/\/www.freccianelcielo.com\/de\/sommererlebnisse\/klettersteige\/","og_locale":"de_DE","og_type":"article","og_title":"KLETTERSTEIGE - Tofana Cortina | Freccia nel Cielo","og_description":"F\u00dcR DIEJENIGEN, DIE ADRENALIN BRAUCHEN Die Pisten von Col Drusci\u00e9 und Ra Valles sind Teil des Dolomiti Superski, der die Skigebiete Venetien und S\u00fcdtirol verbindet.Unsere Anlagen, ausgehend vom Stadtzentrum, erm\u00f6glichen es Ihnen, an nur einem Tag verschiedene Skigebiete auf Skiern zu erreichen, egal ob Sie die 120 Pistenkilometer von Cortina erkunden oder dank des brandneuen [&hellip;]","og_url":"https:\/\/www.freccianelcielo.com\/de\/sommererlebnisse\/klettersteige\/","og_site_name":"Tofana Cortina","article_publisher":"https:\/\/www.facebook.com\/funiviafreccia.cielo","article_modified_time":"2024-08-21T08:20:35+00:00","og_image":[{"url":"https:\/\/www.freccianelcielo.com\/wp-content\/uploads\/2023\/07\/Ferrata-Tofana-di-Mezzo_Cortina-29-scaled.jpg","type":"","width":"","height":""}],"twitter_card":"summary_large_image","twitter_misc":{"Gesch\u00e4tzte Lesezeit":"4\u00a0Minuten"},"schema":{"@context":"https:\/\/schema.org","@graph":[{"@type":"WebPage","@id":"https:\/\/www.freccianelcielo.com\/de\/sommererlebnisse\/klettersteige\/","url":"https:\/\/www.freccianelcielo.com\/de\/sommererlebnisse\/klettersteige\/","name":"KLETTERSTEIGE - Tofana Cortina | Freccia nel Cielo","isPartOf":{"@id":"https:\/\/www.freccianelcielo.com\/#website"},"primaryImageOfPage":{"@id":"https:\/\/www.freccianelcielo.com\/de\/sommererlebnisse\/klettersteige\/#primaryimage"},"image":{"@id":"https:\/\/www.freccianelcielo.com\/de\/sommererlebnisse\/klettersteige\/#primaryimage"},"thumbnailUrl":"https:\/\/www.freccianelcielo.com\/wp-content\/uploads\/2023\/07\/Ferrata-Tofana-di-Mezzo_Cortina-29-scaled.jpg","datePublished":"2023-02-06T17:24:52+00:00","dateModified":"2024-08-21T08:20:35+00:00","breadcrumb":{"@id":"https:\/\/www.freccianelcielo.com\/de\/sommererlebnisse\/klettersteige\/#breadcrumb"},"inLanguage":"de","potentialAction":[{"@type":"ReadAction","target":["https:\/\/www.freccianelcielo.com\/de\/sommererlebnisse\/klettersteige\/"]}]},{"@type":"ImageObject","inLanguage":"de","@id":"https:\/\/www.freccianelcielo.com\/de\/sommererlebnisse\/klettersteige\/#primaryimage","url":"https:\/\/www.freccianelcielo.com\/wp-content\/uploads\/2023\/07\/Ferrata-Tofana-di-Mezzo_Cortina-29-scaled.jpg","contentUrl":"https:\/\/www.freccianelcielo.com\/wp-content\/uploads\/2023\/07\/Ferrata-Tofana-di-Mezzo_Cortina-29-scaled.jpg"},{"@type":"BreadcrumbList","@id":"https:\/\/www.freccianelcielo.com\/de\/sommererlebnisse\/klettersteige\/#breadcrumb","itemListElement":[{"@type":"ListItem","position":1,"name":"Home","item":"https:\/\/www.freccianelcielo.com\/de\/home\/"},{"@type":"ListItem","position":2,"name":"SOMMERERLEBNISSE","item":"https:\/\/www.freccianelcielo.com\/de\/sommererlebnisse\/"},{"@type":"ListItem","position":3,"name":"KLETTERSTEIGE"}]},{"@type":"WebSite","@id":"https:\/\/www.freccianelcielo.com\/#website","url":"https:\/\/www.freccianelcielo.com\/","name":"Tofana Cortina","description":"Freccia nel Cielo","publisher":{"@id":"https:\/\/www.freccianelcielo.com\/#organization"},"potentialAction":[{"@type":"SearchAction","target":{"@type":"EntryPoint","urlTemplate":"https:\/\/www.freccianelcielo.com\/?s={search_term_string}"},"query-input":{"@type":"PropertyValueSpecification","valueRequired":true,"valueName":"search_term_string"}}],"inLanguage":"de"},{"@type":"Organization","@id":"https:\/\/www.freccianelcielo.com\/#organization","name":"Tofana Cortina","url":"https:\/\/www.freccianelcielo.com\/","logo":{"@type":"ImageObject","inLanguage":"de","@id":"https:\/\/www.freccianelcielo.com\/#\/schema\/logo\/image\/","url":"https:\/\/www.freccianelcielo.com\/wp-content\/uploads\/2022\/10\/tofana-logo.svg","contentUrl":"https:\/\/www.freccianelcielo.com\/wp-content\/uploads\/2022\/10\/tofana-logo.svg","width":208,"height":247,"caption":"Tofana Cortina"},"image":{"@id":"https:\/\/www.freccianelcielo.com\/#\/schema\/logo\/image\/"},"sameAs":["https:\/\/www.facebook.com\/funiviafreccia.cielo","https:\/\/www.instagram.com\/tofanacortina\/","https:\/\/it.linkedin.com\/company\/tofana-freccia-nel-cielo","https:\/\/www.youtube.com\/channel\/UCL8BgwFTeNhUIWEP-cE81aA","https:\/\/www.tripadvisor.it\/Attraction_Review-g194745-d7677791-Reviews-Tofana-Cortina_d_Ampezzo_Province_of_Belluno_Veneto.html"]}]}},"_links":{"self":[{"href":"https:\/\/www.freccianelcielo.com\/de\/wp-json\/wp\/v2\/pages\/4668","targetHints":{"allow":["GET"]}}],"collection":[{"href":"https:\/\/www.freccianelcielo.com\/de\/wp-json\/wp\/v2\/pages"}],"about":[{"href":"https:\/\/www.freccianelcielo.com\/de\/wp-json\/wp\/v2\/types\/page"}],"author":[{"embeddable":true,"href":"https:\/\/www.freccianelcielo.com\/de\/wp-json\/wp\/v2\/users\/1"}],"replies":[{"embeddable":true,"href":"https:\/\/www.freccianelcielo.com\/de\/wp-json\/wp\/v2\/comments?post=4668"}],"version-history":[{"count":37,"href":"https:\/\/www.freccianelcielo.com\/de\/wp-json\/wp\/v2\/pages\/4668\/revisions"}],"predecessor-version":[{"id":12432,"href":"https:\/\/www.freccianelcielo.com\/de\/wp-json\/wp\/v2\/pages\/4668\/revisions\/12432"}],"up":[{"embeddable":true,"href":"https:\/\/www.freccianelcielo.com\/de\/wp-json\/wp\/v2\/pages\/3795"}],"wp:attachment":[{"href":"https:\/\/www.freccianelcielo.com\/de\/wp-json\/wp\/v2\/media?parent=4668"}],"curies":[{"name":"wp","href":"https:\/\/api.w.org\/{rel}","templated":true}]}}